{"id":2866,"date":"2026-05-20T09:59:23","date_gmt":"2026-05-20T08:59:23","guid":{"rendered":"https:\/\/www.castellodicaresto.it\/?page_id=2866"},"modified":"2026-06-10T17:03:31","modified_gmt":"2026-06-10T16:03:31","slug":"visita","status":"publish","type":"page","link":"https:\/\/www.castellodicaresto.it\/en\/visita\/","title":{"rendered":"VISITA"},"content":{"rendered":"<div class=\"brz brz-root__container brz-reset-all brz-root__container-page\">\n<section id=\"c7DPpvZ_ssim_c7DPpvZ_ssim\" class=\"brz-section brz-css-d-section brz-css-1kblune\">\n<div class=\"brz-section__content brz-section--boxed brz-css-d-sectionitem-bg brz-css-b71e86\" data-brz-custom-id=\"owVCRRF4cRfY\">\n<div class=\"brz-bg\">\n<div class=\"brz-bg-image\"><\/div>\n<div class=\"brz-bg-color\"><\/div>\n<\/div>\n<div class=\"brz-container brz-css-d-sectionitem-container brz-css-uk8586\">\n<div id=\"\" class=\"brz-css-d-wrapper brz-css-1lmy2x7 brz-wrapper brz-animated brz-css-d-wrapper-animation-fadeindown-900-0-false brz-css-y8ciz1\" data-brz-iteration-count=\"1\" data-animationid=\"qhb0YuW2n4wc\">\n<div class=\"brz-rich-text brz-rich-text__custom brz-css-d-richtext brz-css-18gzlrs\" data-brz-custom-id=\"w8DK_ubzxieT\">\n<div data-brz-translate-text=\"1\">\n<h1 class=\"brz-text-lg-center brz-tp-lg-heading1 brz-css-ejoqb\" data-uniq-id=\"jDbEy\" data-generated-css=\"brz-css-y5JlF\"><span style=\"color: #ffffff\">GUIDED TOUR<\/span><\/h1>\n<\/div>\n<\/div>\n<\/div>\n<div id=\"\" class=\"brz-css-d-wrapper brz-css-zwofox brz-wrapper brz-animated brz-css-d-wrapper-animation-fadeinup-900-0-false brz-css-1rfduxz\" data-brz-iteration-count=\"1\" data-animationid=\"zJBmdyFyqHZg\">\n<div class=\"brz-rich-text brz-rich-text__custom brz-css-d-richtext brz-css-v7jtnf\" data-brz-custom-id=\"yNerqNdSLXuh\">\n<div data-brz-translate-text=\"1\">\n<p class=\"brz-fs-xs-16 brz-tp-xs-empty brz-fsft-xs-0 brz-fwdth-xs-100 brz-vfw-xs-400 brz-lh-xs-1_5 brz-ls-xs-4 brz-fw-xs-400 brz-fss-xs-px brz-fsft-sm-0 brz-fwdth-sm-100 brz-vfw-sm-400 brz-lh-sm-1_5 brz-ls-sm-4 brz-fw-sm-400 brz-fss-sm-px brz-fs-sm-20 brz-tp-sm-empty brz-text-xs-center brz-text-lg-center brz-tp-lg-empty brz-ff-prata brz-ft-google brz-fs-lg-25 brz-fss-lg-px brz-fw-lg-400 brz-ls-lg-4 brz-lh-lg-1_5 brz-vfw-lg-400 brz-fwdth-lg-100 brz-fsft-lg-0 brz-css-acQ2y\" data-uniq-id=\"x00Ty\" data-generated-css=\"brz-css-os1m_\"><strong class=\"brz-cp-color8 brz-bold-true\">A visit to the Caresto site<\/strong><\/p>\n<\/div>\n<\/div>\n<\/div>\n<\/div>\n<\/div>\n<\/section>\n<section id=\"n58Q_brpYc05_n58Q_brpYc05\" class=\"brz-section brz-css-d-section brz-css-1akrjt8\">\n<div class=\"brz-section__content brz-section--boxed brz-css-d-sectionitem-bg brz-css-1625rq9\" data-brz-custom-id=\"eXOd13_cccuf\">\n<div class=\"brz-bg\">\n<div class=\"brz-bg-color\"><\/div>\n<\/div>\n<div class=\"brz-container brz-css-d-sectionitem-container brz-css-19gr12m\">\n<div id=\"\" class=\"brz-css-d-wrapper brz-css-htu6ic brz-wrapper\">\n<div class=\"brz-accordion brz-css-d-accordion brz-css-1n95xnl\" data-brz-duration=\"500\" data-brz-custom-id=\"gnc8bQsjaJpK\">\n<div class=\"brz-accordion__item\">\n<div class=\"brz-accordion__nav\" data-brz-collapsible=\"off\">\n<p class=\"brz-accordion__nav-title brz-p brz-text__editor\" data-brz-translate-text=\"1\">1 Benvenuti a CARESTO<\/p>\n<p>&nbsp;<\/p>\n<\/div>\n<div class=\"brz-accordion__content brz-d-xs-flex brz-flex-xs-column\">\n<div class=\"brz-accordion__item-content brz-d-xs-flex brz-flex-xs-column\">\n<div class=\"brz-row__container brz-css-d-row-row brz-css-1l8i5yf\" data-brz-custom-id=\"tSVtkCNRcGL6\">\n<div class=\"brz-bg\">\n<div class=\"brz-bg-color\"><\/div>\n<\/div>\n<div class=\"brz-row brz-css-d-row-container brz-css-8e78o1\">\n<div class=\"brz-columns brz-css-d-column-column brz-css-pcw37z\" data-brz-custom-id=\"qPDlIAGB_JTi\">\n<div class=\"brz-column__items brz-css-d-column-bg brz-css-1ph91eo\">\n<div id=\"\" class=\"brz-css-d-wrapper brz-css-1iu6eon brz-wrapper\">\n<div class=\"brz-image brz-image__lightbox brz-css-d-image-rimumubjcjes-parent brz-css-sm95f4\" data-brz-custom-id=\"rImUMUBJcJEs\"><a class=\"brz-a\" href=\"https:\/\/www.castellodicaresto.it\/wp-content\/uploads\/2026\/05\/Totale-Castello-Caresto.jpg\" target=\"_self\" rel=\"noopener\" data-brz-link-type=\"lightBox\"><img decoding=\"async\" class=\"brz-img\" title=\"Totale Castello Caresto\" src=\"https:\/\/www.castellodicaresto.it\/wp-content\/uploads\/2026\/05\/Totale-Castello-Caresto.jpg\" alt=\"Totale Castello Caresto\" \/><\/a><\/div>\n<\/div>\n<\/div>\n<\/div>\n<div class=\"brz-columns brz-css-d-column-column brz-css-11ceiq5\" data-brz-custom-id=\"ra576vIc63t2\">\n<div class=\"brz-column__items brz-css-d-column-bg brz-css-1kcw0j4\">\n<div id=\"\" class=\"brz-css-d-wrapper brz-css-op09fn brz-wrapper\">\n<div class=\"brz-rich-text brz-rich-text__custom brz-css-d-richtext brz-css-1wjbr58\" data-brz-custom-id=\"dDscvPXySzqk\">\n<div data-brz-translate-text=\"1\">\n<p class=\"brz-tp-lg-paragraph brz-css-iQsao\" data-uniq-id=\"fHC8i\" data-generated-css=\"brz-css-tb_ZY\"><span style=\"color: #000000\">Il Castello di Caresto si trova nel cuore dell\u2019Umbria, in posizione strategica tra le citt\u00e0 e le diocesi di Assisi, Gubbio e Perugia; situato a 684 metri sul livello del mare, sovrasta l&#8217;alta valle del fiume Chiascio, un affluente del Tevere. Legata ai vicini castelli di Biscina, Coccorano e Giomici, rappresenta da secoli l&#8217;avamposto meridionale pi\u00f9 avanzato del territorio eugubino, segnando il confine con l&#8217;area perugino-assisana.<\/span><\/p>\n<\/div>\n<\/div>\n<\/div>\n<div id=\"\" class=\"brz-css-d-wrapper brz-css-1h9rwcc brz-wrapper\">\n<div class=\"brz-rich-text brz-rich-text__custom brz-css-d-richtext brz-css-d2o5bt\" data-brz-custom-id=\"rpF9oGEuH31j\">\n<div data-brz-translate-text=\"1\">\n<p class=\"brz-tp-lg-paragraph brz-css-mRq_t\" data-uniq-id=\"uz5Iw\" data-generated-css=\"brz-css-uULKQ\"><span style=\"color: #000000\">La prima menzione di questa localit\u00e0 risale al 1217; tuttavia, a causa dei feroci conflitti per il controllo politico e militare della regione, l\u2019insediamento \u00e8 stato demolito e ricostruito pi\u00f9 volte, fino a raggiungere l\u2019attuale fisionomia nel primo quarto del XV secolo ma, a causa della progressiva marginalit\u00e0, il sito ha perduto la sua funzione abitativa e produttiva entro l&#8217;inizio degli anni Sessanta del XX secolo<\/span><\/p>\n<\/div>\n<\/div>\n<\/div>\n<\/div>\n<\/div>\n<\/div>\n<\/div>\n<\/div>\n<\/div>\n<\/div>\n<div class=\"brz-accordion__item\">\n<div class=\"brz-accordion__nav\" data-brz-collapsible=\"off\">\n<p class=\"brz-accordion__nav-title brz-p brz-text__editor\" data-brz-translate-text=\"1\">2 Strada per San Cristoforo<\/p>\n<p>&nbsp;<\/p>\n<\/div>\n<div class=\"brz-accordion__content brz-d-xs-flex brz-flex-xs-column\">\n<div class=\"brz-accordion__item-content brz-d-xs-flex brz-flex-xs-column\">\n<div class=\"brz-row__container brz-css-d-row-row brz-css-1bk25k2\" data-brz-custom-id=\"l6MMXFC3jNtT\">\n<div class=\"brz-bg\">\n<div class=\"brz-bg-color\"><\/div>\n<\/div>\n<div class=\"brz-row brz-css-d-row-container brz-css-11ppo69\">\n<div class=\"brz-columns brz-css-d-column-column brz-css-xyralb\" data-brz-custom-id=\"sDOqymBYmb8Z\">\n<div class=\"brz-column__items brz-css-d-column-bg brz-css-5zl4h8\">\n<div id=\"\" class=\"brz-css-d-wrapper brz-css-1124ydw brz-wrapper\">\n<div class=\"brz-rich-text brz-rich-text__custom brz-css-d-richtext brz-css-12dhys4\" data-brz-custom-id=\"myVZhZFGdaNx\">\n<div data-brz-translate-text=\"1\">\n<p class=\"brz-fsft-lg-0 brz-fwdth-lg-100 brz-vfw-lg-400 brz-lh-lg-1_8 brz-ls-lg-0 brz-fw-lg-400 brz-fss-lg-px brz-fs-lg-16 brz-ft-google brz-ff-palanquin brz-tp-sm-paragraph brz-tp-lg-paragraph brz-css-cMvXP\" data-generated-css=\"brz-css-w3Vr3\" data-uniq-id=\"rBlnL\"><span style=\"color: #000000\">At the turn of the 14th and 15th centuries, Caresto developed into a well-structured administrative hub known as a <\/span><em class=\"brz-italic-true\" style=\"color: #000000\">Villa<\/em><span style=\"color: #000000\">, which held jurisdiction over numerous scattered localities.<\/span><\/p>\n<p class=\"brz-tp-sm-paragraph brz-tp-lg-paragraph brz-css-tmbX0\" data-generated-css=\"brz-css-swVqo\" data-uniq-id=\"xRXXi\"><span style=\"color: #000000\">In addition to the castle at the summit, new toponyms emerged across the slopes and valleys of the hilly landscape rising from the Chiascio valley. Each of these settlements was connected by an intricate network of woodland paths.<\/span><\/p>\n<p class=\"brz-tp-sm-paragraph brz-tp-lg-paragraph brz-css-pEIlO\" data-generated-css=\"brz-css-d4Ldw\" data-uniq-id=\"zmzfG\"><span style=\"color: #000000\">From the cartography of the cleric Georgi (1571\/1574), as well as that of the surveyor Ghelli (1760\/1768), we learn that the original access road to the Castle approached from the west. It connected to a path (no longer passable today) which, after about 800 metres, led to the locality of Fanucchio and to another ancient church. Dedicated to Saint Christopher (San Cristoforo) and first mentioned in 1345, this church was subordinate to San Bartolomeo.<\/span><\/p>\n<\/div>\n<\/div>\n<\/div>\n<\/div>\n<\/div>\n<\/div>\n<\/div>\n<\/div>\n<\/div>\n<\/div>\n<div class=\"brz-accordion__item\">\n<div class=\"brz-accordion__nav\" data-brz-collapsible=\"off\">\n<p class=\"brz-accordion__nav-title brz-p brz-text__editor\" data-brz-translate-text=\"1\">3 Valle del fiume Chiascio<\/p>\n<p>&nbsp;<\/p>\n<\/div>\n<div class=\"brz-accordion__content brz-d-xs-flex brz-flex-xs-column\">\n<div class=\"brz-accordion__item-content brz-d-xs-flex brz-flex-xs-column\">\n<div class=\"brz-row__container brz-css-d-row-row brz-css-18a62s7\" data-brz-custom-id=\"wdAMyMK0Xytz\">\n<div class=\"brz-bg\">\n<div class=\"brz-bg-color\"><\/div>\n<\/div>\n<div class=\"brz-row brz-css-d-row-container brz-css-3m3k6f\">\n<div class=\"brz-columns brz-css-d-column-column brz-css-108umxq\" data-brz-custom-id=\"mQktDpF2ZU2W\">\n<div class=\"brz-column__items brz-css-d-column-bg brz-css-1c9qyuu\">\n<div id=\"\" class=\"brz-css-d-wrapper brz-css-bo8qyg brz-wrapper\">\n<div class=\"brz-image brz-image__lightbox brz-css-d-image-zk59etv3i7lq-parent brz-css-1pkmmyk\" data-brz-custom-id=\"zk59ETV3I7lQ\"><a class=\"brz-a\" href=\"https:\/\/www.castellodicaresto.it\/wp-content\/uploads\/2026\/05\/Valle-Chiascio.jpg\" target=\"_self\" rel=\"noopener\" data-brz-link-type=\"lightBox\"><img decoding=\"async\" class=\"brz-img\" title=\"Valle Chiascio da Caresto\" src=\"https:\/\/www.castellodicaresto.it\/wp-content\/uploads\/2026\/05\/Valle-Chiascio.jpg\" alt=\"Valle Chiascio da Caresto\" \/><\/a><\/div>\n<\/div>\n<\/div>\n<\/div>\n<div class=\"brz-columns brz-css-d-column-column brz-css-1v27p88\" data-brz-custom-id=\"cB4DdEM0cldF\">\n<div class=\"brz-column__items brz-css-d-column-bg brz-css-x4e79g\">\n<div id=\"\" class=\"brz-css-d-wrapper brz-css-172u1s9 brz-wrapper\">\n<div class=\"brz-rich-text brz-rich-text__custom brz-css-d-richtext brz-css-lqe2e3\" data-brz-custom-id=\"zf10wvtB3Dq6\">\n<div data-brz-translate-text=\"1\">\n<p class=\"brz-tp-lg-paragraph brz-css-u9S4y\" data-uniq-id=\"fjpRu\" data-generated-css=\"brz-css-o1goM\"><span style=\"color: #000000\">The Chiascio, 80 kilometres long, flows entirely through Umbrian territory and is a tributary of the Tiber.<\/span><\/p>\n<p class=\"brz-tp-lg-paragraph brz-css-kNkN3\" data-uniq-id=\"uxEAT\" data-generated-css=\"brz-css-daaOF\"><span style=\"color: #000000\">Mentioned by Dante Alighieri in Canto XI of Paradiso, the river rises between the mountains of Gubbio and the Apennines, where its branches meet near Costacciaro. The Castle of Caresto was built to control a strategic stretch between Colpalombo and Valfabbrica, bordered by the ancient Via Amerina to the west and Via Flaminia to the east. Both were vital arteries of the so-called Byzantine Corridor, which connected Rome and Ravenna between the 6th and 8th centuries.<\/span><\/p>\n<\/div>\n<\/div>\n<\/div>\n<div id=\"\" class=\"brz-css-d-wrapper brz-css-1f8m5gv brz-wrapper\">\n<div class=\"brz-rich-text brz-rich-text__custom brz-css-d-richtext brz-css-cq4jl7\" data-brz-custom-id=\"uFiyTMH1aLNb\">\n<div data-brz-translate-text=\"1\">\n<p class=\"brz-tp-lg-paragraph brz-css-jUmj1\" data-uniq-id=\"jzvgt\" data-generated-css=\"brz-css-tWeWQ\"><span style=\"color: #000000\">This very stretch was travelled by Francis of Assisi between 1206 and 1207 during his journey from Assisi to Gubbio.<\/span><\/p>\n<p class=\"brz-tp-lg-empty brz-ff-pH0KaDemT59E brz-ft-upload brz-fs-lg-16 brz-fss-lg-px brz-fw-lg-400 brz-ls-lg-0 brz-lh-lg-1_8 brz-vfw-lg-400 brz-fwdth-lg-100 brz-fsft-lg-0 brz-css-lqDxP\" data-uniq-id=\"e4tfj\" data-generated-css=\"brz-css-n5T1F\"><span style=\"color: #000000\">The <\/span><a class=\"brz-bold-true link--external\" style=\"color: #000000\" href=\"https:\/\/it.wikiloc.com\/percorsi-escursionismo\/carbonesca-san-cristoforo-caresto-141197304\" target=\"_blank\" rel=\"noreferrer noopener\" data-brz-link-type=\"external\"><strong>localities overlooking this valley<\/strong><\/a><span style=\"color: #000000\"> are the subjects of a famous verse from Gubbio's folk tradition: <\/span><em class=\"brz-italic-true\" style=\"color: #000000\">Alta Biscina, basso Coccorano, Giomici bello, Caresto sovrano<\/em><span style=\"color: #000000\">.<\/span><\/p>\n<p class=\"brz-tp-lg-paragraph brz-css-qVsfS\" data-uniq-id=\"ka4xn\" data-generated-css=\"brz-css-gmkxG\"><span style=\"color: #000000\">Today, its waters are dammed by a large reservoir wall, creating an artificial lake.<\/span><\/p>\n<\/div>\n<\/div>\n<\/div>\n<\/div>\n<\/div>\n<\/div>\n<\/div>\n<\/div>\n<\/div>\n<\/div>\n<div class=\"brz-accordion__item\">\n<div class=\"brz-accordion__nav\" data-brz-collapsible=\"off\">\n<p class=\"brz-accordion__nav-title brz-p brz-text__editor\" data-brz-translate-text=\"1\">4 Chiesa di San Bartolomeo<\/p>\n<p>&nbsp;<\/p>\n<\/div>\n<div class=\"brz-accordion__content brz-d-xs-flex brz-flex-xs-column\">\n<div class=\"brz-accordion__item-content brz-d-xs-flex brz-flex-xs-column\">\n<div class=\"brz-row__container brz-css-d-row-row brz-css-16es8wx\" data-brz-custom-id=\"reDZMI8hQASG\">\n<div class=\"brz-bg\">\n<div class=\"brz-bg-color\"><\/div>\n<\/div>\n<div class=\"brz-row brz-css-d-row-container brz-css-7b84qf\">\n<div class=\"brz-columns brz-css-d-column-column brz-css-vj95i5\" data-brz-custom-id=\"bipiR7Q7HMpr\">\n<div class=\"brz-column__items brz-css-d-column-bg brz-css-q3j1bn\">\n<div id=\"\" class=\"brz-css-d-wrapper brz-css-gg3lc3 brz-wrapper\">\n<div class=\"brz-image brz-image__lightbox brz-css-d-image-mc08ebnkf8ez-parent brz-css-pxrk56\" data-brz-custom-id=\"mC08EBnKf8Ez\"><a class=\"brz-a\" href=\"https:\/\/www.castellodicaresto.it\/wp-content\/uploads\/2026\/05\/Chiesa-Caresto.jpg\" target=\"_self\" rel=\"noopener\" data-brz-link-type=\"lightBox\"><img decoding=\"async\" class=\"brz-img\" title=\"Chiesa San Bartolomeo Caresto\" src=\"https:\/\/www.castellodicaresto.it\/wp-content\/uploads\/2026\/05\/Chiesa-Caresto.jpg\" alt=\"Chiesa San Bartolomeo Caresto\" \/><\/a><\/div>\n<\/div>\n<\/div>\n<\/div>\n<div class=\"brz-columns brz-css-d-column-column brz-css-1o1jif6\" data-brz-custom-id=\"iQTThaoYR8iM\">\n<div class=\"brz-column__items brz-css-d-column-bg brz-css-ec652u\">\n<div id=\"\" class=\"brz-css-d-wrapper brz-css-1auc2pw brz-wrapper\">\n<div class=\"brz-rich-text brz-rich-text__custom brz-css-d-richtext brz-css-1mqcc5b\" data-brz-custom-id=\"znx_dlg4Tw3v\">\n<div data-brz-translate-text=\"1\">\n<p class=\"brz-tp-lg-paragraph brz-css-gFrUK\" data-generated-css=\"brz-css-btAO8\" data-uniq-id=\"sxa96\"><span style=\"color: #000000\">Testimonianza tangibile di un&#8217;attiva comunit\u00e0 medievale \u00e8 la prima menzione, risalente al 1333, di una chiesa dedicata a San Bartolomeo Apostolo.<\/span><\/p>\n<p class=\"brz-tp-lg-paragraph brz-css-c2e5h\" data-generated-css=\"brz-css-btAO8\" data-uniq-id=\"sxa96\"><span style=\"color: #000000\">Questo primitivo luogo di culto \u00e8 andato quasi certamente distrutto, insieme al Castello, durante l&#8217;annientamento di Caresto ordinato da Antonio da Montefeltro nel 1392.<\/span><\/p>\n<p class=\"brz-tp-lg-paragraph brz-css-wcK_F\" data-generated-css=\"brz-css-btAO8\" data-uniq-id=\"sxa96\"><span style=\"color: #000000\">L&#8217;attuale edificio ecclesiastico risale verosimilmente alla ricostruzione avvenuta nel primo quarto del XV secolo venendo documentato nuovamente negli atti della visita pastorale del 1570.<\/span><\/p>\n<\/div>\n<\/div>\n<\/div>\n<div id=\"\" class=\"brz-css-d-wrapper brz-css-1i8tars brz-wrapper\">\n<div class=\"brz-rich-text brz-rich-text__custom brz-css-d-richtext brz-css-8wi8x8\" data-brz-custom-id=\"ezk0hR7GiqTX\">\n<div data-brz-translate-text=\"1\">\n<p class=\"brz-tp-lg-paragraph brz-css-nkpRN\" data-generated-css=\"brz-css-kWlBC\" data-uniq-id=\"sh2yv\"><span style=\"color: #000000\">Solo a partire da questo momento disponiamo di descrizioni dettagliate che ne delineano le caratteristiche essenziali. In questo luogo operava un&#8217;associazione laica di parrocchiani, detta Confraternita, dedicata al Santissimo Sacramento.<\/span><\/p>\n<p class=\"brz-tp-lg-paragraph brz-css-xE4e1\" data-generated-css=\"brz-css-l_0kp\" data-uniq-id=\"bCrBb\"><span style=\"color: #000000\">Its primary purpose was to promote religious life and oversee the maintenance of the church building.<\/span><\/p>\n<\/div>\n<\/div>\n<\/div>\n<\/div>\n<\/div>\n<\/div>\n<\/div>\n<\/div>\n<\/div>\n<\/div>\n<div class=\"brz-accordion__item\">\n<div class=\"brz-accordion__nav\" data-brz-collapsible=\"off\">\n<p class=\"brz-accordion__nav-title brz-p brz-text__editor\" data-brz-translate-text=\"1\">5 Torretta campanaria<\/p>\n<p>&nbsp;<\/p>\n<\/div>\n<div class=\"brz-accordion__content brz-d-xs-flex brz-flex-xs-column\">\n<div class=\"brz-accordion__item-content brz-d-xs-flex brz-flex-xs-column\">\n<div class=\"brz-row__container brz-css-d-row-row brz-css-17ogt6t\" data-brz-custom-id=\"lSa1ycAqPgdw\">\n<div class=\"brz-bg\">\n<div class=\"brz-bg-color\"><\/div>\n<\/div>\n<div class=\"brz-row brz-css-d-row-container brz-css-2xbptb\">\n<div class=\"brz-columns brz-css-d-column-column brz-css-14o52so\" data-brz-custom-id=\"ineA1qjYkD1w\">\n<div class=\"brz-column__items brz-css-d-column-bg brz-css-1oitb63\">\n<div id=\"\" class=\"brz-css-d-wrapper brz-css-19zgdpw brz-wrapper\">\n<div class=\"brz-image brz-image__lightbox brz-css-d-image-u6_lmryffred-parent brz-css-1e0ve4k\" data-brz-custom-id=\"u6_LmryFFred\"><a class=\"brz-a\" href=\"https:\/\/www.castellodicaresto.it\/wp-content\/uploads\/2026\/05\/Campanile-Caresto.jpg\" target=\"_self\" rel=\"noopener\" data-brz-link-type=\"lightBox\"><img decoding=\"async\" class=\"brz-img\" title=\"Campanile Caresto\" src=\"https:\/\/www.castellodicaresto.it\/wp-content\/uploads\/2026\/05\/Campanile-Caresto.jpg\" alt=\"Campanile Caresto\" \/><\/a><\/div>\n<\/div>\n<\/div>\n<\/div>\n<div class=\"brz-columns brz-css-d-column-column brz-css-16ag7gw\" data-brz-custom-id=\"lof2uqBk1Dss\">\n<div class=\"brz-column__items brz-css-d-column-bg brz-css-1puljuc\">\n<div id=\"\" class=\"brz-css-d-wrapper brz-css-bbml4l brz-wrapper\">\n<div class=\"brz-rich-text brz-rich-text__custom brz-css-d-richtext brz-css-1o5ca33\" data-brz-custom-id=\"a0_lhuQr3aMW\">\n<div data-brz-translate-text=\"1\">\n<p class=\"brz-tp-lg-paragraph brz-css-o_n3_\" data-generated-css=\"brz-css-zKxkD\" data-uniq-id=\"m7OAW\"><span style=\"color: #000000\">Research into ecclesiastical documentation reveals that the bell tower was added after the construction of the church.<\/span><\/p>\n<p class=\"brz-tp-lg-paragraph brz-css-xtB6R\" data-generated-css=\"brz-css-zKxkD\" data-uniq-id=\"m7OAW\"><span style=\"color: #000000\">La sua edificazione risale all&#8217;ultimo quarto del XVI secolo, mentre la campana, utilizzata per secoli, \u00e8 stata fusa qualche decennio pi\u00f9 tardi, tra il 1619 e il 1635; questa era collegata a una corda fissata all\u2019interno della chiesa da cui era possibile manovrarla.<\/span><\/p>\n<p class=\"brz-tp-lg-paragraph brz-css-bU4U_\" data-generated-css=\"brz-css-zKxkD\" data-uniq-id=\"m7OAW\"><span style=\"color: #000000\">Un censimento del 1941 ne conferma ancora la presenza e ne attesta il peso, stimato in circa 70 chilogrammi. Con l&#8217;abbandono della localit\u00e0, la campana \u00e8 stata trafugata, lasciando solo il battacchio, oggi conservato dalla propriet\u00e0.<\/span><\/p>\n<p class=\"brz-tp-lg-paragraph brz-css-tmrCB\" data-generated-css=\"brz-css-zKxkD\" data-uniq-id=\"m7OAW\"><span style=\"color: #000000\">In recent years, consolidation work has been carried out on the bell tower to prevent its collapse.<\/span><\/p>\n<\/div>\n<\/div>\n<\/div>\n<div id=\"\" class=\"brz-css-d-wrapper brz-css-wg7aer brz-wrapper\">\n<div class=\"brz-rich-text brz-rich-text__custom brz-css-d-richtext brz-css-j4f6e4\" data-brz-custom-id=\"kX3F4wUP6Ynn\">\n<div data-brz-translate-text=\"1\">\n<p class=\"brz-tp-lg-paragraph brz-css-vDHsT\" data-uniq-id=\"rCjkY\" data-generated-css=\"brz-css-oUahq\">\n<\/div>\n<\/div>\n<\/div>\n<\/div>\n<\/div>\n<\/div>\n<\/div>\n<\/div>\n<\/div>\n<\/div>\n<div class=\"brz-accordion__item\">\n<div class=\"brz-accordion__nav\" data-brz-collapsible=\"off\">\n<p class=\"brz-accordion__nav-title brz-p brz-text__editor\" data-brz-translate-text=\"1\">6 Statue dei santi Filippo e Giacomo il Minore, apostoli<\/p>\n<p>&nbsp;<\/p>\n<\/div>\n<div class=\"brz-accordion__content brz-d-xs-flex brz-flex-xs-column\">\n<div class=\"brz-accordion__item-content brz-d-xs-flex brz-flex-xs-column\">\n<div class=\"brz-row__container brz-css-d-row-row brz-css-160akfh\" data-brz-custom-id=\"vFPBYhtqL2MY\">\n<div class=\"brz-bg\">\n<div class=\"brz-bg-color\"><\/div>\n<\/div>\n<div class=\"brz-row brz-css-d-row-container brz-css-4kwqof\">\n<div class=\"brz-columns brz-css-d-column-column brz-css-6cuhxy\" data-brz-custom-id=\"w82dvNftxhxM\">\n<div class=\"brz-column__items brz-css-d-column-bg brz-css-lsiqon\">\n<div id=\"\" class=\"brz-css-d-wrapper brz-css-z8ildz brz-wrapper\">\n<div class=\"brz-image brz-image__lightbox brz-css-d-image-wzgq2drt7w5m-parent brz-css-1oy9vq\" data-brz-custom-id=\"wZGq2drT7W5M\"><a class=\"brz-a\" href=\"https:\/\/www.castellodicaresto.it\/wp-content\/uploads\/2026\/05\/Statue-Caresto.jpg\" target=\"_self\" rel=\"noopener\" data-brz-link-type=\"lightBox\"><img decoding=\"async\" class=\"brz-img\" title=\"Statue Caresto\" src=\"https:\/\/www.castellodicaresto.it\/wp-content\/uploads\/2026\/05\/Statue-Caresto.jpg\" alt=\"Statue Caresto\" \/><\/a><\/div>\n<\/div>\n<\/div>\n<\/div>\n<div class=\"brz-columns brz-css-d-column-column brz-css-l25ue1\" data-brz-custom-id=\"rWS3AKmjssJJ\">\n<div class=\"brz-column__items brz-css-d-column-bg brz-css-12w2upd\">\n<div id=\"\" class=\"brz-css-d-wrapper brz-css-1onl540 brz-wrapper\">\n<div class=\"brz-rich-text brz-rich-text__custom brz-css-d-richtext brz-css-eqvsw3\" data-brz-custom-id=\"c9eFNz2pbEte\">\n<div data-brz-translate-text=\"1\">\n<p class=\"brz-tp-lg-paragraph brz-css-oumeZ\" data-uniq-id=\"iGZAc\" data-generated-css=\"brz-css-y7iUb\"><span style=\"color: #000000\">Despite its simplicity, the earliest descriptions indicate that the church possessed a pictorial decorative scheme depicting the primary saints venerated by the community.<\/span><\/p>\n<p class=\"brz-tp-lg-paragraph brz-css-f9mpc\" data-uniq-id=\"iGZAc\" data-generated-css=\"brz-css-y7iUb\"><span style=\"color: #000000\">A causa del progressivo degrado, nel 1784, il vescovo ha ordinato un restauro completo dell\u2019edificio, comprendendo l&#8217;imbiancatura delle pareti.<\/span><\/p>\n<p class=\"brz-tp-lg-paragraph brz-css-hKnbo\" data-uniq-id=\"qXj3M\" data-generated-css=\"brz-css-dlTPa\"><span style=\"color: #000000\">Verosimilmente in quell&#8217;occasione, nonostante le limitate risorse economiche, la comunit\u00e0 \u00e8 riuscita a finanziare l&#8217;ammodernamento della parete absidale, arricchendola con decorazioni a stucco su due nicchie, forse preesistenti, e commissionando due sculture a grandezza naturale.<\/span><\/p>\n<\/div>\n<\/div>\n<\/div>\n<div id=\"\" class=\"brz-css-d-wrapper brz-css-tp7zzn brz-wrapper\">\n<div class=\"brz-rich-text brz-rich-text__custom brz-css-d-richtext brz-css-12qqnmp\" data-brz-custom-id=\"wZK2nbF6Zqi1\">\n<div data-brz-translate-text=\"1\">\n<p class=\"brz-tp-lg-paragraph brz-css-dlaCS\" data-generated-css=\"brz-css-kWlBC\" data-uniq-id=\"sh2yv\"><span style=\"color: #000000\">Queste raffigurano i Santi Filippo e Giacomo il Minore apostoli, oppure, secondo un&#8217;altra ipotesi, San Cristoforo e San Giacomo il Maggiore, le cui ricorrenze erano celebrate nelle festivit\u00e0 locali.<\/span><\/p>\n<\/div>\n<\/div>\n<\/div>\n<\/div>\n<\/div>\n<\/div>\n<\/div>\n<\/div>\n<\/div>\n<\/div>\n<div class=\"brz-accordion__item\">\n<div class=\"brz-accordion__nav\" data-brz-collapsible=\"off\">\n<p class=\"brz-accordion__nav-title brz-p brz-text__editor\" data-brz-translate-text=\"1\">7 Fosse sepolcrali<\/p>\n<p>&nbsp;<\/p>\n<\/div>\n<div class=\"brz-accordion__content brz-d-xs-flex brz-flex-xs-column\">\n<div class=\"brz-accordion__item-content brz-d-xs-flex brz-flex-xs-column\">\n<div class=\"brz-row__container brz-css-d-row-row brz-css-1ew86rc\" data-brz-custom-id=\"db16E6XmyFNw\">\n<div class=\"brz-bg\">\n<div class=\"brz-bg-color\"><\/div>\n<\/div>\n<div class=\"brz-row brz-css-d-row-container brz-css-198pq9m\">\n<div class=\"brz-columns brz-css-d-column-column brz-css-4jhgqn\" data-brz-custom-id=\"naL8M_h6O3jm\">\n<div class=\"brz-column__items brz-css-d-column-bg brz-css-ikzxw9\">\n<div id=\"\" class=\"brz-css-d-wrapper brz-css-1m98czn brz-wrapper\">\n<div class=\"brz-image brz-image__lightbox brz-css-d-image-eemvh52ui2vl-parent brz-css-qt6rio\" data-brz-custom-id=\"eemvh52Ui2VL\"><a class=\"brz-a\" href=\"https:\/\/www.castellodicaresto.it\/wp-content\/uploads\/2026\/05\/Fosse-Caresto.jpg\" target=\"_self\" rel=\"noopener\" data-brz-link-type=\"lightBox\"><img decoding=\"async\" class=\"brz-img\" title=\"Fosse Caresto\" src=\"https:\/\/www.castellodicaresto.it\/wp-content\/uploads\/2026\/05\/Fosse-Caresto.jpg\" alt=\"Fosse Caresto\" \/><\/a><\/div>\n<\/div>\n<\/div>\n<\/div>\n<div class=\"brz-columns brz-css-d-column-column brz-css-1az24z5\" data-brz-custom-id=\"uzE9KXs1NGh7\">\n<div class=\"brz-column__items brz-css-d-column-bg brz-css-1dezvbx\">\n<div id=\"\" class=\"brz-css-d-wrapper brz-css-5ppxgw brz-wrapper\">\n<div class=\"brz-rich-text brz-rich-text__custom brz-css-d-richtext brz-css-vtjzqz\" data-brz-custom-id=\"sIbQt_KgeLfM\">\n<div data-brz-translate-text=\"1\">\n<p class=\"brz-tp-lg-paragraph brz-css-mWRuU\" data-uniq-id=\"havWN\" data-generated-css=\"brz-css-yBTDC\"><span style=\"color: #000000\">In quanto parrocchiale la chiesa disponeva di un&#8217;area consacrata destinata alla sepoltura in terra dei parrocchiani defunti.<\/span><\/p>\n<p class=\"brz-tp-lg-paragraph brz-css-uPWTI\" data-uniq-id=\"havWN\" data-generated-css=\"brz-css-yBTDC\"><span style=\"color: #000000\">In 1635, the cemetery area extended along the perimeter wall on the right side of the building and was enclosed by a stone fence.<\/span><\/p>\n<p class=\"brz-tp-lg-paragraph brz-css-d4voX\" data-uniq-id=\"havWN\" data-generated-css=\"brz-css-yBTDC\"><span style=\"color: #000000\">Da tempo immemorabile per\u00f2 i defunti erano sempre stati sepolti sotto l&#8217;aula principale della chiesa.<\/span><\/p>\n<p class=\"brz-tp-lg-paragraph brz-css-xMPAn\" data-uniq-id=\"havWN\" data-generated-css=\"brz-css-yBTDC\"><span style=\"color: #000000\">It is probable that two burial pits\u2014a couple of metres deep and separated for the men and women of the parish\u2014had already been present beneath the floor since the 15th-century reconstruction.<\/span><\/p>\n<\/div>\n<\/div>\n<\/div>\n<div id=\"\" class=\"brz-css-d-wrapper brz-css-1q4g5wr brz-wrapper\">\n<div class=\"brz-rich-text brz-rich-text__custom brz-css-d-richtext brz-css-avgo29\" data-brz-custom-id=\"etoH98WJ2RaK\">\n<div data-brz-translate-text=\"1\">\n<p class=\"brz-tp-lg-paragraph brz-css-vyfga\" data-uniq-id=\"l2jhc\" data-generated-css=\"brz-css-cp3Mx\"><span style=\"color: #000000\">Some hypotheses suggest that these underground chambers had been in use since the medieval period, perhaps originally serving as grain pits for the early castle.<\/span><\/p>\n<\/div>\n<\/div>\n<\/div>\n<\/div>\n<\/div>\n<\/div>\n<\/div>\n<\/div>\n<\/div>\n<\/div>\n<div class=\"brz-accordion__item\">\n<div class=\"brz-accordion__nav\" data-brz-collapsible=\"off\">\n<p class=\"brz-accordion__nav-title brz-p brz-text__editor\" data-brz-translate-text=\"1\">8 Casa del curato\/rettore<\/p>\n<p>&nbsp;<\/p>\n<\/div>\n<div class=\"brz-accordion__content brz-d-xs-flex brz-flex-xs-column\">\n<div class=\"brz-accordion__item-content brz-d-xs-flex brz-flex-xs-column\">\n<div class=\"brz-row__container brz-css-d-row-row brz-css-1y2gnts\" data-brz-custom-id=\"opiHCyEV7cA_\">\n<div class=\"brz-bg\">\n<div class=\"brz-bg-color\"><\/div>\n<\/div>\n<div class=\"brz-row brz-css-d-row-container brz-css-1ehbssv\">\n<div class=\"brz-columns brz-css-d-column-column brz-css-1qb09t3\" data-brz-custom-id=\"m5W1L2tckfkt\">\n<div class=\"brz-column__items brz-css-d-column-bg brz-css-15ugggg\">\n<div id=\"\" class=\"brz-css-d-wrapper brz-css-1n9ez4c brz-wrapper\">\n<div class=\"brz-image brz-image__lightbox brz-css-d-image-igiahvapl2q4-parent brz-css-1fd9f45\" data-brz-custom-id=\"iGIAHVAPl2Q4\"><a class=\"brz-a\" href=\"https:\/\/www.castellodicaresto.it\/wp-content\/uploads\/2026\/05\/Casa-Caresto.jpg\" target=\"_self\" rel=\"noopener\" data-brz-link-type=\"lightBox\"><img decoding=\"async\" class=\"brz-img\" title=\"Casa Curato Caresto\" src=\"https:\/\/www.castellodicaresto.it\/wp-content\/uploads\/2026\/05\/Casa-Caresto.jpg\" alt=\"Casa Curato Caresto\" \/><\/a><\/div>\n<\/div>\n<\/div>\n<\/div>\n<div class=\"brz-columns brz-css-d-column-column brz-css-968g4b\" data-brz-custom-id=\"sD0KW7YjdkfQ\">\n<div class=\"brz-column__items brz-css-d-column-bg brz-css-1w29a8o\">\n<div id=\"\" class=\"brz-css-d-wrapper brz-css-mft9u8 brz-wrapper\">\n<div class=\"brz-rich-text brz-rich-text__custom brz-css-d-richtext brz-css-qu8ujv\" data-brz-custom-id=\"wsR8onnQh3P7\">\n<div data-brz-translate-text=\"1\">\n<p class=\"brz-tp-lg-paragraph brz-css-fp8x8\" data-uniq-id=\"xvIGG\" data-generated-css=\"brz-css-lhZX7\"><span style=\"color: #000000\">Data la primitiva funzione di presidio territoriale pubblico, i beni mobili, immobili e fondiari del Castello di Caresto, la cui superficie totale nel 1760 ammontava a 27 ettari, sono stati affidati nel corso del XVI secolo all&#8217;amministrazione ecclesiastica, detta prebenda, sotto la gestione del parroco di San Bartolomeo, in qualit\u00e0 di rettore.<\/span><\/p>\n<p class=\"brz-tp-lg-paragraph brz-css-xOej_\" data-uniq-id=\"xvIGG\" data-generated-css=\"brz-css-lhZX7\"><span style=\"color: #000000\">La sua umile dimora, posta al centro dell&#8217;attuale insediamento, \u00e8 senza dubbio il risultato di ampliamenti, interventi e migliorie che si sono susseguiti nel corso dei secoli.<\/span><\/p>\n<\/div>\n<\/div>\n<\/div>\n<div id=\"\" class=\"brz-css-d-wrapper brz-css-15odaqv brz-wrapper\">\n<div class=\"brz-rich-text brz-rich-text__custom brz-css-d-richtext brz-css-f3n8tm\" data-brz-custom-id=\"gSG7tpDpJHFw\">\n<div data-brz-translate-text=\"1\">\n<p class=\"brz-tp-lg-paragraph brz-css-qWGO1\" data-generated-css=\"brz-css-o0uFX\" data-uniq-id=\"n3m6t\"><span style=\"color: #000000\">We know that in 1635 the house was divided into three rooms and featured a cellar; at a later stage, it is likely that, alongside the parish priest, the tenant farmer of the surrounding lands also resided here.<\/span><\/p>\n<\/div>\n<\/div>\n<\/div>\n<\/div>\n<\/div>\n<\/div>\n<\/div>\n<\/div>\n<\/div>\n<\/div>\n<div class=\"brz-accordion__item\">\n<div class=\"brz-accordion__nav\" data-brz-collapsible=\"off\">\n<p class=\"brz-accordion__nav-title brz-p brz-text__editor\" data-brz-translate-text=\"1\">9 Orto<\/p>\n<p>&nbsp;<\/p>\n<\/div>\n<div class=\"brz-accordion__content brz-d-xs-flex brz-flex-xs-column\">\n<div class=\"brz-accordion__item-content brz-d-xs-flex brz-flex-xs-column\">\n<div class=\"brz-row__container brz-css-d-row-row brz-css-1d4w77r\" data-brz-custom-id=\"aURGeQYxEpNH\">\n<div class=\"brz-bg\">\n<div class=\"brz-bg-color\"><\/div>\n<\/div>\n<div class=\"brz-row brz-css-d-row-container brz-css-26d9vl\">\n<div class=\"brz-columns brz-css-d-column-column brz-css-s15hvw\" data-brz-custom-id=\"oiQqI5f5Arca\">\n<div class=\"brz-column__items brz-css-d-column-bg brz-css-fvnny3\">\n<div id=\"\" class=\"brz-css-d-wrapper brz-css-1hwj15a brz-wrapper\">\n<div class=\"brz-rich-text brz-rich-text__custom brz-css-d-richtext brz-css-1klr535\" data-brz-custom-id=\"gaGTYl_g6jaQ\">\n<div data-brz-translate-text=\"1\">\n<p class=\"brz-tp-lg-paragraph brz-css-pIBRO\" data-uniq-id=\"vmzQr\" data-generated-css=\"brz-css-f9uD5\"><span style=\"color: #000000\">From the second half of the 15th century onwards, the plot of land adjacent to the so-called Priest's House was protected by a massive stone masonry system that defined its perimeter.<\/span><\/p>\n<p class=\"brz-tp-lg-paragraph brz-css-a3cmJ\" data-uniq-id=\"jRMGL\" data-generated-css=\"brz-css-zx5ou\"><span style=\"color: #000000\">While this was initially intended as a gathering place for the community, following the transfer of the settlement to the parish prebend of San Bartolomeo, this area\u2014measuring approximately one thousand square metres\u2014was progressively converted into a kitchen garden.<\/span><\/p>\n<p class=\"brz-tp-lg-paragraph brz-css-p4Onl\" data-uniq-id=\"ewMpo\" data-generated-css=\"brz-css-dOJEX\"><span style=\"color: #000000\">Documented for the first time in 1635, the garden was managed directly by the parish priest who, with the help of a parishioner, cultivated a diverse range of plant species, including medicinal herbs.<\/span><\/p>\n<p class=\"brz-tp-lg-paragraph brz-css-rU_dU\" data-uniq-id=\"ewMpo\" data-generated-css=\"brz-css-dOJEX\"><span style=\"color: #000000\">Con l&#8217;abbandono della localit\u00e0 durante il XIX secolo, l&#8217;orto \u00e8 stato dismesso.<\/span><\/p>\n<\/div>\n<\/div>\n<\/div>\n<\/div>\n<\/div>\n<\/div>\n<\/div>\n<\/div>\n<\/div>\n<\/div>\n<div class=\"brz-accordion__item\">\n<div class=\"brz-accordion__nav\" data-brz-collapsible=\"off\">\n<p class=\"brz-accordion__nav-title brz-p brz-text__editor\" data-brz-translate-text=\"1\">10 Cisterna<\/p>\n<p>&nbsp;<\/p>\n<\/div>\n<div class=\"brz-accordion__content brz-d-xs-flex brz-flex-xs-column\">\n<div class=\"brz-accordion__item-content brz-d-xs-flex brz-flex-xs-column\">\n<div class=\"brz-row__container brz-css-d-row-row brz-css-18ik9h0\" data-brz-custom-id=\"z1bfY8IaV_hh\">\n<div class=\"brz-bg\">\n<div class=\"brz-bg-color\"><\/div>\n<\/div>\n<div class=\"brz-row brz-css-d-row-container brz-css-xxxgsq\">\n<div class=\"brz-columns brz-css-d-column-column brz-css-3nlpcn\" data-brz-custom-id=\"gxNWJXz7ScqE\">\n<div class=\"brz-column__items brz-css-d-column-bg brz-css-16vn3kq\">\n<div id=\"\" class=\"brz-css-d-wrapper brz-css-o0cl6x brz-wrapper\">\n<div class=\"brz-rich-text brz-rich-text__custom brz-css-d-richtext brz-css-1g6k5py\" data-brz-custom-id=\"uyqKoDAflRny\">\n<div data-brz-translate-text=\"1\">\n<p class=\"brz-tp-lg-paragraph brz-css-mcrLK\" data-generated-css=\"brz-css-d5cVf\" data-uniq-id=\"tjOL0\"><span style=\"color: #000000\">Being situated at the summit of a hill, Caresto Castle's water supply would have relied on transport from one of the numerous nearby streams or on the harvesting of rainwater.<\/span><\/p>\n<p class=\"brz-tp-lg-paragraph brz-css-nxKQz\" data-generated-css=\"brz-css-d5cVf\" data-uniq-id=\"tjOL0\"><span style=\"color: #000000\">The records of the 1635 pastoral visit mention the existence of a well within the grounds of the so-called Priest's House, a presence also confirmed by the cartographic surveys carried out by the surveyor Ghelli between 1760 and 1768.<\/span><\/p>\n<p class=\"brz-tp-lg-paragraph brz-css-hVr6j\" data-generated-css=\"brz-css-d5cVf\" data-uniq-id=\"tjOL0\"><span style=\"color: #000000\">While we do not know the characteristics of this original structure, we do know that at a later stage, the well was replaced by a cistern for collecting rainwater.<\/span><\/p>\n<\/div>\n<\/div>\n<\/div>\n<\/div>\n<\/div>\n<\/div>\n<\/div>\n<\/div>\n<\/div>\n<\/div>\n<div class=\"brz-accordion__item\">\n<div class=\"brz-accordion__nav\" data-brz-collapsible=\"off\">\n<p class=\"brz-accordion__nav-title brz-p brz-text__editor\" data-brz-translate-text=\"1\">11 Cassero<\/p>\n<p>&nbsp;<\/p>\n<\/div>\n<div class=\"brz-accordion__content brz-d-xs-flex brz-flex-xs-column\">\n<div class=\"brz-accordion__item-content brz-d-xs-flex brz-flex-xs-column\">\n<div class=\"brz-row__container brz-css-d-row-row brz-css-ptzmg8\" data-brz-custom-id=\"t7RC8ivu8EbT\">\n<div class=\"brz-bg\">\n<div class=\"brz-bg-color\"><\/div>\n<\/div>\n<div class=\"brz-row brz-css-d-row-container brz-css-1f8pinw\">\n<div class=\"brz-columns brz-css-d-column-column brz-css-p1ci9x\" data-brz-custom-id=\"q0IX49dSEGyh\">\n<div class=\"brz-column__items brz-css-d-column-bg brz-css-1m453gb\">\n<div id=\"\" class=\"brz-css-d-wrapper brz-css-au33kk brz-wrapper\">\n<div class=\"brz-image brz-image__lightbox brz-css-d-image-do7qzknnyuiq-parent brz-css-1mzhlp2\" data-brz-custom-id=\"do7qzknNYuIq\"><a class=\"brz-a\" href=\"https:\/\/www.castellodicaresto.it\/wp-content\/uploads\/2026\/05\/Cassero-Caresto.jpg\" target=\"_self\" rel=\"noopener\" data-brz-link-type=\"lightBox\"><img decoding=\"async\" class=\"brz-img\" title=\"Cassero Caresto\" src=\"https:\/\/www.castellodicaresto.it\/wp-content\/uploads\/2026\/05\/Cassero-Caresto.jpg\" alt=\"Cassero Caresto\" \/><\/a><\/div>\n<\/div>\n<\/div>\n<\/div>\n<div class=\"brz-columns brz-css-d-column-column brz-css-pon9oj\" data-brz-custom-id=\"mfJZk5HWHC5B\">\n<div class=\"brz-column__items brz-css-d-column-bg brz-css-smf066\">\n<div id=\"\" class=\"brz-css-d-wrapper brz-css-1jg5nsn brz-wrapper\">\n<div class=\"brz-rich-text brz-rich-text__custom brz-css-d-richtext brz-css-1hgepeb\" data-brz-custom-id=\"tOODaGOwZ_tl\">\n<div data-brz-translate-text=\"1\">\n<p class=\"brz-tp-lg-paragraph brz-css-bTA34\" data-uniq-id=\"miHC0\" data-generated-css=\"brz-css-vgdOs\"><span style=\"color: #000000\">The heart and symbol of a castle is its keep; the presence of this architectural typology is a common feature of fortified defensive-military structures. It originated in the High Middle Ages primarily for the purpose of safeguarding the most precious treasures or, in any case, the armoury.<\/span><\/p>\n<p class=\"brz-tp-lg-paragraph brz-css-sP5gR\" data-uniq-id=\"miHC0\" data-generated-css=\"brz-css-vgdOs\"><span style=\"color: #000000\">The original keep of Caresto Castle was almost certainly razed to the ground during the 1392 demolition ordered by Antonio da Montefeltro.<\/span><\/p>\n<p class=\"brz-tp-lg-paragraph brz-css-yPBZ5\" data-uniq-id=\"miHC0\" data-generated-css=\"brz-css-vgdOs\"><span style=\"color: #000000\">The current keep, rebuilt in the first quarter of the 15th century, is the result of at least one restoration intervention granted by the municipal authority in 1559. This marked the end of the site's military use, as it was by then dedicated to residential and agricultural purposes.<\/span><\/p>\n<\/div>\n<\/div>\n<\/div>\n<div id=\"\" class=\"brz-css-d-wrapper brz-css-1qe1mp1 brz-wrapper\">\n<div class=\"brz-rich-text brz-rich-text__custom brz-css-d-richtext brz-css-1llsgvl\" data-brz-custom-id=\"u8cBRM4VSDeN\">\n<div data-brz-translate-text=\"1\">\n<p class=\"brz-tp-lg-paragraph brz-css-fUjh_\" data-uniq-id=\"qYDTj\" data-generated-css=\"brz-css-uH7MD\"><span style=\"color: #000000\">From a 1635 description, we know that this building was already in a state of ruin; for this reason, in 1763, the Fioriti family permanently transferred its ownership to the parish prebend of San Bartolomeo.<\/span><\/p>\n<\/div>\n<\/div>\n<\/div>\n<\/div>\n<\/div>\n<\/div>\n<\/div>\n<\/div>\n<\/div>\n<\/div>\n<div class=\"brz-accordion__item\">\n<div class=\"brz-accordion__nav\" data-brz-collapsible=\"off\">\n<p class=\"brz-accordion__nav-title brz-p brz-text__editor\" data-brz-translate-text=\"1\">12 Punto fiduciale IGM<\/p>\n<p>&nbsp;<\/p>\n<\/div>\n<div class=\"brz-accordion__content brz-d-xs-flex brz-flex-xs-column\">\n<div class=\"brz-accordion__item-content brz-d-xs-flex brz-flex-xs-column\">\n<div class=\"brz-row__container brz-css-d-row-row brz-css-8hm2ud\" data-brz-custom-id=\"qtJmDL0Q3W7w\">\n<div class=\"brz-bg\">\n<div class=\"brz-bg-color\"><\/div>\n<\/div>\n<div class=\"brz-row brz-css-d-row-container brz-css-15w8euj\">\n<div class=\"brz-columns brz-css-d-column-column brz-css-1uywv6v\" data-brz-custom-id=\"ulYEteNJ4fpO\">\n<div class=\"brz-column__items brz-css-d-column-bg brz-css-1b7g669\">\n<div id=\"\" class=\"brz-css-d-wrapper brz-css-q4860n brz-wrapper\">\n<div class=\"brz-image brz-image__lightbox brz-css-d-image-lm7fn48igoc9-parent brz-css-lmb5fq\" data-brz-custom-id=\"lM7fN48IGOc9\"><a class=\"brz-a\" href=\"https:\/\/www.castellodicaresto.it\/wp-content\/uploads\/2026\/05\/Cassero-Caresto-IGM.jpg\" target=\"_self\" rel=\"noopener\" data-brz-link-type=\"lightBox\"><img decoding=\"async\" class=\"brz-img\" title=\"Cassero Caresto IGM\" src=\"https:\/\/www.castellodicaresto.it\/wp-content\/uploads\/2026\/05\/Cassero-Caresto-IGM.jpg\" alt=\"Cassero Caresto IGM\" \/><\/a><\/div>\n<\/div>\n<\/div>\n<\/div>\n<div class=\"brz-columns brz-css-d-column-column brz-css-rqrsfd\" data-brz-custom-id=\"yz6g3ybpjL7M\">\n<div class=\"brz-column__items brz-css-d-column-bg brz-css-58qfh5\">\n<div id=\"\" class=\"brz-css-d-wrapper brz-css-1oc5slf brz-wrapper\">\n<div class=\"brz-rich-text brz-rich-text__custom brz-css-d-richtext brz-css-x0gidk\" data-brz-custom-id=\"eN4NvUc3tdKe\">\n<div data-brz-translate-text=\"1\">\n<p class=\"brz-tp-lg-paragraph brz-css-tmdje\" data-uniq-id=\"djx0j\" data-generated-css=\"brz-css-djXV9\"><span style=\"color: #000000\">Sulla sommit\u00e0 del cassero, quella che sembra una torretta posticcia \u00e8 in realt\u00e0 un punto fiduciale dell&#8217;Istituto Geografico Militare (IGM).<\/span><\/p>\n<p class=\"brz-tp-lg-paragraph brz-css-np8cm\" data-uniq-id=\"by1EB\" data-generated-css=\"brz-css-d6cMP\"><span style=\"color: #000000\">These reference points are essential for the trigonometric calculations required for land surveying and the creation of cadastral maps. They are usually located in positions of particular prominence, such as high ground, bell towers, churches and historic buildings.<\/span><\/p>\n<p class=\"brz-tp-lg-paragraph brz-css-xGtvs\" data-uniq-id=\"by1EB\" data-generated-css=\"brz-css-d6cMP\"><span style=\"color: #000000\">Precise information is associated with each of them: coordinates within the geographic\/Gauss-Boaga system, cadastral identification numbers, and the triangulation order.<\/span><\/p>\n<\/div>\n<\/div>\n<\/div>\n<div id=\"\" class=\"brz-css-d-wrapper brz-css-1hkfiuf brz-wrapper\">\n<div class=\"brz-rich-text brz-rich-text__custom brz-css-d-richtext brz-css-167ubzx\" data-brz-custom-id=\"xZc2regQwDtS\">\n<div data-brz-translate-text=\"1\">\n<p class=\"brz-tp-lg-paragraph brz-css-kSw7y\" data-generated-css=\"brz-css-azIxv\" data-uniq-id=\"g431d\"><span style=\"color: #000000\">These structures are of utmost importance and are officially recognised by the national cadastral system.<\/span><\/p>\n<\/div>\n<\/div>\n<\/div>\n<\/div>\n<\/div>\n<\/div>\n<\/div>\n<\/div>\n<\/div>\n<\/div>\n<div class=\"brz-accordion__item\">\n<div class=\"brz-accordion__nav\" data-brz-collapsible=\"off\">\n<p class=\"brz-accordion__nav-title brz-p brz-text__editor\" data-brz-translate-text=\"1\">13 Forno a cupola a legna, in materiale laterizio<\/p>\n<p>&nbsp;<\/p>\n<\/div>\n<div class=\"brz-accordion__content brz-d-xs-flex brz-flex-xs-column\">\n<div class=\"brz-accordion__item-content brz-d-xs-flex brz-flex-xs-column\">\n<div class=\"brz-row__container brz-css-d-row-row brz-css-wwzxlc\" data-brz-custom-id=\"vHEnkQw0K9P5\">\n<div class=\"brz-bg\">\n<div class=\"brz-bg-color\"><\/div>\n<\/div>\n<div class=\"brz-row brz-css-d-row-container brz-css-k47mbt\">\n<div class=\"brz-columns brz-css-d-column-column brz-css-1cattcc\" data-brz-custom-id=\"kAJStTb9tpDt\">\n<div class=\"brz-column__items brz-css-d-column-bg brz-css-ffbo8c\">\n<div id=\"\" class=\"brz-css-d-wrapper brz-css-82ltmy brz-wrapper\">\n<div class=\"brz-image brz-image__lightbox brz-css-d-image-ilyn2xrtrazf-parent brz-css-1bpcj4d\" data-brz-custom-id=\"ilYn2xrtRaZf\"><a class=\"brz-a\" href=\"https:\/\/www.castellodicaresto.it\/wp-content\/uploads\/2026\/05\/Forno-Caresto.jpg\" target=\"_self\" rel=\"noopener\" data-brz-link-type=\"lightBox\"><img decoding=\"async\" class=\"brz-img\" title=\"Forno Caresto\" src=\"https:\/\/www.castellodicaresto.it\/wp-content\/uploads\/2026\/05\/Forno-Caresto.jpg\" alt=\"Forno Caresto\" \/><\/a><\/div>\n<\/div>\n<\/div>\n<\/div>\n<div class=\"brz-columns brz-css-d-column-column brz-css-1m9azx0\" data-brz-custom-id=\"wGG2r99No5l2\">\n<div class=\"brz-column__items brz-css-d-column-bg brz-css-wu54v7\">\n<div id=\"\" class=\"brz-css-d-wrapper brz-css-f5gnux brz-wrapper\">\n<div class=\"brz-rich-text brz-rich-text__custom brz-css-d-richtext brz-css-12k51oo\" data-brz-custom-id=\"pjjhF_vuOb28\">\n<div data-brz-translate-text=\"1\">\n<p class=\"brz-tp-lg-paragraph brz-css-vk9tA\" data-uniq-id=\"kSaC6\" data-generated-css=\"brz-css-eP9wq\"><span style=\"color: #000000\">The earliest evidence of an oven within Caresto Castle dates back to the pastoral visit of Bishop Ulderico Carpegna in 1635.<\/span><\/p>\n<p class=\"brz-tp-lg-paragraph brz-css-zvrZm\" data-uniq-id=\"ilpzw\" data-generated-css=\"brz-css-gYNai\"><span style=\"color: #000000\">Its primary function was related to the baking of bread and baked goods for the sustenance of the families residing here.<\/span><\/p>\n<p class=\"brz-tp-lg-paragraph brz-css-z71_L\" data-uniq-id=\"xndgH\" data-generated-css=\"brz-css-rfm1b\"><span style=\"color: #000000\">It is possible that the oven was also used for artisanal pottery firing, in order to produce modest utensils for domestic use.<\/span><\/p>\n<\/div>\n<\/div>\n<\/div>\n<div id=\"\" class=\"brz-css-d-wrapper brz-css-q7nf3w brz-wrapper\">\n<div class=\"brz-rich-text brz-rich-text__custom brz-css-d-richtext brz-css-1v8meh5\" data-brz-custom-id=\"nBfd4fufxP5z\">\n<div data-brz-translate-text=\"1\">\n<p class=\"brz-tp-lg-paragraph brz-css-hMwyZ\" data-uniq-id=\"t1Zu9\" data-generated-css=\"brz-css-tBjM0\"><span style=\"color: #000000\">Between the 17th and 18th centuries, the local Confraternity of the Blessed Sacrament (see <\/span><em class=\"brz-italic-true\" style=\"color: #000000\">Church of San Bartolomeo<\/em><span style=\"color: #000000\">) was responsible for cooking meals on the occasion of the main religious festivities, serving the community of the Villa of Caresto, who gathered here alongside the local clergy.<\/span><\/p>\n<\/div>\n<\/div>\n<\/div>\n<\/div>\n<\/div>\n<\/div>\n<\/div>\n<\/div>\n<\/div>\n<\/div>\n<div class=\"brz-accordion__item\">\n<div class=\"brz-accordion__nav\" data-brz-collapsible=\"off\">\n<p class=\"brz-accordion__nav-title brz-p brz-text__editor\" data-brz-translate-text=\"1\">14 Tasso comune (Taxus baccata)<\/p>\n<p>&nbsp;<\/p>\n<\/div>\n<div class=\"brz-accordion__content brz-d-xs-flex brz-flex-xs-column\">\n<div class=\"brz-accordion__item-content brz-d-xs-flex brz-flex-xs-column\">\n<div class=\"brz-row__container brz-css-d-row-row brz-css-5h3avg\" data-brz-custom-id=\"aOyISV4JCMR3\">\n<div class=\"brz-bg\">\n<div class=\"brz-bg-color\"><\/div>\n<\/div>\n<div class=\"brz-row brz-css-d-row-container brz-css-lx61cq\">\n<div class=\"brz-columns brz-css-d-column-column brz-css-18ujw24\" data-brz-custom-id=\"lHfwwnG6k_8r\">\n<div class=\"brz-column__items brz-css-d-column-bg brz-css-16ijgd4\">\n<div id=\"\" class=\"brz-css-d-wrapper brz-css-bp5hdz brz-wrapper\">\n<div class=\"brz-image brz-image__lightbox brz-css-d-image-fnqg7d03cnix-parent brz-css-1l2v8m9\" data-brz-custom-id=\"fnqg7d03cnIX\"><a class=\"brz-a\" href=\"https:\/\/www.castellodicaresto.it\/wp-content\/uploads\/2026\/04\/Taxus-baccata.jpg\" target=\"_self\" rel=\"noopener\" data-brz-link-type=\"lightBox\"><img decoding=\"async\" class=\"brz-img\" title=\"Taxus baccata Caresto\" src=\"https:\/\/www.castellodicaresto.it\/wp-content\/uploads\/2026\/04\/Taxus-baccata.jpg\" alt=\"Taxus baccata Caresto\" \/><\/a><\/div>\n<\/div>\n<\/div>\n<\/div>\n<div class=\"brz-columns brz-css-d-column-column brz-css-tg7rx2\" data-brz-custom-id=\"rCWV6YVtgXmQ\">\n<div class=\"brz-column__items brz-css-d-column-bg brz-css-1gg0y9s\">\n<div id=\"\" class=\"brz-css-d-wrapper brz-css-kz7lah brz-wrapper\">\n<div class=\"brz-rich-text brz-rich-text__custom brz-css-d-richtext brz-css-1vw1s94\" data-brz-custom-id=\"ai25URFxEytC\">\n<div data-brz-translate-text=\"1\">\n<p class=\"brz-tp-lg-paragraph brz-css-ymGit\" data-uniq-id=\"dg0Al\" data-generated-css=\"brz-css-o9mGF\"><span style=\"color: #000000\">The presence of this plant, which is very rare in this area, characterises the hilly landscape of this part of the Chiascio Valley.<\/span><\/p>\n<p class=\"brz-tp-lg-paragraph brz-css-xbLjN\" data-uniq-id=\"dg0Al\" data-generated-css=\"brz-css-o9mGF\"><span style=\"color: #000000\">Its origin is likely linked to the presence, since the 17th century, of a kitchen garden available to the Rector or Parish Priest of San Bartolomeo for his own sustenance and that of his tenant farmers.<\/span><\/p>\n<p class=\"brz-tp-lg-paragraph brz-css-sELR4\" data-uniq-id=\"dg0Al\" data-generated-css=\"brz-css-o9mGF\"><span style=\"color: #000000\">The plant could have provided shelter and protection from sunlight for certain nearby crops and, in minimal quantities, been used in medicinal preparations.<\/span><\/p>\n<p class=\"brz-tp-lg-paragraph brz-css-xkDE_\" data-uniq-id=\"x4F6E\" data-generated-css=\"brz-css-gtlEj\"><span style=\"color: #000000\">Numerose fonti orali testimoniano l&#8217;uso dei suoi rami come oggetti decorativi in occasione di matrimoni o festivit\u00e0 locali, come la festa dei Santi Filippo e Giacomo, la festa di San Cristoforo o la festa di San Bartolomeo apostolo, a cui la chiesa \u00e8 dedicata.<\/span><\/p>\n<\/div>\n<\/div>\n<\/div>\n<div id=\"\" class=\"brz-css-d-wrapper brz-css-6wo6os brz-wrapper\">\n<div class=\"brz-rich-text brz-rich-text__custom brz-css-d-richtext brz-css-c88obj\" data-brz-custom-id=\"aaKcOhMOue78\">\n<div data-brz-translate-text=\"1\">\n<p class=\"brz-tp-lg-paragraph brz-css-kNpYu\" data-generated-css=\"brz-css-hLSiA\" data-uniq-id=\"uiQGK\">\n<\/div>\n<\/div>\n<\/div>\n<\/div>\n<\/div>\n<\/div>\n<\/div>\n<\/div>\n<\/div>\n<\/div>\n<div class=\"brz-accordion__item\">\n<div class=\"brz-accordion__nav\" data-brz-collapsible=\"off\">\n<p class=\"brz-accordion__nav-title brz-p brz-text__editor\" data-brz-translate-text=\"1\">15 Antiche mura sommitali<\/p>\n<p>&nbsp;<\/p>\n<\/div>\n<div class=\"brz-accordion__content brz-d-xs-flex brz-flex-xs-column\">\n<div class=\"brz-accordion__item-content brz-d-xs-flex brz-flex-xs-column\">\n<div class=\"brz-row__container brz-css-d-row-row brz-css-1o30wiq\" data-brz-custom-id=\"ppw_lBdLtZes\">\n<div class=\"brz-bg\">\n<div class=\"brz-bg-color\"><\/div>\n<\/div>\n<div class=\"brz-row brz-css-d-row-container brz-css-bgtr0s\">\n<div class=\"brz-columns brz-css-d-column-column brz-css-1h3ho3w\" data-brz-custom-id=\"tdrNZrn1ulKL\">\n<div class=\"brz-column__items brz-css-d-column-bg brz-css-w6pixb\">\n<div id=\"\" class=\"brz-css-d-wrapper brz-css-1lu9dnf brz-wrapper\">\n<div class=\"brz-rich-text brz-rich-text__custom brz-css-d-richtext brz-css-1c1jfrp\" data-brz-custom-id=\"j_MdA7r3T9IT\">\n<div data-brz-translate-text=\"1\">\n<p class=\"brz-tp-lg-paragraph brz-css-hFdCJ\" data-generated-css=\"brz-css-o20Ce\" data-uniq-id=\"bXvlt\"><span style=\"color: #000000\">A military garrison is, by definition, a space defended by a system of fortified infrastructure.<\/span><\/p>\n<p class=\"brz-tp-lg-paragraph brz-css-w2T2f\" data-generated-css=\"brz-css-ecfUD\" data-uniq-id=\"meAzS\"><span style=\"color: #000000\">A rudimentary stone wall system must have enclosed the original Castle of Caresto as early as the 13th century.<\/span><\/p>\n<p class=\"brz-tp-lg-paragraph brz-css-dBLtd\" data-generated-css=\"brz-css-uA9Kq\" data-uniq-id=\"x8EXd\"><span style=\"color: #000000\">This defensive infrastructure likely protected the Castle during the fierce armed raids of the 14th century. However, following the demolition of Caresto by Antonio da Montefeltro, it must have lost its utility, and consequently, it underwent no further modernisation, consolidation or restoration work.<\/span><\/p>\n<p class=\"brz-tp-lg-paragraph brz-css-sbSfS\" data-generated-css=\"brz-css-uA9Kq\" data-uniq-id=\"x8EXd\"><span style=\"color: #000000\">Vestiges of an ancient circular wall perimeter can still be observed today, although heavily degraded and discontinuous, within the woods surrounding the elevated settlement.<\/span><\/p>\n<\/div>\n<\/div>\n<\/div>\n<\/div>\n<\/div>\n<\/div>\n<\/div>\n<\/div>\n<\/div>\n<\/div>\n<div class=\"brz-accordion__item\">\n<div class=\"brz-accordion__nav\" data-brz-collapsible=\"off\">\n<p class=\"brz-accordion__nav-title brz-p brz-text__editor\" data-brz-translate-text=\"1\">16 Muraglia superiore<\/p>\n<p>&nbsp;<\/p>\n<\/div>\n<div class=\"brz-accordion__content brz-d-xs-flex brz-flex-xs-column\">\n<div class=\"brz-accordion__item-content brz-d-xs-flex brz-flex-xs-column\">\n<div class=\"brz-row__container brz-css-d-row-row brz-css-exx0s0\" data-brz-custom-id=\"mIu_JNlikHEn\">\n<div class=\"brz-bg\">\n<div class=\"brz-bg-color\"><\/div>\n<\/div>\n<div class=\"brz-row brz-css-d-row-container brz-css-10evuer\">\n<div class=\"brz-columns brz-css-d-column-column brz-css-i3bd64\" data-brz-custom-id=\"i55UjwrqHjvR\">\n<div class=\"brz-column__items brz-css-d-column-bg brz-css-1j5yamx\">\n<div id=\"\" class=\"brz-css-d-wrapper brz-css-1qxqkk6 brz-wrapper\">\n<div class=\"brz-image brz-image__lightbox brz-css-d-image-cniawstrshw4-parent brz-css-1canwg6\" data-brz-custom-id=\"cniAwsTRshw4\"><a class=\"brz-a\" href=\"https:\/\/www.castellodicaresto.it\/wp-content\/uploads\/2026\/05\/Mura-Caresto.jpg\" target=\"_self\" rel=\"noopener\" data-brz-link-type=\"lightBox\"><img decoding=\"async\" class=\"brz-img\" title=\"Mura Caresto\" src=\"https:\/\/www.castellodicaresto.it\/wp-content\/uploads\/2026\/05\/Mura-Caresto.jpg\" alt=\"Mura Caresto\" \/><\/a><\/div>\n<\/div>\n<\/div>\n<\/div>\n<div class=\"brz-columns brz-css-d-column-column brz-css-1lowcf3\" data-brz-custom-id=\"pQWKCgISSTZ4\">\n<div class=\"brz-column__items brz-css-d-column-bg brz-css-b2chay\">\n<div id=\"\" class=\"brz-css-d-wrapper brz-css-iv1dw brz-wrapper\">\n<div class=\"brz-rich-text brz-rich-text__custom brz-css-d-richtext brz-css-r1ub7x\" data-brz-custom-id=\"pTL9w5tEMhpu\">\n<div data-brz-translate-text=\"1\">\n<p class=\"brz-tp-lg-paragraph brz-tp-sm-paragraph brz-fsft-lg-0 brz-fwdth-lg-100 brz-vfw-lg-400 brz-lh-lg-1_8 brz-ls-lg-0 brz-fw-lg-400 brz-fss-lg-px brz-fs-lg-16 brz-ft-google brz-ff-palanquin brz-css-u3mH9\" data-uniq-id=\"cf2ng\" data-generated-css=\"brz-css-vPsfx\"><span style=\"color: #000000\">With the reconstruction of the settlement in the first quarter of the 15th century, the need arose to surpass the by then rudimentary defensive system protecting the ancient Castle. Consequently, in 1471, the community representatives entered into a labour contract with the master builders <\/span><em class=\"brz-italic-true\" style=\"color: #000000\">Petrus Johannis e Baldojacobus Giorgi<\/em><span style=\"color: #000000\"> from Lake Maggiore.<\/span><\/p>\n<p class=\"brz-tp-lg-paragraph brz-tp-sm-paragraph brz-fsft-lg-0 brz-fwdth-lg-100 brz-vfw-lg-400 brz-lh-lg-1_8 brz-ls-lg-0 brz-fw-lg-400 brz-fss-lg-px brz-fs-lg-16 brz-ft-google brz-ff-palanquin brz-css-jz5i1\" data-uniq-id=\"ar6KS\" data-generated-css=\"brz-css-mRULe\"><span style=\"color: #000000\">These craftsmen, evidently highly skilled, were commissioned to <\/span><em class=\"brz-italic-true\" style=\"color: #000000\">build the walls of Caresto Castle using good and reliable materials<\/em><span style=\"color: #000000\">.<\/span><\/p>\n<\/div>\n<\/div>\n<\/div>\n<div id=\"\" class=\"brz-css-d-wrapper brz-css-13gg5ew brz-wrapper\">\n<div class=\"brz-rich-text brz-rich-text__custom brz-css-d-richtext brz-css-1n1sf0i\" data-brz-custom-id=\"kpULBYsU16qb\">\n<div data-brz-translate-text=\"1\">\n<p class=\"brz-tp-lg-paragraph brz-css-kHPyz\" data-uniq-id=\"kiNcF\" data-generated-css=\"brz-css-n_UwH\"><span style=\"color: #000000\">Thanks to a deed of donation signed six years later, we know that the space enclosed by the new, now completed wall assumed a public function as a community venue designated for council gatherings and the signing of official documents.<\/span><\/p>\n<\/div>\n<\/div>\n<\/div>\n<\/div>\n<\/div>\n<\/div>\n<\/div>\n<\/div>\n<\/div>\n<\/div>\n<\/div>\n<\/div>\n<\/div>\n<\/div>\n<\/section>\n<\/div>\n<p><!-- version:1779964614 --><\/p>","protected":false},"excerpt":{"rendered":"<p>VISITA GUIDATA Un tour nel sito di Caresto 1 Benvenuti a CARESTO &nbsp; Il Castello di Caresto si trova nel [&hellip;]<\/p>\n","protected":false},"author":2,"featured_media":1248,"parent":0,"menu_order":0,"comment_status":"closed","ping_status":"closed","template":"brizy-blank-template.php","meta":{"site-sidebar-layout":"default","site-content-layout":"","ast-site-content-layout":"default","site-content-style":"default","site-sidebar-style":"default","ast-global-header-display":"","ast-banner-title-visibility":"","ast-main-header-display":"","ast-hfb-above-header-display":"","ast-hfb-below-header-display":"","ast-hfb-mobile-header-display":"","site-post-title":"","ast-breadcrumbs-content":"","ast-featured-img":"","footer-sml-layout":"","ast-disable-related-posts":"","theme-transparent-header-meta":"default","adv-header-id-meta":"","stick-header-meta":"","header-above-stick-meta":"","header-main-stick-meta":"","header-below-stick-meta":"","astra-migrate-meta-layouts":"set","ast-page-background-enabled":"default","ast-page-background-meta":{"desktop":{"background-color":"var(--ast-global-color-5)","background-image":"","background-repeat":"repeat","background-position":"center center","background-size":"auto","background-attachment":"scroll","background-type":"","background-media":"","overlay-type":"","overlay-color":"","overlay-opacity":"","overlay-gradient":""},"tablet":{"background-color":"","background-image":"","background-repeat":"repeat","background-position":"center center","background-size":"auto","background-attachment":"scroll","background-type":"","background-media":"","overlay-type":"","overlay-color":"","overlay-opacity":"","overlay-gradient":""},"mobile":{"background-color":"","background-image":"","background-repeat":"repeat","background-position":"center center","background-size":"auto","background-attachment":"scroll","background-type":"","background-media":"","overlay-type":"","overlay-color":"","overlay-opacity":"","overlay-gradient":""}},"ast-content-background-meta":{"desktop":{"background-color":"var(--ast-global-color-4)","background-image":"","background-repeat":"repeat","background-position":"center center","background-size":"auto","background-attachment":"scroll","background-type":"","background-media":"","overlay-type":"","overlay-color":"","overlay-opacity":"","overlay-gradient":""},"tablet":{"background-color":"var(--ast-global-color-4)","background-image":"","background-repeat":"repeat","background-position":"center center","background-size":"auto","background-attachment":"scroll","background-type":"","background-media":"","overlay-type":"","overlay-color":"","overlay-opacity":"","overlay-gradient":""},"mobile":{"background-color":"var(--ast-global-color-4)","background-image":"","background-repeat":"repeat","background-position":"center center","background-size":"auto","background-attachment":"scroll","background-type":"","background-media":"","overlay-type":"","overlay-color":"","overlay-opacity":"","overlay-gradient":""}},"footnotes":"","_wp_rev_ctl_limit":""},"class_list":["post-2866","page","type-page","status-publish","has-post-thumbnail","hentry"],"yoast_head":"<!-- This site is optimized with the Yoast SEO plugin v28.3 - https:\/\/yoast.com\/product\/yoast-seo-wordpress\/ -->\n<title>VISITA GUIDATA - Castello di Caresto<\/title>\n<meta name=\"description\" content=\"Una visita guidata nel sito storico del Castello di Caresto con un percorso attraverso i manufatti chiave che caratterizzano il luogo\" \/>\n<meta name=\"robots\" content=\"index, follow, max-snippet:-1, max-image-preview:large, max-video-preview:-1\" \/>\n<link rel=\"canonical\" href=\"https:\/\/www.castellodicaresto.it\/en\/visita\/\" \/>\n<meta property=\"og:locale\" content=\"en_GB\" \/>\n<meta property=\"og:type\" content=\"article\" \/>\n<meta property=\"og:title\" content=\"VISITA GUIDATA - Castello di Caresto\" \/>\n<meta property=\"og:description\" content=\"Una visita guidata nel sito storico del Castello di Caresto con un percorso attraverso i manufatti chiave che caratterizzano il luogo\" \/>\n<meta property=\"og:url\" content=\"https:\/\/www.castellodicaresto.it\/en\/visita\/\" \/>\n<meta property=\"og:site_name\" content=\"Castello di Caresto\" \/>\n<meta property=\"article:modified_time\" content=\"2026-06-10T16:03:31+00:00\" \/>\n<meta property=\"og:image\" content=\"https:\/\/www.castellodicaresto.it\/wp-content\/uploads\/2026\/04\/Caresto-1770-Giorgio-Uberti.jpg\" \/>\n\t<meta property=\"og:image:width\" content=\"1240\" \/>\n\t<meta property=\"og:image:height\" content=\"1080\" \/>\n\t<meta property=\"og:image:type\" content=\"image\/jpeg\" \/>\n<meta name=\"twitter:card\" content=\"summary_large_image\" \/>\n<meta name=\"twitter:label1\" content=\"Estimated reading time\" \/>\n\t<meta name=\"twitter:data1\" content=\"13 minutes\" \/>\n<script type=\"application\/ld+json\" class=\"yoast-schema-graph\">{\"@context\":\"https:\\\/\\\/schema.org\",\"@graph\":[{\"@type\":\"WebPage\",\"@id\":\"https:\\\/\\\/www.castellodicaresto.it\\\/visita\\\/\",\"url\":\"https:\\\/\\\/www.castellodicaresto.it\\\/visita\\\/\",\"name\":\"VISITA GUIDATA - Castello di Caresto\",\"isPartOf\":{\"@id\":\"https:\\\/\\\/www.castellodicaresto.it\\\/#website\"},\"primaryImageOfPage\":{\"@id\":\"https:\\\/\\\/www.castellodicaresto.it\\\/visita\\\/#primaryimage\"},\"image\":{\"@id\":\"https:\\\/\\\/www.castellodicaresto.it\\\/visita\\\/#primaryimage\"},\"thumbnailUrl\":\"https:\\\/\\\/www.castellodicaresto.it\\\/wp-content\\\/uploads\\\/2026\\\/04\\\/Caresto-1770-Giorgio-Uberti.jpg\",\"datePublished\":\"2026-05-20T08:59:23+00:00\",\"dateModified\":\"2026-06-10T16:03:31+00:00\",\"description\":\"Una visita guidata nel sito storico del Castello di Caresto con un percorso attraverso i manufatti chiave che caratterizzano il luogo\",\"breadcrumb\":{\"@id\":\"https:\\\/\\\/www.castellodicaresto.it\\\/visita\\\/#breadcrumb\"},\"inLanguage\":\"en-GB\",\"potentialAction\":[{\"@type\":\"ReadAction\",\"target\":[\"https:\\\/\\\/www.castellodicaresto.it\\\/visita\\\/\"]}]},{\"@type\":\"ImageObject\",\"inLanguage\":\"en-GB\",\"@id\":\"https:\\\/\\\/www.castellodicaresto.it\\\/visita\\\/#primaryimage\",\"url\":\"https:\\\/\\\/www.castellodicaresto.it\\\/wp-content\\\/uploads\\\/2026\\\/04\\\/Caresto-1770-Giorgio-Uberti.jpg\",\"contentUrl\":\"https:\\\/\\\/www.castellodicaresto.it\\\/wp-content\\\/uploads\\\/2026\\\/04\\\/Caresto-1770-Giorgio-Uberti.jpg\",\"width\":1240,\"height\":1080,\"caption\":\"Caresto 1770 Giorgio Uberti\"},{\"@type\":\"BreadcrumbList\",\"@id\":\"https:\\\/\\\/www.castellodicaresto.it\\\/visita\\\/#breadcrumb\",\"itemListElement\":[{\"@type\":\"ListItem\",\"position\":1,\"name\":\"Home\",\"item\":\"https:\\\/\\\/www.castellodicaresto.it\\\/\"},{\"@type\":\"ListItem\",\"position\":2,\"name\":\"VISITA\"}]},{\"@type\":\"WebSite\",\"@id\":\"https:\\\/\\\/www.castellodicaresto.it\\\/#website\",\"url\":\"https:\\\/\\\/www.castellodicaresto.it\\\/\",\"name\":\"Castello di Caresto\",\"description\":\"Sito uffficiale\",\"potentialAction\":[{\"@type\":\"SearchAction\",\"target\":{\"@type\":\"EntryPoint\",\"urlTemplate\":\"https:\\\/\\\/www.castellodicaresto.it\\\/?s={search_term_string}\"},\"query-input\":{\"@type\":\"PropertyValueSpecification\",\"valueRequired\":true,\"valueName\":\"search_term_string\"}}],\"inLanguage\":\"en-GB\"}]}<\/script>\n<!-- \/ Yoast SEO plugin. -->","yoast_head_json":{"title":"VISITA GUIDATA - Castello di Caresto","description":"Una visita guidata nel sito storico del Castello di Caresto con un percorso attraverso i manufatti chiave che caratterizzano il luogo","robots":{"index":"index","follow":"follow","max-snippet":"max-snippet:-1","max-image-preview":"max-image-preview:large","max-video-preview":"max-video-preview:-1"},"canonical":"https:\/\/www.castellodicaresto.it\/en\/visita\/","og_locale":"en_GB","og_type":"article","og_title":"VISITA GUIDATA - Castello di Caresto","og_description":"Una visita guidata nel sito storico del Castello di Caresto con un percorso attraverso i manufatti chiave che caratterizzano il luogo","og_url":"https:\/\/www.castellodicaresto.it\/en\/visita\/","og_site_name":"Castello di Caresto","article_modified_time":"2026-06-10T16:03:31+00:00","og_image":[{"width":1240,"height":1080,"url":"https:\/\/www.castellodicaresto.it\/wp-content\/uploads\/2026\/04\/Caresto-1770-Giorgio-Uberti.jpg","type":"image\/jpeg"}],"twitter_card":"summary_large_image","twitter_misc":{"Estimated reading time":"13 minutes"},"schema":{"@context":"https:\/\/schema.org","@graph":[{"@type":"WebPage","@id":"https:\/\/www.castellodicaresto.it\/visita\/","url":"https:\/\/www.castellodicaresto.it\/visita\/","name":"VISITA GUIDATA - Castello di Caresto","isPartOf":{"@id":"https:\/\/www.castellodicaresto.it\/#website"},"primaryImageOfPage":{"@id":"https:\/\/www.castellodicaresto.it\/visita\/#primaryimage"},"image":{"@id":"https:\/\/www.castellodicaresto.it\/visita\/#primaryimage"},"thumbnailUrl":"https:\/\/www.castellodicaresto.it\/wp-content\/uploads\/2026\/04\/Caresto-1770-Giorgio-Uberti.jpg","datePublished":"2026-05-20T08:59:23+00:00","dateModified":"2026-06-10T16:03:31+00:00","description":"Una visita guidata nel sito storico del Castello di Caresto con un percorso attraverso i manufatti chiave che caratterizzano il luogo","breadcrumb":{"@id":"https:\/\/www.castellodicaresto.it\/visita\/#breadcrumb"},"inLanguage":"en-GB","potentialAction":[{"@type":"ReadAction","target":["https:\/\/www.castellodicaresto.it\/visita\/"]}]},{"@type":"ImageObject","inLanguage":"en-GB","@id":"https:\/\/www.castellodicaresto.it\/visita\/#primaryimage","url":"https:\/\/www.castellodicaresto.it\/wp-content\/uploads\/2026\/04\/Caresto-1770-Giorgio-Uberti.jpg","contentUrl":"https:\/\/www.castellodicaresto.it\/wp-content\/uploads\/2026\/04\/Caresto-1770-Giorgio-Uberti.jpg","width":1240,"height":1080,"caption":"Caresto 1770 Giorgio Uberti"},{"@type":"BreadcrumbList","@id":"https:\/\/www.castellodicaresto.it\/visita\/#breadcrumb","itemListElement":[{"@type":"ListItem","position":1,"name":"Home","item":"https:\/\/www.castellodicaresto.it\/"},{"@type":"ListItem","position":2,"name":"VISITA"}]},{"@type":"WebSite","@id":"https:\/\/www.castellodicaresto.it\/#website","url":"https:\/\/www.castellodicaresto.it\/","name":"Caresto Castle","description":"Sito uffficiale","potentialAction":[{"@type":"SearchAction","target":{"@type":"EntryPoint","urlTemplate":"https:\/\/www.castellodicaresto.it\/?s={search_term_string}"},"query-input":{"@type":"PropertyValueSpecification","valueRequired":true,"valueName":"search_term_string"}}],"inLanguage":"en-GB"}]}},"brizy_media":[{"id":19,"url":"https:\/\/www.castellodicaresto.it\/wp-content\/uploads\/2025\/12\/Caresto-Mappa-Antica.jpg","name":"Caresto-Mappa-Antica.jpg","meta":{"brizy_attachment_uid":"wp-71eebb88bce3a68aabeb3d6c7615b15c.jpg","brizy_post_uid":["c7247a28098d4cef24da5d95cea8f794","7ce5ebf17fd13906de03d4a9a94ded76"]}},{"id":509,"url":"https:\/\/www.castellodicaresto.it\/wp-content\/uploads\/2025\/12\/CHIESA_STATUA2.jpg","name":"CHIESA_STATUA2.jpg","meta":{"brizy_attachment_uid":"wp-3178bac4caeae0d02948a1efe0000897.jpg","brizy_post_uid":["7ce5ebf17fd13906de03d4a9a94ded76"]}},{"id":525,"url":"https:\/\/www.castellodicaresto.it\/wp-content\/uploads\/2025\/12\/fiume-chiascio-caresto.jpg","name":"fiume-chiascio-caresto.jpg","meta":{"brizy_attachment_uid":"wp-667c4eb8b5dfe76e2dc0a83b6757d9d7.jpg","brizy_post_uid":["7ce5ebf17fd13906de03d4a9a94ded76"]}},{"id":529,"url":"https:\/\/www.castellodicaresto.it\/wp-content\/uploads\/2025\/12\/LogoCaresto.png","name":"LogoCaresto.png","meta":{"brizy_attachment_uid":"wp-34dba039a860f0e54498d7f4f0e0ed9b.png","brizy_post_uid":["7ce5ebf17fd13906de03d4a9a94ded76","06a08b4489f0cd1aa825bb854e8b0bd1"]}},{"id":533,"url":"https:\/\/www.castellodicaresto.it\/wp-content\/uploads\/2025\/12\/castello-caresto-tramonto.jpg","name":"castello-caresto-tramonto.jpg","meta":{"brizy_attachment_uid":"wp-37dc1fd5714f0fe4a9c2a667fd7bac6e.jpg","brizy_post_uid":["7ce5ebf17fd13906de03d4a9a94ded76"]}},{"id":540,"url":"https:\/\/www.castellodicaresto.it\/wp-content\/uploads\/2025\/12\/castello-caresto.jpg","name":"castello-caresto.jpg","meta":{"brizy_attachment_uid":"wp-87a7858a421a6334d0ec99c16d70a4c7.jpg","brizy_post_uid":["7ce5ebf17fd13906de03d4a9a94ded76"]}},{"id":854,"url":"https:\/\/www.castellodicaresto.it\/wp-content\/uploads\/2026\/03\/Mappa-Georgi-Caresto-1573.jpg","name":"Mappa-Georgi-Caresto-1573.jpg","meta":{"brizy_attachment_uid":"wp-55380d39e6f8bc69d2d78e0423d127aa.jpg","brizy_post_uid":["7ce5ebf17fd13906de03d4a9a94ded76"]}},{"id":998,"url":"https:\/\/www.castellodicaresto.it\/wp-content\/uploads\/2026\/04\/LogoCarestoW.png","name":"LogoCarestoW.png","meta":{"brizy_attachment_uid":"wp-d83e1b012c54b7345aefd19a1ffb4dda.png","brizy_post_uid":["7ce5ebf17fd13906de03d4a9a94ded76","06a08b4489f0cd1aa825bb854e8b0bd1","03ca2963059e14ad8681b9a4cfd47746"]}},{"id":1232,"url":"https:\/\/www.castellodicaresto.it\/wp-content\/uploads\/2026\/04\/Caresto-1768-Catasto.jpg","name":"Caresto-1768-Catasto.jpg","meta":{"brizy_attachment_uid":"wp-e8a8865721790c68eccfcf51cbf9ee6a.jpg","brizy_post_uid":["7ce5ebf17fd13906de03d4a9a94ded76"]}},{"id":1246,"url":"https:\/\/www.castellodicaresto.it\/wp-content\/uploads\/2026\/04\/Caresto-territorio-Giorgio-Uberti.jpg","name":"Caresto-territorio-Giorgio-Uberti.jpg","meta":{"brizy_attachment_uid":"wp-eab2986f74c74144b25f0773d2652b98.jpg","brizy_post_uid":["7ce5ebf17fd13906de03d4a9a94ded76"]}},{"id":1247,"url":"https:\/\/www.castellodicaresto.it\/wp-content\/uploads\/2026\/04\/Villa-Caresto-Giorgio-Uberti.jpg","name":"Villa-Caresto-Giorgio-Uberti.jpg","meta":{"brizy_attachment_uid":"wp-57c08e57976112d4e39277b58a6718ec.jpg","brizy_post_uid":["7ce5ebf17fd13906de03d4a9a94ded76"]}},{"id":1248,"url":"https:\/\/www.castellodicaresto.it\/wp-content\/uploads\/2026\/04\/Caresto-1770-Giorgio-Uberti.jpg","name":"Caresto-1770-Giorgio-Uberti.jpg","meta":{"brizy_attachment_uid":"wp-d514f970d819a76e9f2a869a8da51142.jpg","brizy_post_uid":["7ce5ebf17fd13906de03d4a9a94ded76"]}},{"id":1334,"url":"https:\/\/www.castellodicaresto.it\/wp-content\/uploads\/2026\/04\/Caresto-Intero-2003.jpg","name":"Caresto-Intero-2003.jpg","meta":{"brizy_attachment_uid":"wp-857e33dd2ad7581de6a27bdcf9fdd0ca.jpg","brizy_post_uid":["7ce5ebf17fd13906de03d4a9a94ded76"]}},{"id":1528,"url":"https:\/\/www.castellodicaresto.it\/wp-content\/uploads\/2026\/04\/Caresto-ADS-Fondo-Comunale-1345-Wide.jpg","name":"Caresto-ADS-Fondo-Comunale-1345-Wide.jpg","meta":{"brizy_attachment_uid":"wp-31d94a9bfaa82d7926339dc30130ca5c.jpg","brizy_post_uid":["7ce5ebf17fd13906de03d4a9a94ded76"]}},{"id":1529,"url":"https:\/\/www.castellodicaresto.it\/wp-content\/uploads\/2026\/04\/Caresto-ADS-Fondo-Comunale-1345.jpg","name":"Caresto-ADS-Fondo-Comunale-1345.jpg","meta":{"brizy_attachment_uid":"wp-10ef47a8c8f1154e7535a9c876f0a47e.jpg","brizy_post_uid":["7ce5ebf17fd13906de03d4a9a94ded76"]}},{"id":1539,"url":"https:\/\/www.castellodicaresto.it\/wp-content\/uploads\/2026\/04\/Caresto-ADS-Fondo-Armanni-1312-9.jpg","name":"Caresto-ADS-Fondo-Armanni-1312-9.jpg","meta":{"brizy_attachment_uid":"wp-aa64af44fb9925b535d925d6ea2cf5c4.jpg","brizy_post_uid":["7ce5ebf17fd13906de03d4a9a94ded76"]}},{"id":1590,"url":"https:\/\/www.castellodicaresto.it\/wp-content\/uploads\/2026\/04\/Caresto-ADS-Savelli-1570.jpg","name":"Caresto-ADS-Savelli-1570.jpg","meta":{"brizy_attachment_uid":"wp-6d66e8b66d0bf0d0aa7a6a13547aa311.jpg","brizy_post_uid":["7ce5ebf17fd13906de03d4a9a94ded76"]}},{"id":1666,"url":"https:\/\/www.castellodicaresto.it\/wp-content\/uploads\/2026\/04\/Caresto-Venezia-1582.jpg","name":"Caresto-Venezia-1582.jpg","meta":{"brizy_attachment_uid":"wp-4cd78f9b678ab1b9a3e38b8d261d80b2.jpg","brizy_post_uid":["7ce5ebf17fd13906de03d4a9a94ded76"]}},{"id":1678,"url":"https:\/\/www.castellodicaresto.it\/wp-content\/uploads\/2026\/04\/Caresto-ADS-Carpegna-1635.jpg","name":"Caresto-ADS-Carpegna-1635.jpg","meta":{"brizy_attachment_uid":"wp-ecb637d10474ca04a6f58bd7a17f61e6.jpg","brizy_post_uid":["7ce5ebf17fd13906de03d4a9a94ded76"]}},{"id":1684,"url":"https:\/\/www.castellodicaresto.it\/wp-content\/uploads\/2026\/04\/Caresto-ADS-Monaldi-1642.jpg","name":"Caresto-ADS-Monaldi-1642.jpg","meta":{"brizy_attachment_uid":"wp-e3f73ae0a0ab29841d5130883fb993cc.jpg","brizy_post_uid":["7ce5ebf17fd13906de03d4a9a94ded76"]}},{"id":1709,"url":"https:\/\/www.castellodicaresto.it\/wp-content\/uploads\/2026\/04\/Caresto-ADS-Brogliardo-1766.jpg","name":"Caresto-ADS-Brogliardo-1766.jpg","meta":{"brizy_attachment_uid":"wp-ab207e31e212333f790bc9db9b6d288b.jpg","brizy_post_uid":["7ce5ebf17fd13906de03d4a9a94ded76"]}},{"id":1716,"url":"https:\/\/www.castellodicaresto.it\/wp-content\/uploads\/2026\/04\/Caresto-ADS-Ghelli-1770.jpg","name":"Caresto-ADS-Ghelli-1770.jpg","meta":{"brizy_attachment_uid":"wp-9d30fe193b2180834c8cce093e94e648.jpg","brizy_post_uid":["7ce5ebf17fd13906de03d4a9a94ded76"]}},{"id":1746,"url":"https:\/\/www.castellodicaresto.it\/wp-content\/uploads\/2026\/04\/Caresto-ADS-Pecci-1851.jpg","name":"Caresto-ADS-Pecci-1851.jpg","meta":{"brizy_attachment_uid":"wp-63cccdb57648beabada5fc82c1e4a6a5.jpg","brizy_post_uid":["7ce5ebf17fd13906de03d4a9a94ded76"]}},{"id":1814,"url":"https:\/\/www.castellodicaresto.it\/wp-content\/uploads\/2026\/04\/Gubbio-logo.png","name":"Gubbio-logo.png","meta":{"brizy_attachment_uid":"wp-e600e2049dabdb416f8485165eb378b3.png","brizy_post_uid":["7ce5ebf17fd13906de03d4a9a94ded76"]}},{"id":1855,"url":"https:\/\/www.castellodicaresto.it\/wp-content\/uploads\/2026\/04\/Gubbio.png","name":"Gubbio.png","meta":{"brizy_attachment_uid":"wp-5383c15615a74b694d8dd3e33ec2eded.png","brizy_post_uid":["7ce5ebf17fd13906de03d4a9a94ded76"]}},{"id":2119,"url":"https:\/\/www.castellodicaresto.it\/wp-content\/uploads\/2026\/04\/Taxus-baccata.jpg","name":"Taxus-baccata.jpg","meta":{"brizy_attachment_uid":"wp-bc74f803cc760f3d1c97ddcf5c236f12.jpg","brizy_post_uid":["7ce5ebf17fd13906de03d4a9a94ded76"]}},{"id":2120,"url":"https:\/\/www.castellodicaresto.it\/wp-content\/uploads\/2026\/04\/Templari.jpg","name":"Templari.jpg","meta":{"brizy_attachment_uid":"wp-7ddb5966dee302d8587da4beb70fd00e.jpg","brizy_post_uid":["7ce5ebf17fd13906de03d4a9a94ded76"]}},{"id":2121,"url":"https:\/\/www.castellodicaresto.it\/wp-content\/uploads\/2026\/04\/Vello.jpg","name":"Vello.jpg","meta":{"brizy_attachment_uid":"wp-b1184565361502bdd44b79be2ea31778.jpg","brizy_post_uid":["7ce5ebf17fd13906de03d4a9a94ded76"]}},{"id":2122,"url":"https:\/\/www.castellodicaresto.it\/wp-content\/uploads\/2026\/04\/Liguri.jpg","name":"Liguri.jpg","meta":{"brizy_attachment_uid":"wp-ac07a2387712c0f7ffee9d9515e599cc.jpg","brizy_post_uid":["7ce5ebf17fd13906de03d4a9a94ded76"]}},{"id":2167,"url":"https:\/\/www.castellodicaresto.it\/wp-content\/uploads\/2026\/04\/Caresto-gallerie.jpg","name":"Caresto-gallerie.jpg","meta":{"brizy_attachment_uid":"wp-c1d13211e619187fc222e26e0336a938.jpg","brizy_post_uid":["7ce5ebf17fd13906de03d4a9a94ded76"]}},{"id":2354,"url":"https:\/\/www.castellodicaresto.it\/wp-content\/uploads\/2026\/05\/CHIESA_CAMPANILE.jpg","name":"CHIESA_CAMPANILE.jpg","meta":{"brizy_attachment_uid":"wp-565b0a201585aa6a8f1fa71881c7c06e.jpg","brizy_post_uid":["7ce5ebf17fd13906de03d4a9a94ded76"]}},{"id":2498,"url":"https:\/\/www.castellodicaresto.it\/wp-content\/uploads\/2026\/05\/Italia-longobarda-616.jpg","name":"Italia-longobarda-616.jpg","meta":{"brizy_attachment_uid":"wp-7357ecab8675045f721a88dd577a6c6d.jpg","brizy_post_uid":["7ce5ebf17fd13906de03d4a9a94ded76"]}},{"id":2499,"url":"https:\/\/www.castellodicaresto.it\/wp-content\/uploads\/2026\/05\/Dopo-la-pace-di-Lodi-1454.jpg","name":"Dopo-la-pace-di-Lodi-1454.jpg","meta":{"brizy_attachment_uid":"wp-ca4c71ff794d6ab84aabcc5ba97ae0c1.jpg","brizy_post_uid":["7ce5ebf17fd13906de03d4a9a94ded76"]}},{"id":2500,"url":"https:\/\/www.castellodicaresto.it\/wp-content\/uploads\/2026\/05\/Divisione-amministrativa-1812.jpg","name":"Divisione-amministrativa-1812.jpg","meta":{"brizy_attachment_uid":"wp-552957bc21964229c0cc040544afdafb.jpg","brizy_post_uid":["7ce5ebf17fd13906de03d4a9a94ded76"]}},{"id":2842,"url":"https:\/\/www.castellodicaresto.it\/wp-content\/uploads\/2026\/05\/Casa-Caresto.jpg","name":"Casa-Caresto.jpg","meta":{"brizy_attachment_uid":"wp-5eec8b91f3ee9b3ef8b2496236c2a5c9.jpg","brizy_post_uid":["7ce5ebf17fd13906de03d4a9a94ded76"]}},{"id":2843,"url":"https:\/\/www.castellodicaresto.it\/wp-content\/uploads\/2026\/05\/Cassero-Caresto-2.jpg","name":"Cassero-Caresto-2.jpg","meta":{"brizy_attachment_uid":"wp-0a1cf505715b4abd4ed36ad1514f8336.jpg","brizy_post_uid":["7ce5ebf17fd13906de03d4a9a94ded76"]}},{"id":2844,"url":"https:\/\/www.castellodicaresto.it\/wp-content\/uploads\/2026\/05\/Cassero-Caresto.jpg","name":"Cassero-Caresto.jpg","meta":{"brizy_attachment_uid":"wp-174330d29eb2b4f0d4e65ed9a94b89d5.jpg","brizy_post_uid":["7ce5ebf17fd13906de03d4a9a94ded76"]}},{"id":2845,"url":"https:\/\/www.castellodicaresto.it\/wp-content\/uploads\/2026\/05\/Chiesa-Caresto.jpg","name":"Chiesa-Caresto.jpg","meta":{"brizy_attachment_uid":"wp-a5f2c21bcdba65b5f14e33c660e716a3.jpg","brizy_post_uid":["7ce5ebf17fd13906de03d4a9a94ded76"]}},{"id":2846,"url":"https:\/\/www.castellodicaresto.it\/wp-content\/uploads\/2026\/05\/Forno-Caresto.jpg","name":"Forno-Caresto.jpg","meta":{"brizy_attachment_uid":"wp-c07e435ccb1aed5ef1a718083ed588a0.jpg","brizy_post_uid":["7ce5ebf17fd13906de03d4a9a94ded76"]}},{"id":2847,"url":"https:\/\/www.castellodicaresto.it\/wp-content\/uploads\/2026\/05\/Fosse-Caresto.jpg","name":"Fosse-Caresto.jpg","meta":{"brizy_attachment_uid":"wp-8d5b0f684058202603a09010dc1e379c.jpg","brizy_post_uid":["7ce5ebf17fd13906de03d4a9a94ded76"]}},{"id":2848,"url":"https:\/\/www.castellodicaresto.it\/wp-content\/uploads\/2026\/05\/Mura-Caresto.jpg","name":"Mura-Caresto.jpg","meta":{"brizy_attachment_uid":"wp-7f7355a1c6969e25792db2601bb6dbb8.jpg","brizy_post_uid":["7ce5ebf17fd13906de03d4a9a94ded76"]}},{"id":2849,"url":"https:\/\/www.castellodicaresto.it\/wp-content\/uploads\/2026\/05\/Statue-Caresto.jpg","name":"Statue-Caresto.jpg","meta":{"brizy_attachment_uid":"wp-77edd3338be355dd83a3aa09d7ccaadd.jpg","brizy_post_uid":["7ce5ebf17fd13906de03d4a9a94ded76"]}},{"id":2850,"url":"https:\/\/www.castellodicaresto.it\/wp-content\/uploads\/2026\/05\/Totale-Castello-Caresto.jpg","name":"Totale-Castello-Caresto.jpg","meta":{"brizy_attachment_uid":"wp-4e16bb7d6522b846c28a30a61d35ed22.jpg","brizy_post_uid":["7ce5ebf17fd13906de03d4a9a94ded76"]}},{"id":2927,"url":"https:\/\/www.castellodicaresto.it\/wp-content\/uploads\/2026\/05\/Valle-Chiascio.jpg","name":"Valle-Chiascio.jpg","meta":{"brizy_attachment_uid":"wp-cd212de333936051c0384a9220095ba7.jpg","brizy_post_uid":["7ce5ebf17fd13906de03d4a9a94ded76"]}},{"id":2993,"url":"https:\/\/www.castellodicaresto.it\/wp-content\/uploads\/2026\/05\/Campanile-Caresto.jpg","name":"Campanile-Caresto.jpg","meta":{"brizy_attachment_uid":"wp-2d7ac7faba10a5087651b0596ddfe81b.jpg","brizy_post_uid":["7ce5ebf17fd13906de03d4a9a94ded76"]}},{"id":3138,"url":"https:\/\/www.castellodicaresto.it\/wp-content\/uploads\/2026\/05\/Cassero-Caresto-IGM.jpg","name":"Cassero-Caresto-IGM.jpg","meta":{"brizy_attachment_uid":"wp-94a0ebbadedc73cf53c05a91f7e8f88f.jpg","brizy_post_uid":["7ce5ebf17fd13906de03d4a9a94ded76"]}},{"id":3164,"url":"https:\/\/www.castellodicaresto.it\/wp-content\/uploads\/2026\/05\/Capriate-Caresto-2003.jpg","name":"Capriate-Caresto-2003.jpg","meta":{"brizy_attachment_uid":"wp-3cb1e57df09ea0a86a41d7ffc5eb7776.jpg","brizy_post_uid":["7ce5ebf17fd13906de03d4a9a94ded76"]}},{"id":3165,"url":"https:\/\/www.castellodicaresto.it\/wp-content\/uploads\/2026\/05\/Affresco-Caresto-2003.jpg","name":"Affresco-Caresto-2003.jpg","meta":{"brizy_attachment_uid":"wp-84cdd2ad18919f7ac95bf950e312939a.jpg","brizy_post_uid":["7ce5ebf17fd13906de03d4a9a94ded76"]}},{"id":3166,"url":"https:\/\/www.castellodicaresto.it\/wp-content\/uploads\/2026\/05\/Casa-Curato-Caresto-2003.jpg","name":"Casa-Curato-Caresto-2003.jpg","meta":{"brizy_attachment_uid":"wp-aaa71cf8c509f1b08f7b101623455d34.jpg","brizy_post_uid":["7ce5ebf17fd13906de03d4a9a94ded76"]}},{"id":3167,"url":"https:\/\/www.castellodicaresto.it\/wp-content\/uploads\/2026\/05\/Castello-Intero-Caresto.jpg","name":"Castello-Intero-Caresto.jpg","meta":{"brizy_attachment_uid":"wp-dc68f3f1d054122afd946066d2ef3a7e.jpg","brizy_post_uid":["7ce5ebf17fd13906de03d4a9a94ded76"]}},{"id":3168,"url":"https:\/\/www.castellodicaresto.it\/wp-content\/uploads\/2026\/05\/Interno-Chiesa-Caresto-2003.jpg","name":"Interno-Chiesa-Caresto-2003.jpg","meta":{"brizy_attachment_uid":"wp-94393570b82d11f4be9866460064932d.jpg","brizy_post_uid":["7ce5ebf17fd13906de03d4a9a94ded76"]}},{"id":3169,"url":"https:\/\/www.castellodicaresto.it\/wp-content\/uploads\/2026\/05\/Casa-Curato-Caresto-2003-bis.jpg","name":"Casa-Curato-Caresto-2003-bis.jpg","meta":{"brizy_attachment_uid":"wp-97a7c4e631ee766b74cd00f6b99e006b.jpg","brizy_post_uid":["7ce5ebf17fd13906de03d4a9a94ded76"]}},{"id":3170,"url":"https:\/\/www.castellodicaresto.it\/wp-content\/uploads\/2026\/05\/Cassero-Caresto-3.jpg","name":"Cassero-Caresto-3.jpg","meta":{"brizy_attachment_uid":"wp-df2af021c0aef932e4249ea9a3fed3dc.jpg","brizy_post_uid":["7ce5ebf17fd13906de03d4a9a94ded76"]}},{"id":4150,"url":"https:\/\/www.castellodicaresto.it\/wp-content\/uploads\/2025\/12\/cropped-LogoCaresto.png","name":"cropped-LogoCaresto.png","meta":{"brizy_attachment_uid":"wp-dc875b075c1bfb30fcef5f26fae4439b.png","brizy_post_uid":["03ca2963059e14ad8681b9a4cfd47746","7ce5ebf17fd13906de03d4a9a94ded76"]}},{"id":4167,"url":"https:\/\/www.castellodicaresto.it\/wp-content\/uploads\/2026\/05\/Copertina-Libro-Caresto.jpg","name":"Copertina-Libro-Caresto.jpg","meta":{"brizy_attachment_uid":"wp-8294bd674d0efeea67b6fdc768cafee1.jpg","brizy_post_uid":["7ce5ebf17fd13906de03d4a9a94ded76"]}}],"_links":{"self":[{"href":"https:\/\/www.castellodicaresto.it\/en\/wp-json\/wp\/v2\/pages\/2866","targetHints":{"allow":["GET"]}}],"collection":[{"href":"https:\/\/www.castellodicaresto.it\/en\/wp-json\/wp\/v2\/pages"}],"about":[{"href":"https:\/\/www.castellodicaresto.it\/en\/wp-json\/wp\/v2\/types\/page"}],"author":[{"embeddable":true,"href":"https:\/\/www.castellodicaresto.it\/en\/wp-json\/wp\/v2\/users\/2"}],"replies":[{"embeddable":true,"href":"https:\/\/www.castellodicaresto.it\/en\/wp-json\/wp\/v2\/comments?post=2866"}],"version-history":[{"count":5,"href":"https:\/\/www.castellodicaresto.it\/en\/wp-json\/wp\/v2\/pages\/2866\/revisions"}],"predecessor-version":[{"id":4318,"href":"https:\/\/www.castellodicaresto.it\/en\/wp-json\/wp\/v2\/pages\/2866\/revisions\/4318"}],"wp:featuredmedia":[{"embeddable":true,"href":"https:\/\/www.castellodicaresto.it\/en\/wp-json\/wp\/v2\/media\/1248"}],"wp:attachment":[{"href":"https:\/\/www.castellodicaresto.it\/en\/wp-json\/wp\/v2\/media?parent=2866"}],"curies":[{"name":"wp","href":"https:\/\/api.w.org\/{rel}","templated":true}]}}