{"id":2295,"date":"2026-05-06T21:08:25","date_gmt":"2026-05-06T20:08:25","guid":{"rendered":"https:\/\/www.castellodicaresto.it\/?page_id=2295"},"modified":"2026-07-24T09:05:37","modified_gmt":"2026-07-24T08:05:37","slug":"progetto","status":"publish","type":"page","link":"https:\/\/www.castellodicaresto.it\/en\/progetto\/","title":{"rendered":"PROGETTO"},"content":{"rendered":"<div class=\"brz brz-root__container brz-reset-all brz-root__container-page\" >\n<section id=\"c7DPpvZ_ssim_c7DPpvZ_ssim\" class=\"brz-section brz-css-d-ynf0il brz-css-1ojov6b\">\n<div class=\"brz-section__content brz-section--boxed brz-css-d-oh3bvl brz-css-1ng46aj\" data-brz-custom-id=\"owVCRRF4cRfY\">\n<div class=\"brz-bg\">\n<div class=\"brz-bg-image\"><\/div>\n<div class=\"brz-bg-color\"><\/div>\n<\/div>\n<div class=\"brz-container brz-css-d-x9rvyp brz-css-v7baid\">\n<div id=\"\" data-brz-iteration-count=\"1\" class=\"brz-css-d-1wonu5h brz-css-1n2jkhw brz-wrapper brz-animated brz-css-d-1nns7nk brz-css-11dh5q2\" data-animationid=\"qhb0YuW2n4wc\">\n<div class=\"brz-rich-text brz-rich-text__custom brz-css-d-1ehz5mr brz-css-8rcdz3\" data-brz-custom-id=\"w8DK_ubzxieT\">\n<div data-brz-translate-text=\"1\">\n<h1 class=\"brz-tp-lg-heading1 brz-text-lg-center brz-text-xs-center brz-css-1rn6pw1\" data-uniq-id=\"yhQ5I\" data-generated-css=\"brz-css-kfXG_\"><span style=\"color: rgba(var(--brz-global-color8),1);\" class=\"brz-cp-color8\">THE PROJECT<\/span><\/h1>\n<\/div>\n<\/div>\n<\/div>\n<div id=\"\" data-brz-iteration-count=\"1\" class=\"brz-css-d-1wonu5h brz-css-1jxi0v brz-wrapper brz-animated brz-css-d-2ngjun brz-css-ew0u5z\" data-animationid=\"pie6RKstNGJN\">\n<div class=\"brz-rich-text brz-rich-text__custom brz-css-d-1ehz5mr brz-css-6rxbqu\" data-brz-custom-id=\"tq64JIjBUNjP\">\n<div data-brz-translate-text=\"1\">\n<p class=\"brz-fs-xs-16 brz-tp-xs-empty brz-fsft-xs-0 brz-fwdth-xs-100 brz-vfw-xs-400 brz-lh-xs-1_5 brz-ls-xs-4 brz-fw-xs-400 brz-fss-xs-px brz-fsft-sm-0 brz-fwdth-sm-100 brz-vfw-sm-400 brz-lh-sm-1_5 brz-ls-sm-4 brz-fw-sm-400 brz-fss-sm-px brz-fs-sm-20 brz-tp-sm-empty brz-text-xs-center brz-text-lg-center brz-tp-lg-empty brz-ff-prata brz-ft-google brz-fs-lg-25 brz-fss-lg-px brz-fw-lg-400 brz-ls-lg-4 brz-lh-lg-1_5 brz-vfw-lg-400 brz-fwdth-lg-100 brz-fsft-lg-0 brz-css-gza761\" data-uniq-id=\"kMMRa\" data-generated-css=\"brz-css-f7QI4\"><strong style=\"color: rgba(var(--brz-global-color8),1);\" class=\"brz-cp-color8 brz-bold-true\">The background and the book on Caresto<\/strong><\/p>\n<\/div>\n<\/div>\n<\/div>\n<\/div>\n<\/div>\n<\/section>\n<section id=\"g6x2dLwPC371_g6x2dLwPC371\" class=\"brz-section brz-css-d-ynf0il brz-css-1anihb5\">\n<div class=\"brz-section__content brz-section--boxed brz-css-d-oh3bvl brz-css-w7eqqk\" data-brz-custom-id=\"xhwfKOI_xkzJ\">\n<div class=\"brz-bg\">\n<div class=\"brz-bg-color\"><\/div>\n<\/div>\n<div class=\"brz-container brz-css-d-x9rvyp brz-css-1fbeyji\">\n<div class=\"brz-row__container brz-css-d-w3a52u brz-css-1ua6o83\" data-brz-custom-id=\"uej1QBT0oDPS\">\n<div class=\"brz-row brz-css-d-1n95ksq brz-css-r-1xc399q brz-css-10amhen\">\n<div class=\"brz-columns brz-css-d-j7y22h brz-css-16eqbpi\" data-brz-custom-id=\"qIJ_nU6Jf6x2\">\n<div class=\"brz-column__items brz-css-d-v5w42e brz-css-1lzedun\">\n<div id=\"\" class=\"brz-css-d-1wonu5h brz-css-v283un brz-wrapper\">\n<div class=\"brz-image brz-css-d-1lnq9nm brz-css-1vsmjcq\" data-brz-custom-id=\"f21A5a0L7ei_\"><picture class=\"brz-picture brz-d-block brz-p-relative brz-css-d-omg4dk brz-css-1dctgph\"><source srcset=\"https:\/\/www.castellodicaresto.it\/wp-content\/uploads\/2026\/04\/Gubbio-logo.png 1x, https:\/\/www.castellodicaresto.it\/wp-content\/uploads\/2026\/04\/Gubbio-logo.png 2x\" media=\"(min-width: 992px)\"><source srcset=\"https:\/\/www.castellodicaresto.it\/wp-content\/uploads\/2026\/04\/Gubbio-logo.png 1x, https:\/\/www.castellodicaresto.it\/wp-content\/uploads\/2026\/04\/Gubbio-logo.png 2x\" media=\"(min-width: 768px)\"><img decoding=\"async\" class=\"brz-img\" srcset=\"https:\/\/www.castellodicaresto.it\/wp-content\/uploads\/2026\/04\/Gubbio-logo.png 1x, https:\/\/www.castellodicaresto.it\/wp-content\/uploads\/2026\/04\/Gubbio-logo.png 2x\" src=\"https:\/\/www.castellodicaresto.it\/wp-content\/uploads\/2026\/04\/Gubbio-logo.png\" loading=\"lazy\" alt=\"Comune di Gubbio Logo\" title=\"Comune di Gubbio Logo\" draggable=\"false\"><\/picture><\/div>\n<\/div>\n<\/div>\n<\/div>\n<div class=\"brz-columns brz-css-d-j7y22h brz-css-naisa\" data-brz-custom-id=\"dIAUU48pXY9S\">\n<div class=\"brz-column__items brz-css-d-v5w42e brz-css-qcnog8\">\n<div id=\"\" class=\"brz-css-d-1wonu5h brz-css-1fbwaxz brz-wrapper\">\n<div class=\"brz-rich-text brz-rich-text__custom brz-css-d-1ehz5mr brz-css-ly062k\" data-brz-custom-id=\"omjHRSFP3hpc\">\n<div data-brz-translate-text=\"1\">\n<p class=\"brz-mb-lg-0 brz-fsft-sm-0 brz-fwdth-sm-100 brz-vfw-sm-400 brz-lh-sm-1_3 brz-ls-sm-0_5 brz-fw-sm-400 brz-fss-sm-px brz-fs-sm-24 brz-mt-sm-0 brz-mt-lg-10 brz-text-lg-left brz-tp-sm-heading3 brz-tp-xs-heading3 brz-mb-xs-0 brz-ft-upload brz-fs-lg-30 brz-fss-lg-px brz-fw-lg-400 brz-ls-lg-0 brz-lh-lg-1_3 brz-vfw-lg-400 brz-fwdth-lg-100 brz-fsft-lg-0 brz-tp-lg-empty brz-ff-gEvZvXzQfP2A brz-css-3z2kvg\" data-generated-css=\"brz-css-ys1Xc\" data-uniq-id=\"nrVau\"><span style=\"color: rgb(0, 0, 0);\">Institutional Foreword<\/span><\/p>\n<\/div>\n<\/div>\n<\/div>\n<div id=\"\" class=\"brz-css-d-1wonu5h brz-css-bkeoud brz-wrapper\">\n<div class=\"brz-rich-text brz-rich-text__custom brz-css-d-1ehz5mr brz-css-mp8lg9\" data-brz-custom-id=\"c9J38vzruHjQ\">\n<div data-brz-translate-text=\"1\">\n<h5 class=\"brz-mt-lg-0 brz-tp-lg-heading5 brz-mb-xs-0 brz-text-lg-left brz-mt-sm-0 brz-fs-sm-24 brz-fss-sm-px brz-fw-sm-400 brz-ls-sm-0_5 brz-lh-sm-1_3 brz-vfw-sm-400 brz-fwdth-sm-100 brz-fsft-sm-0 brz-ff-prata brz-ft-google brz-fs-lg-30 brz-fss-lg-px brz-fw-lg-400 brz-ls-lg-0 brz-lh-lg-1_3 brz-vfw-lg-400 brz-fwdth-lg-100 brz-fsft-lg-0 brz-mb-lg-0 brz-tp-sm-heading5 brz-tp-xs-heading5 brz-css-pv0qmx\" data-uniq-id=\"oC4K7\" data-generated-css=\"brz-css-dzdqo\"><span style=\"color: rgb(0, 0, 0);\">Vittorio Fiorucci, Mayor of Gubbio<\/span><\/h5>\n<\/div>\n<\/div>\n<\/div>\n<div id=\"\" class=\"brz-css-d-1wonu5h brz-css-1cs0mhn brz-wrapper\">\n<div class=\"brz-rich-text brz-rich-text__custom brz-css-d-1ehz5mr brz-css-hxfi8f\" data-brz-custom-id=\"bTTSy97JS6Hk\">\n<div data-brz-translate-text=\"1\">\n<p class=\"brz-tp-lg-paragraph brz-tp-sm-paragraph brz-fsft-sm-0 brz-fwdth-sm-100 brz-vfw-sm-400 brz-lh-sm-1_5 brz-ls-sm-0 brz-fw-sm-400 brz-fss-sm-px brz-fs-sm-15 ql-align-justify brz-ff-palanquin brz-ft-google brz-fs-lg-16 brz-fss-lg-px brz-fw-lg-400 brz-lh-lg-1_8 brz-vfw-lg-400 brz-fwdth-lg-100 brz-fsft-lg-0 brz-fs-xs-14 brz-fss-xs-px brz-fw-xs-300 brz-ls-xs-0 brz-lh-xs-1_5 brz-vfw-xs-400 brz-fwdth-xs-100 brz-fsft-xs-0 brz-tp-xs-paragraph brz-ls-lg-0 brz-mt-lg-0 brz-css-1wkli4b\" data-uniq-id=\"jDyUh\" data-generated-css=\"brz-css-p2OZQ\"><span style=\"color: rgb(0, 0, 0);\">Lo studio di un singolo episodio storico, come quello del Castello di Caresto, rappresenta un&#8217;occasione preziosa per approfondire non solo le vicende specifiche di una realt\u00e0 locale, ma anche per riflettere su fenomeni di pi\u00f9 ampia portata, come il processo di incastellamento e il complesso sistema di relazioni tra citt\u00e0 e contado nel Medioevo.<\/span><\/p>\n<p class=\"brz-tp-lg-paragraph brz-tp-sm-paragraph brz-fsft-sm-0 brz-fwdth-sm-100 brz-vfw-sm-400 brz-lh-sm-1_5 brz-ls-sm-0 brz-fw-sm-400 brz-fss-sm-px brz-fs-sm-15 ql-align-justify brz-ff-palanquin brz-ft-google brz-fs-lg-16 brz-fss-lg-px brz-fw-lg-400 brz-lh-lg-1_8 brz-vfw-lg-400 brz-fwdth-lg-100 brz-fsft-lg-0 brz-fs-xs-14 brz-fss-xs-px brz-fw-xs-300 brz-ls-xs-0 brz-lh-xs-1_5 brz-vfw-xs-400 brz-fwdth-xs-100 brz-fsft-xs-0 brz-tp-xs-paragraph brz-ls-lg-0 brz-mt-lg-0 brz-css-1wkli4b\" data-uniq-id=\"jDyUh\" data-generated-css=\"brz-css-p2OZQ\"><span style=\"color: rgb(0, 0, 0);\">In particular, the analysis of Caresto\u2019s history allows for a better understanding of the political and economic dynamics that characterised the territory bordering the contado of Perugia\u2014a powerful and ambitious city, often in conflict with rural lordships and their castles.<\/span><\/p>\n<\/div>\n<\/div>\n<\/div>\n<div id=\"\" class=\"brz-css-d-1wonu5h brz-css-1nb7ss2 brz-wrapper\">\n<div class=\"brz-rich-text brz-rich-text__custom brz-css-d-1ehz5mr brz-css-1dxan14\" data-brz-custom-id=\"hH1ICqFOH7VV\">\n<div data-brz-translate-text=\"1\">\n<p class=\"brz-tp-sm-paragraph brz-fsft-sm-0 brz-fwdth-sm-100 brz-vfw-sm-400 brz-lh-sm-1_5 brz-ls-sm-0 brz-fw-sm-400 brz-fss-sm-px brz-fs-sm-15 ql-align-justify brz-fs-xs-14 brz-fss-xs-px brz-fw-xs-300 brz-ls-xs-0 brz-lh-xs-1_5 brz-vfw-xs-400 brz-fwdth-xs-100 brz-fsft-xs-0 brz-tp-xs-paragraph brz-ff-palanquin brz-ft-google brz-fs-lg-16 brz-fss-lg-px brz-fw-lg-400 brz-ls-lg-0 brz-lh-lg-1_8 brz-vfw-lg-400 brz-fwdth-lg-100 brz-fsft-lg-0 brz-tp-lg-paragraph brz-mt-lg-0 brz-css-1wkli4b\" data-uniq-id=\"u0Jks\" data-generated-css=\"brz-css-ckd0s\"><span style=\"color: rgb(0, 0, 0);\">Attraverso questa ricerca, possiamo quindi far emergere le tensioni, le alleanze e le trasformazioni che hanno determinato l\u2019assetto del territorio in epoca medievale e non solo, perch\u00e9 lo studio ne ripercorre la storia fino all&#8217;epoca moderna e contemporanea, dallo splendore alla decadenza.<\/span><\/p>\n<p class=\"brz-tp-sm-paragraph brz-fsft-sm-0 brz-fwdth-sm-100 brz-vfw-sm-400 brz-lh-sm-1_5 brz-ls-sm-0 brz-fw-sm-400 brz-fss-sm-px brz-fs-sm-15 ql-align-justify brz-fs-xs-14 brz-fss-xs-px brz-fw-xs-300 brz-ls-xs-0 brz-lh-xs-1_5 brz-vfw-xs-400 brz-fwdth-xs-100 brz-fsft-xs-0 brz-tp-xs-paragraph brz-ff-palanquin brz-ft-google brz-fs-lg-16 brz-fss-lg-px brz-fw-lg-400 brz-ls-lg-0 brz-lh-lg-1_8 brz-vfw-lg-400 brz-fwdth-lg-100 brz-fsft-lg-0 brz-tp-lg-paragraph brz-mt-lg-0 brz-css-1wkli4b\" data-uniq-id=\"fhC0H\" data-generated-css=\"brz-css-fCDEd\"><span style=\"color: rgb(0, 0, 0);\">A second aspect that makes this type of study significant is the rediscovery and enhancement of our oldest and most original historical heritage. Knowledge of these realities allows us not only to reconstruct the past, but also to promote its dissemination to a wider audience, both academic and tourist. Cultural tourism, in fact, is increasingly establishing itself as a fundamental resource for the enhancement of our heritage, enabling local communities to rediscover and share their history with visitors interested in the memory of the area.<\/span><\/p>\n<p class=\"brz-tp-sm-paragraph brz-fsft-sm-0 brz-fwdth-sm-100 brz-vfw-sm-400 brz-lh-sm-1_5 brz-ls-sm-0 brz-fw-sm-400 brz-fss-sm-px brz-fs-sm-15 ql-align-justify brz-fs-xs-14 brz-fss-xs-px brz-fw-xs-300 brz-ls-xs-0 brz-lh-xs-1_5 brz-vfw-xs-400 brz-fwdth-xs-100 brz-fsft-xs-0 brz-tp-xs-paragraph brz-ff-palanquin brz-ft-google brz-fs-lg-16 brz-fss-lg-px brz-fw-lg-400 brz-ls-lg-0 brz-lh-lg-1_8 brz-vfw-lg-400 brz-fwdth-lg-100 brz-fsft-lg-0 brz-tp-lg-paragraph brz-mt-lg-0 brz-css-1wkli4b\" data-uniq-id=\"mVaBI\" data-generated-css=\"brz-css-hVsjL\"><span style=\"color: black;\">In questo senso, lo studio e la tutela di siti come il Castello di Caresto si inseriscono pienamente nella cornice normativa delineata dal Codice dei Beni Culturali (D.lgs. n. 42\/2004, art. 1), secondo cui &#8220;la tutela e la valorizzazione del patrimonio culturale concorrono a preservare la memoria della comunit\u00e0 nazionale e del suo territorio e a promuovere lo sviluppo della cultura&#8221;.<\/span><\/p>\n<p class=\"brz-tp-sm-paragraph brz-fsft-sm-0 brz-fwdth-sm-100 brz-vfw-sm-400 brz-lh-sm-1_5 brz-ls-sm-0 brz-fw-sm-400 brz-fss-sm-px brz-fs-sm-15 ql-align-justify brz-fs-xs-14 brz-fss-xs-px brz-fw-xs-300 brz-ls-xs-0 brz-lh-xs-1_5 brz-vfw-xs-400 brz-fwdth-xs-100 brz-fsft-xs-0 brz-tp-xs-paragraph brz-ff-palanquin brz-ft-google brz-fs-lg-16 brz-fss-lg-px brz-fw-lg-400 brz-ls-lg-0 brz-lh-lg-1_8 brz-vfw-lg-400 brz-fwdth-lg-100 brz-fsft-lg-0 brz-tp-lg-paragraph brz-mt-lg-0 brz-css-1wkli4b\" data-uniq-id=\"bvhsW\" data-generated-css=\"brz-css-n6Cio\"><span style=\"color: black;\">Protecting and promoting these places, therefore, means not only safeguarding a historical legacy that belongs to everyone, but also making a wealth of knowledge accessible to the general public, which deserves to be passed down to future generations.<\/span><\/p>\n<\/div>\n<\/div>\n<\/div>\n<\/div>\n<\/div>\n<\/div>\n<\/div>\n<\/div>\n<\/div>\n<\/section>\n<section id=\"evklcT269FbL_evklcT269FbL\" class=\"brz-section brz-css-d-ynf0il brz-css-t41p2n\">\n<div class=\"brz-section__content brz-section--boxed brz-css-d-oh3bvl brz-css-p7t65o\" data-brz-custom-id=\"bScaWPcQjYGy\">\n<div class=\"brz-bg\">\n<div class=\"brz-bg-color\"><\/div>\n<\/div>\n<div class=\"brz-container brz-css-d-x9rvyp brz-css-4sdurv\">\n<div class=\"brz-row__container brz-css-d-w3a52u brz-css-27pmcx\" data-brz-custom-id=\"m2h5LNfHdcfM\">\n<div class=\"brz-row brz-css-d-1n95ksq brz-css-r-1xc399q brz-css-1u62df4\">\n<div class=\"brz-columns brz-css-d-j7y22h brz-css-12dl9se\" data-brz-custom-id=\"chGYIKWxNvFH\">\n<div class=\"brz-column__items brz-css-d-v5w42e brz-css-qeafcn\">\n<div id=\"\" class=\"brz-css-d-1wonu5h brz-css-1u1kqrn brz-wrapper\">\n<div class=\"brz-rich-text brz-rich-text__custom brz-css-d-1ehz5mr brz-css-19ywmwi\" data-brz-custom-id=\"shbra2Xkn0DY\">\n<div data-brz-translate-text=\"1\">\n<h3 data-uniq-id=\"xpxCP\" data-generated-css=\"brz-css-kFqBT\" class=\"brz-mb-xs-0 brz-tp-xs-heading3 brz-tp-sm-heading3 brz-text-lg-left brz-mt-lg-10 brz-mt-sm-0 brz-fs-sm-24 brz-fss-sm-px brz-fw-sm-400 brz-ls-sm-0_5 brz-lh-sm-1_3 brz-vfw-sm-400 brz-fwdth-sm-100 brz-fsft-sm-0 brz-ff-prata brz-ft-google brz-fs-lg-30 brz-fss-lg-px brz-fw-lg-400 brz-ls-lg-0 brz-lh-lg-1_3 brz-vfw-lg-400 brz-fwdth-lg-100 brz-fsft-lg-0 brz-mb-lg-0 ql-align-justify brz-tp-lg-heading3 brz-css-1il05p8\"><span style=\"color: rgb(0, 0, 0);\">PROJECT BACKGROUND<\/span><\/h3>\n<\/div>\n<\/div>\n<\/div>\n<div id=\"\" class=\"brz-css-d-1wonu5h brz-css-15cddqi brz-wrapper\">\n<div class=\"brz-rich-text brz-rich-text__custom brz-css-d-1ehz5mr brz-css-m54myc\" data-brz-custom-id=\"wmtAE0sGIQp9\">\n<div data-brz-translate-text=\"1\">\n<h3 class=\"ql-align-justify brz-mb-lg-0 brz-fsft-lg-0 brz-fwdth-lg-100 brz-vfw-lg-400 brz-lh-lg-1_3 brz-ls-lg-0 brz-fw-lg-400 brz-fss-lg-px brz-fs-lg-30 brz-ft-google brz-ff-prata brz-fsft-sm-0 brz-fwdth-sm-100 brz-vfw-sm-400 brz-lh-sm-1_3 brz-ls-sm-0_5 brz-fw-sm-400 brz-fss-sm-px brz-fs-sm-24 brz-mt-sm-0 brz-text-lg-left brz-tp-sm-heading3 brz-mb-xs-0 brz-tp-lg-heading3 brz-mt-lg-0 brz-fs-xs-22 brz-fss-xs-px brz-fw-xs-400 brz-ls-xs-m_1_5 brz-lh-xs-1_3 brz-vfw-xs-400 brz-fwdth-xs-100 brz-fsft-xs-0 brz-tp-xs-heading3 brz-css-1j5auji\" data-generated-css=\"brz-css-uQPS3\" data-uniq-id=\"zH7MS\"><span style=\"color: rgb(0, 0, 0);\">Introduction and motivations behind the project<\/span><\/h3>\n<\/div>\n<\/div>\n<\/div>\n<div id=\"\" class=\"brz-css-d-1wonu5h brz-css-qlljob brz-wrapper\">\n<div class=\"brz-rich-text brz-rich-text__custom brz-css-d-1ehz5mr brz-css-1n4xxzt\" data-brz-custom-id=\"uw8OkYhpg7V3\">\n<div data-brz-translate-text=\"1\">\n<h5 class=\"brz-mb-xs-0 brz-text-lg-left brz-mt-sm-0 brz-fs-sm-24 brz-fss-sm-px brz-fw-sm-400 brz-ls-sm-0_5 brz-lh-sm-1_3 brz-vfw-sm-400 brz-fwdth-sm-100 brz-fsft-sm-0 brz-ff-prata brz-ft-google brz-fs-lg-30 brz-fss-lg-px brz-fw-lg-400 brz-ls-lg-0 brz-lh-lg-1_3 brz-vfw-lg-400 brz-fwdth-lg-100 brz-fsft-lg-0 brz-mb-lg-0 ql-align-justify brz-tp-lg-heading5 brz-mt-lg-0 brz-tp-sm-heading5 brz-tp-xs-heading5 brz-css-pv0qmx\" data-uniq-id=\"p_V7j\" data-generated-css=\"brz-css-xOUx0\"><span style=\"color: rgb(0, 0, 0);\">Giuseppe Bariona and Roberto Sanvito<\/span><\/h5>\n<\/div>\n<\/div>\n<\/div>\n<div id=\"\" class=\"brz-css-d-1wonu5h brz-css-1obyjig brz-wrapper\">\n<div class=\"brz-rich-text brz-rich-text__custom brz-css-d-1ehz5mr brz-css-1je4as0\" data-brz-custom-id=\"gIXJ9gxCBPQy\">\n<div data-brz-translate-text=\"1\">\n<p class=\"brz-mt-lg-0 brz-tp-sm-paragraph brz-fsft-sm-0 brz-fwdth-sm-100 brz-vfw-sm-400 brz-lh-sm-1_5 brz-ls-sm-0 brz-fw-sm-400 brz-fss-sm-px brz-fs-sm-15 ql-align-justify brz-fs-xs-14 brz-fss-xs-px brz-fw-xs-300 brz-ls-xs-0 brz-lh-xs-1_5 brz-vfw-xs-400 brz-fwdth-xs-100 brz-fsft-xs-0 brz-tp-xs-paragraph brz-ff-palanquin brz-ft-google brz-fs-lg-16 brz-fss-lg-px brz-fw-lg-400 brz-ls-lg-0 brz-lh-lg-1_8 brz-vfw-lg-400 brz-fwdth-lg-100 brz-fsft-lg-0 brz-tp-lg-paragraph brz-css-1wkli4b\" data-uniq-id=\"ekp1Q\" data-generated-css=\"brz-css-gBXsl\"><span style=\"color: rgb(0, 0, 0);\">The heart of Umbria is enriched by an ambitious project: the rediscovery and enhancement of Caresto Castle, a medieval site in the Gubbio territory of profound historical, scenic and cultural value.<\/span><\/p>\n<p class=\"brz-mt-lg-0 brz-tp-sm-paragraph brz-fsft-sm-0 brz-fwdth-sm-100 brz-vfw-sm-400 brz-lh-sm-1_5 brz-ls-sm-0 brz-fw-sm-400 brz-fss-sm-px brz-fs-sm-15 ql-align-justify brz-fs-xs-14 brz-fss-xs-px brz-fw-xs-300 brz-ls-xs-0 brz-lh-xs-1_5 brz-vfw-xs-400 brz-fwdth-xs-100 brz-fsft-xs-0 brz-tp-xs-paragraph brz-ff-palanquin brz-ft-google brz-fs-lg-16 brz-fss-lg-px brz-fw-lg-400 brz-ls-lg-0 brz-lh-lg-1_8 brz-vfw-lg-400 brz-fwdth-lg-100 brz-fsft-lg-0 brz-tp-lg-paragraph brz-css-1wkli4b\" data-uniq-id=\"j3oxv\" data-generated-css=\"brz-css-g_N8J\"><span style=\"color: rgb(0, 0, 0);\">The meeting between entrepreneurs Giuseppe Bariona and Roberto Sanvito and historian Giorgio Uberti has sparked a synergy between innovative vision and historical expertise. Thanks to archival research conducted in collaboration with Roberto Anelli, the castle\u2019s prominence in centuries of history\u2014both at a local and national level\u2014has been brought to light.<\/span><\/p>\n<p class=\"brz-mt-lg-0 brz-tp-sm-paragraph brz-fsft-sm-0 brz-fwdth-sm-100 brz-vfw-sm-400 brz-lh-sm-1_5 brz-ls-sm-0 brz-fw-sm-400 brz-fss-sm-px brz-fs-sm-15 ql-align-justify brz-fs-xs-14 brz-fss-xs-px brz-fw-xs-300 brz-ls-xs-0 brz-lh-xs-1_5 brz-vfw-xs-400 brz-fwdth-xs-100 brz-fsft-xs-0 brz-tp-xs-paragraph brz-ff-palanquin brz-ft-google brz-fs-lg-16 brz-fss-lg-px brz-fw-lg-400 brz-ls-lg-0 brz-lh-lg-1_8 brz-vfw-lg-400 brz-fwdth-lg-100 brz-fsft-lg-0 brz-tp-lg-paragraph brz-css-1wkli4b\" data-uniq-id=\"mn8KX\" data-generated-css=\"brz-css-qY7R7\"><span style=\"color: rgb(0, 0, 0);\">This historically rich place, though almost entirely forgotten, continues to live on in the memory of the communities through ancient folk traditions.<\/span><\/p>\n<\/div>\n<\/div>\n<\/div>\n<div id=\"\" class=\"brz-css-d-1wonu5h brz-css-bakiwc brz-wrapper\">\n<div class=\"brz-rich-text brz-rich-text__custom brz-css-d-1ehz5mr brz-css-e8yhau\" data-brz-custom-id=\"pUdYodW0bk0B\">\n<div data-brz-translate-text=\"1\">\n<p class=\"brz-mt-lg-0 brz-tp-sm-paragraph brz-fsft-sm-0 brz-fwdth-sm-100 brz-vfw-sm-400 brz-lh-sm-1_5 brz-ls-sm-0 brz-fw-sm-400 brz-fss-sm-px brz-fs-sm-15 ql-align-justify brz-fs-xs-14 brz-fss-xs-px brz-fw-xs-300 brz-ls-xs-0 brz-lh-xs-1_5 brz-vfw-xs-400 brz-fwdth-xs-100 brz-fsft-xs-0 brz-tp-xs-paragraph brz-ff-palanquin brz-ft-google brz-fs-lg-16 brz-fss-lg-px brz-fw-lg-400 brz-ls-lg-0 brz-lh-lg-1_8 brz-vfw-lg-400 brz-fwdth-lg-100 brz-fsft-lg-0 brz-tp-lg-paragraph brz-css-1wkli4b\" data-uniq-id=\"cg2FY\" data-generated-css=\"brz-css-usqKd\"><span style=\"color: rgb(0, 0, 0);\">The remains of Caresto Castle, reclaimed from the woodland vegetation, recount in all their charm a history spanning centuries, restoring an invaluable tangible and intangible heritage to local communities.&nbsp;<\/span><span style=\"color: black;\">Visitors can immerse themselves in a fascinating journey into the past, guided by a historical narrative supported by original documents that retraces the site\u2019s events from its medieval origins to the present day.<\/span><\/p>\n<p class=\"brz-mt-lg-0 brz-tp-sm-paragraph brz-fsft-sm-0 brz-fwdth-sm-100 brz-vfw-sm-400 brz-lh-sm-1_5 brz-ls-sm-0 brz-fw-sm-400 brz-fss-sm-px brz-fs-sm-15 ql-align-justify brz-fs-xs-14 brz-fss-xs-px brz-fw-xs-300 brz-ls-xs-0 brz-lh-xs-1_5 brz-vfw-xs-400 brz-fwdth-xs-100 brz-fsft-xs-0 brz-tp-xs-paragraph brz-ff-palanquin brz-ft-google brz-fs-lg-16 brz-fss-lg-px brz-fw-lg-400 brz-ls-lg-0 brz-lh-lg-1_8 brz-vfw-lg-400 brz-fwdth-lg-100 brz-fsft-lg-0 brz-tp-lg-paragraph brz-css-1wkli4b\" data-uniq-id=\"igdsl\" data-generated-css=\"brz-css-wIUsc\"><\/p>\n<\/div>\n<\/div>\n<\/div>\n<\/div>\n<\/div>\n<div class=\"brz-columns brz-css-d-j7y22h brz-css-xyyy3y\" data-brz-custom-id=\"s7gyTA5crEJt\">\n<div class=\"brz-column__items brz-css-d-v5w42e brz-css-1tzer4d\">\n<div id=\"\" class=\"brz-css-d-1wonu5h brz-css-xh9ut brz-wrapper\">\n<div class=\"brz-image brz-image__lightbox brz-css-d-qyxfx0 brz-css-1g5pnjm\" data-brz-custom-id=\"lfnwoxgFxWfQ\"><a class=\"brz-a\" target=\"_self\" rel=\"noopener\" href=\"https:\/\/www.castellodicaresto.it\/wp-content\/uploads\/2025\/12\/LogoCaresto.png\" data-brz-link-type=\"lightBox\"><picture class=\"brz-picture brz-d-block brz-p-relative brz-css-d-fzei5u brz-css-5b0ezp\"><source srcset=\"https:\/\/www.castellodicaresto.it\/wp-content\/uploads\/2025\/12\/LogoCaresto.png 1x, https:\/\/www.castellodicaresto.it\/wp-content\/uploads\/2025\/12\/LogoCaresto.png 2x\" media=\"(min-width: 992px)\"><source srcset=\"https:\/\/www.castellodicaresto.it\/wp-content\/uploads\/2025\/12\/LogoCaresto.png 1x, https:\/\/www.castellodicaresto.it\/wp-content\/uploads\/2025\/12\/LogoCaresto.png 2x\" media=\"(min-width: 768px)\"><img decoding=\"async\" class=\"brz-img\" srcset=\"https:\/\/www.castellodicaresto.it\/wp-content\/uploads\/2025\/12\/LogoCaresto.png 1x, https:\/\/www.castellodicaresto.it\/wp-content\/uploads\/2025\/12\/LogoCaresto.png 2x\" src=\"https:\/\/www.castellodicaresto.it\/wp-content\/uploads\/2025\/12\/LogoCaresto.png\" loading=\"lazy\" alt=\"logo castello caresto\" title=\"logo castello caresto\" draggable=\"false\"><\/picture><\/a><\/div>\n<\/div>\n<\/div>\n<\/div>\n<\/div>\n<\/div>\n<\/div>\n<\/div>\n<\/section>\n<section id=\"dsBn6QKQVZ8N_dsBn6QKQVZ8N\" class=\"brz-section brz-css-d-ynf0il brz-css-95711x\">\n<div class=\"brz-section__content brz-section--boxed brz-css-d-oh3bvl brz-css-11wx17v\" data-brz-custom-id=\"wZUxjQXADfc6\">\n<div class=\"brz-bg\">\n<div class=\"brz-bg-color\"><\/div>\n<\/div>\n<div class=\"brz-container brz-css-d-x9rvyp brz-css-1qc0wmi\">\n<div class=\"brz-row__container brz-css-d-w3a52u brz-css-1lncc5a\" data-brz-custom-id=\"kzi2UDLtUkfS\">\n<div class=\"brz-row brz-css-d-1n95ksq brz-css-r-1xc399q brz-css-1vauomb\">\n<div class=\"brz-columns brz-css-d-j7y22h brz-css-838rd9\" data-brz-custom-id=\"wKv8SnbHu7gd\">\n<div class=\"brz-column__items brz-css-d-v5w42e brz-css-1j6x2gq\">\n<div id=\"\" class=\"brz-css-d-1wonu5h brz-css-b4bi4m brz-wrapper\">\n<div class=\"brz-image brz-image__lightbox brz-css-d-1lrvqyf brz-css-mjaok5\" data-brz-custom-id=\"dU8Vp20_WlhM\"><a class=\"brz-a\" target=\"_self\" rel=\"noopener\" href=\"https:\/\/www.castellodicaresto.it\/wp-content\/uploads\/2026\/05\/CHIESA_CAMPANILE.jpg\" data-brz-link-type=\"lightBox\"><picture class=\"brz-picture brz-d-block brz-p-relative brz-css-d-676ztz brz-css-y3yhv0\"><source srcset=\"https:\/\/www.castellodicaresto.it\/wp-content\/uploads\/2026\/05\/CHIESA_CAMPANILE.jpg 1x, https:\/\/www.castellodicaresto.it\/wp-content\/uploads\/2026\/05\/CHIESA_CAMPANILE.jpg 2x\" media=\"(min-width: 992px)\"><source srcset=\"https:\/\/www.castellodicaresto.it\/wp-content\/uploads\/2026\/05\/CHIESA_CAMPANILE.jpg 1x, https:\/\/www.castellodicaresto.it\/wp-content\/uploads\/2026\/05\/CHIESA_CAMPANILE.jpg 2x\" media=\"(min-width: 768px)\"><img decoding=\"async\" class=\"brz-img\" srcset=\"https:\/\/www.castellodicaresto.it\/wp-content\/uploads\/2026\/05\/CHIESA_CAMPANILE.jpg 1x, https:\/\/www.castellodicaresto.it\/wp-content\/uploads\/2026\/05\/CHIESA_CAMPANILE.jpg 2x\" src=\"https:\/\/www.castellodicaresto.it\/wp-content\/uploads\/2026\/05\/CHIESA_CAMPANILE.jpg\" loading=\"lazy\" alt=\"Chiesa San Bartolomeo Caresto\" title=\"Chiesa San Bartolomeo Caresto\" draggable=\"false\"><\/picture><\/a><\/div>\n<\/div>\n<\/div>\n<\/div>\n<div class=\"brz-columns brz-css-d-j7y22h brz-css-12zlmmz\" data-brz-custom-id=\"sjG4mcUD6qVI\">\n<div class=\"brz-column__items brz-css-d-v5w42e brz-css-ft6x7i\">\n<div id=\"\" class=\"brz-css-d-1wonu5h brz-css-1gpbp3n brz-wrapper\">\n<div class=\"brz-rich-text brz-rich-text__custom brz-css-d-1ehz5mr brz-css-1uyrvwv\" data-brz-custom-id=\"u4bGiuX6pgvH\">\n<div data-brz-translate-text=\"1\">\n<p class=\"brz-fsft-lg-0 brz-fwdth-lg-100 brz-vfw-lg-400 brz-lh-lg-1_3 brz-ls-lg-0 brz-fw-lg-400 brz-fss-lg-px brz-fs-lg-30 brz-ft-google brz-ff-prata brz-tp-lg-empty brz-mb-xs-0 brz-tp-xs-heading3 brz-tp-sm-heading3 brz-text-lg-left brz-mt-lg-10 brz-mt-sm-0 brz-fs-sm-24 brz-fss-sm-px brz-fw-sm-400 brz-ls-sm-0_5 brz-lh-sm-1_3 brz-vfw-sm-400 brz-fwdth-sm-100 brz-fsft-sm-0 brz-mb-lg-0 brz-css-3z2kvg\" data-uniq-id=\"t8bov\" data-generated-css=\"brz-css-p2GXv\"><span style=\"color: rgb(0, 0, 0);\">Conclusions and future prospects<\/span><\/p>\n<\/div>\n<\/div>\n<\/div>\n<div id=\"\" class=\"brz-css-d-1wonu5h brz-css-1x15ktb brz-wrapper\">\n<div class=\"brz-rich-text brz-rich-text__custom brz-css-d-1ehz5mr brz-css-gx8162\" data-brz-custom-id=\"we9i6fJUo2ul\">\n<div data-brz-translate-text=\"1\">\n<h5 class=\"brz-tp-xs-heading5 brz-tp-sm-heading5 brz-mt-lg-0 brz-tp-lg-heading5 ql-align-justify brz-mb-lg-0 brz-fsft-lg-0 brz-fwdth-lg-100 brz-vfw-lg-400 brz-lh-lg-1_3 brz-ls-lg-0 brz-fw-lg-400 brz-fss-lg-px brz-fs-lg-30 brz-ft-google brz-ff-prata brz-fsft-sm-0 brz-fwdth-sm-100 brz-vfw-sm-400 brz-lh-sm-1_3 brz-ls-sm-0_5 brz-fw-sm-400 brz-fss-sm-px brz-fs-sm-24 brz-mt-sm-0 brz-text-lg-left brz-mb-xs-0 brz-css-pv0qmx\" data-generated-css=\"brz-css-q8MCw\" data-uniq-id=\"uDy3z\"><span style=\"color: rgb(0, 0, 0);\">Roberto Anelli and Giorgio Uberti<\/span><\/h5>\n<\/div>\n<\/div>\n<\/div>\n<div id=\"\" class=\"brz-css-d-1wonu5h brz-css-hsvnjd brz-wrapper\">\n<div class=\"brz-rich-text brz-rich-text__custom brz-css-d-1ehz5mr brz-css-ojfjei\" data-brz-custom-id=\"iJEwJ5GXQMaM\">\n<div data-brz-translate-text=\"1\">\n<p class=\"brz-mt-lg-0 brz-tp-sm-paragraph brz-fsft-sm-0 brz-fwdth-sm-100 brz-vfw-sm-400 brz-lh-sm-1_5 brz-ls-sm-0 brz-fw-sm-400 brz-fss-sm-px brz-fs-sm-15 ql-align-justify brz-fs-xs-14 brz-fss-xs-px brz-fw-xs-300 brz-ls-xs-0 brz-lh-xs-1_5 brz-vfw-xs-400 brz-fwdth-xs-100 brz-fsft-xs-0 brz-tp-xs-paragraph brz-ff-palanquin brz-ft-google brz-fs-lg-16 brz-fss-lg-px brz-fw-lg-400 brz-ls-lg-0 brz-lh-lg-1_8 brz-vfw-lg-400 brz-fwdth-lg-100 brz-fsft-lg-0 brz-tp-lg-paragraph brz-css-1wkli4b\" data-uniq-id=\"pnNKi\" data-generated-css=\"brz-css-aHgfO\"><span style=\"color: rgb(0, 0, 0);\">The project to rediscover and enhance Caresto Castle was born with the intent of bringing to light a medieval site of great historical, scenic and cultural value, especially given its location surrounded by contemporary watchtowers and reciprocal strongholds. Through meticulous archival research and diligent fieldwork, we are striving to reconstruct Caresto's role from its earliest records onwards\u2014keeping in mind the broader phenomenon of Umbrian encastellation\u2014and to understand its links with the surrounding territory, particularly with Gubbio, Perugia and Assisi.<\/span><\/p>\n<\/div>\n<\/div>\n<\/div>\n<div id=\"\" class=\"brz-css-d-1wonu5h brz-css-ofyk0x brz-wrapper\">\n<div class=\"brz-rich-text brz-rich-text__custom brz-css-d-1ehz5mr brz-css-mebd87\" data-brz-custom-id=\"d9Hf3Igzpu42\">\n<div data-brz-translate-text=\"1\">\n<p class=\"brz-tp-lg-paragraph brz-fsft-lg-0 brz-fwdth-lg-100 brz-vfw-lg-400 brz-lh-lg-1_8 brz-ls-lg-0 brz-fw-lg-400 brz-fss-lg-px brz-fs-lg-16 brz-ft-google brz-ff-palanquin brz-tp-xs-paragraph brz-fsft-xs-0 brz-fwdth-xs-100 brz-vfw-xs-400 brz-lh-xs-1_5 brz-ls-xs-0 brz-fw-xs-300 brz-fss-xs-px brz-fs-xs-14 ql-align-justify brz-fs-sm-15 brz-fss-sm-px brz-fw-sm-400 brz-ls-sm-0 brz-lh-sm-1_5 brz-vfw-sm-400 brz-fwdth-sm-100 brz-fsft-sm-0 brz-tp-sm-paragraph brz-mt-lg-0 brz-css-1wkli4b\" data-generated-css=\"brz-css-yKPv_\" data-uniq-id=\"pm_g7\"><span style=\"color: rgb(0, 0, 0);\">The investigation has highlighted how Caresto Castle, which had been completely abandoned over the last half-century and cyclically engulfed by dense vegetation, held a strategic function in local political and social dynamics for centuries.<\/span><\/p>\n<p class=\"brz-tp-lg-paragraph brz-fsft-lg-0 brz-fwdth-lg-100 brz-vfw-lg-400 brz-lh-lg-1_8 brz-ls-lg-0 brz-fw-lg-400 brz-fss-lg-px brz-fs-lg-16 brz-ft-google brz-ff-palanquin brz-tp-xs-paragraph brz-fsft-xs-0 brz-fwdth-xs-100 brz-vfw-xs-400 brz-lh-xs-1_5 brz-ls-xs-0 brz-fw-xs-300 brz-fss-xs-px brz-fs-xs-14 ql-align-justify brz-fs-sm-15 brz-fss-sm-px brz-fw-sm-400 brz-ls-sm-0 brz-lh-sm-1_5 brz-vfw-sm-400 brz-fwdth-sm-100 brz-fsft-sm-0 brz-tp-sm-paragraph brz-mt-lg-0 brz-css-1wkli4b\" data-generated-css=\"brz-css-qHPgx\" data-uniq-id=\"bfNDT\"><span style=\"color: rgb(0, 0, 0);\">Thanks to funding from Rinlandia and the synergy between various stakeholders, it has been possible to launch a recovery process that combines historical research and material analysis to foster cultural dissemination, laying the foundations for both tourist and academic enhancement.<\/span><\/p>\n<p class=\"brz-tp-lg-paragraph brz-fsft-lg-0 brz-fwdth-lg-100 brz-vfw-lg-400 brz-lh-lg-1_8 brz-ls-lg-0 brz-fw-lg-400 brz-fss-lg-px brz-fs-lg-16 brz-ft-google brz-ff-palanquin brz-tp-xs-paragraph brz-fsft-xs-0 brz-fwdth-xs-100 brz-vfw-xs-400 brz-lh-xs-1_5 brz-ls-xs-0 brz-fw-xs-300 brz-fss-xs-px brz-fs-xs-14 ql-align-justify brz-fs-sm-15 brz-fss-sm-px brz-fw-sm-400 brz-ls-sm-0 brz-lh-sm-1_5 brz-vfw-sm-400 brz-fwdth-sm-100 brz-fsft-sm-0 brz-tp-sm-paragraph brz-mt-lg-0 brz-css-1wkli4b\" data-generated-css=\"brz-css-uEEs6\" data-uniq-id=\"x4Juh\"><span style=\"color: rgb(0, 0, 0);\">The study of Caresto fits into the wider debate on encastellation in Umbria, a phenomenon often overlooked compared to other Italian regions and the paradigms of medieval archaeology.<\/span><\/p>\n<p class=\"brz-tp-lg-paragraph brz-fsft-lg-0 brz-fwdth-lg-100 brz-vfw-lg-400 brz-lh-lg-1_8 brz-ls-lg-0 brz-fw-lg-400 brz-fss-lg-px brz-fs-lg-16 brz-ft-google brz-ff-palanquin brz-tp-xs-paragraph brz-fsft-xs-0 brz-fwdth-xs-100 brz-vfw-xs-400 brz-lh-xs-1_5 brz-ls-xs-0 brz-fw-xs-300 brz-fss-xs-px brz-fs-xs-14 ql-align-justify brz-fs-sm-15 brz-fss-sm-px brz-fw-sm-400 brz-ls-sm-0 brz-lh-sm-1_5 brz-vfw-sm-400 brz-fwdth-sm-100 brz-fsft-sm-0 brz-tp-sm-paragraph brz-mt-lg-0 brz-css-1wkli4b\" data-generated-css=\"brz-css-wFDgO\" data-uniq-id=\"vSL4S\"><span style=\"color: rgb(0, 0, 0);\"> <\/span><\/p>\n<p class=\"brz-tp-lg-paragraph brz-fsft-lg-0 brz-fwdth-lg-100 brz-vfw-lg-400 brz-lh-lg-1_8 brz-ls-lg-0 brz-fw-lg-400 brz-fss-lg-px brz-fs-lg-16 brz-ft-google brz-ff-palanquin brz-tp-xs-paragraph brz-fsft-xs-0 brz-fwdth-xs-100 brz-vfw-xs-400 brz-lh-xs-1_5 brz-ls-xs-0 brz-fw-xs-300 brz-fss-xs-px brz-fs-xs-14 ql-align-justify brz-fs-sm-15 brz-fss-sm-px brz-fw-sm-400 brz-ls-sm-0 brz-lh-sm-1_5 brz-vfw-sm-400 brz-fwdth-sm-100 brz-fsft-sm-0 brz-tp-sm-paragraph brz-mt-lg-0 brz-css-1wkli4b\" data-generated-css=\"brz-css-sg_Y4\" data-uniq-id=\"q46gh\"><span style=\"color: rgb(0, 0, 0);\">The research demonstrates how a multidisciplinary approach, combining archaeology, history and technology, can restore identity to forgotten places and promote the recovery of their tangible and intangible heritage.<\/span><\/p>\n<p class=\"brz-tp-lg-paragraph brz-fsft-lg-0 brz-fwdth-lg-100 brz-vfw-lg-400 brz-lh-lg-1_8 brz-ls-lg-0 brz-fw-lg-400 brz-fss-lg-px brz-fs-lg-16 brz-ft-google brz-ff-palanquin brz-tp-xs-paragraph brz-fsft-xs-0 brz-fwdth-xs-100 brz-vfw-xs-400 brz-lh-xs-1_5 brz-ls-xs-0 brz-fw-xs-300 brz-fss-xs-px brz-fs-xs-14 ql-align-justify brz-fs-sm-15 brz-fss-sm-px brz-fw-sm-400 brz-ls-sm-0 brz-lh-sm-1_5 brz-vfw-sm-400 brz-fwdth-sm-100 brz-fsft-sm-0 brz-tp-sm-paragraph brz-mt-lg-0 brz-css-1wkli4b\" data-generated-css=\"brz-css-uLVkv\" data-uniq-id=\"e_nuE\"><span style=\"color: rgb(0, 0, 0);\">Currently, the project is still in its initial phase, involving preliminary site clearing, historical-archival analyses and initial proposals for heritage enhancement.<\/span><\/p>\n<p class=\"brz-tp-lg-paragraph brz-fsft-lg-0 brz-fwdth-lg-100 brz-vfw-lg-400 brz-lh-lg-1_8 brz-ls-lg-0 brz-fw-lg-400 brz-fss-lg-px brz-fs-lg-16 brz-ft-google brz-ff-palanquin brz-tp-xs-paragraph brz-fsft-xs-0 brz-fwdth-xs-100 brz-vfw-xs-400 brz-lh-xs-1_5 brz-ls-xs-0 brz-fw-xs-300 brz-fss-xs-px brz-fs-xs-14 ql-align-justify brz-fs-sm-15 brz-fss-sm-px brz-fw-sm-400 brz-ls-sm-0 brz-lh-sm-1_5 brz-vfw-sm-400 brz-fwdth-sm-100 brz-fsft-sm-0 brz-tp-sm-paragraph brz-mt-lg-0 brz-css-1wkli4b\" data-generated-css=\"brz-css-hypyw\" data-uniq-id=\"kl58W\"><span style=\"color: rgb(0, 0, 0);\">However, the work on Caresto presents certain challenges. Archaeological excavations have not yet commenced, and many questions regarding the castle's function and evolution remain open. Furthermore, the scarcity of documentary sources complicates the historical reconstruction of specific periods. To address these critical issues, the next phases of the project will include non-invasive surveys, such as magnetometry, alongside the involvement of archaeological teams\u2014preferably from universities\u2014to initiate a systematic excavation that progresses alongside the tourist-cultural enhancement of the site.<\/span><\/p>\n<p class=\"brz-tp-lg-paragraph brz-fsft-lg-0 brz-fwdth-lg-100 brz-vfw-lg-400 brz-lh-lg-1_8 brz-ls-lg-0 brz-fw-lg-400 brz-fss-lg-px brz-fs-lg-16 brz-ft-google brz-ff-palanquin brz-tp-xs-paragraph brz-fsft-xs-0 brz-fwdth-xs-100 brz-vfw-xs-400 brz-lh-xs-1_5 brz-ls-xs-0 brz-fw-xs-300 brz-fss-xs-px brz-fs-xs-14 ql-align-justify brz-fs-sm-15 brz-fss-sm-px brz-fw-sm-400 brz-ls-sm-0 brz-lh-sm-1_5 brz-vfw-sm-400 brz-fwdth-sm-100 brz-fsft-sm-0 brz-tp-sm-paragraph brz-mt-lg-0 brz-css-1wkli4b\" data-generated-css=\"brz-css-sKLPD\" data-uniq-id=\"qsH6A\"><span style=\"color: rgb(0, 0, 0);\">The company is heavily focusing on university integration, aiming to establish a public archaeology initiative within the territory and shaping Caresto into a cultural hub for research.<\/span><\/p>\n<p class=\"brz-tp-lg-paragraph brz-fsft-lg-0 brz-fwdth-lg-100 brz-vfw-lg-400 brz-lh-lg-1_8 brz-ls-lg-0 brz-fw-lg-400 brz-fss-lg-px brz-fs-lg-16 brz-ft-google brz-ff-palanquin brz-tp-xs-paragraph brz-fsft-xs-0 brz-fwdth-xs-100 brz-vfw-xs-400 brz-lh-xs-1_5 brz-ls-xs-0 brz-fw-xs-300 brz-fss-xs-px brz-fs-xs-14 ql-align-justify brz-fs-sm-15 brz-fss-sm-px brz-fw-sm-400 brz-ls-sm-0 brz-lh-sm-1_5 brz-vfw-sm-400 brz-fwdth-sm-100 brz-fsft-sm-0 brz-tp-sm-paragraph brz-mt-lg-0 brz-css-1wkli4b\" data-generated-css=\"brz-css-uyU2F\" data-uniq-id=\"frrL4\"><span style=\"color: rgb(0, 0, 0);\"> <\/span><\/p>\n<p class=\"brz-tp-lg-paragraph brz-fsft-lg-0 brz-fwdth-lg-100 brz-vfw-lg-400 brz-lh-lg-1_8 brz-ls-lg-0 brz-fw-lg-400 brz-fss-lg-px brz-fs-lg-16 brz-ft-google brz-ff-palanquin brz-tp-xs-paragraph brz-fsft-xs-0 brz-fwdth-xs-100 brz-vfw-xs-400 brz-lh-xs-1_5 brz-ls-xs-0 brz-fw-xs-300 brz-fss-xs-px brz-fs-xs-14 ql-align-justify brz-fs-sm-15 brz-fss-sm-px brz-fw-sm-400 brz-ls-sm-0 brz-lh-sm-1_5 brz-vfw-sm-400 brz-fwdth-sm-100 brz-fsft-sm-0 brz-tp-sm-paragraph brz-mt-lg-0 brz-css-1wkli4b\" data-generated-css=\"brz-css-da7Ir\" data-uniq-id=\"fm8cI\"><span style=\"color: rgb(0, 0, 0);\">Another key objective is the creation of a GIS (Geographical Information System) database to collect and organise existing data on Umbrian encastellation. This will facilitate comparisons with other regional sites already studied, potentially leading to the identification of new locations or historical developments linked to Caresto.<\/span><\/p>\n<p class=\"brz-tp-lg-paragraph brz-fsft-lg-0 brz-fwdth-lg-100 brz-vfw-lg-400 brz-lh-lg-1_8 brz-ls-lg-0 brz-fw-lg-400 brz-fss-lg-px brz-fs-lg-16 brz-ft-google brz-ff-palanquin brz-tp-xs-paragraph brz-fsft-xs-0 brz-fwdth-xs-100 brz-vfw-xs-400 brz-lh-xs-1_5 brz-ls-xs-0 brz-fw-xs-300 brz-fss-xs-px brz-fs-xs-14 ql-align-justify brz-fs-sm-15 brz-fss-sm-px brz-fw-sm-400 brz-ls-sm-0 brz-lh-sm-1_5 brz-vfw-sm-400 brz-fwdth-sm-100 brz-fsft-sm-0 brz-tp-sm-paragraph brz-mt-lg-0 brz-css-1wkli4b\" data-generated-css=\"brz-css-eSnoA\" data-uniq-id=\"vmrjD\"><span style=\"color: rgb(0, 0, 0);\">In terms of public engagement, the website and a <\/span><em style=\"color: rgb(0, 0, 0);\">point-by-point guided tour<\/em><span style=\"color: rgb(0, 0, 0);\"> are now accessible to involve an ever-wider audience. Social media integration will be essential to build visitor loyalty and strengthen the \"Caresto Brand\" identity. Additionally, efforts will be made to integrate the castle into tourist itineraries connecting the main Umbrian cities, creating a coherent and captivating narrative of the region.<\/span><\/p>\n<p class=\"brz-tp-lg-paragraph brz-fsft-lg-0 brz-fwdth-lg-100 brz-vfw-lg-400 brz-lh-lg-1_8 brz-ls-lg-0 brz-fw-lg-400 brz-fss-lg-px brz-fs-lg-16 brz-ft-google brz-ff-palanquin brz-tp-xs-paragraph brz-fsft-xs-0 brz-fwdth-xs-100 brz-vfw-xs-400 brz-lh-xs-1_5 brz-ls-xs-0 brz-fw-xs-300 brz-fss-xs-px brz-fs-xs-14 ql-align-justify brz-fs-sm-15 brz-fss-sm-px brz-fw-sm-400 brz-ls-sm-0 brz-lh-sm-1_5 brz-vfw-sm-400 brz-fwdth-sm-100 brz-fsft-sm-0 brz-tp-sm-paragraph brz-mt-lg-0 brz-css-1wkli4b\" data-generated-css=\"brz-css-z5ljs\" data-uniq-id=\"eeMo7\"><span style=\"color: rgb(0, 0, 0);\">Collaboration with local communities and institutions will be a key element in ensuring sustainable management of the site.<\/span><\/p>\n<p class=\"brz-tp-lg-paragraph brz-fsft-lg-0 brz-fwdth-lg-100 brz-vfw-lg-400 brz-lh-lg-1_8 brz-ls-lg-0 brz-fw-lg-400 brz-fss-lg-px brz-fs-lg-16 brz-ft-google brz-ff-palanquin brz-tp-xs-paragraph brz-fsft-xs-0 brz-fwdth-xs-100 brz-vfw-xs-400 brz-lh-xs-1_5 brz-ls-xs-0 brz-fw-xs-300 brz-fss-xs-px brz-fs-xs-14 ql-align-justify brz-fs-sm-15 brz-fss-sm-px brz-fw-sm-400 brz-ls-sm-0 brz-lh-sm-1_5 brz-vfw-sm-400 brz-fwdth-sm-100 brz-fsft-sm-0 brz-tp-sm-paragraph brz-mt-lg-0 brz-css-1wkli4b\" data-generated-css=\"brz-css-wZ5Fw\" data-uniq-id=\"f8ZI4\"><span style=\"color: rgb(0, 0, 0);\">The concept of an ongoing excavation and a long-term research project will keep the spotlight on Caresto, transforming it into an open-air laboratory for scholars and medieval history enthusiasts.<\/span><\/p>\n<p class=\"brz-tp-lg-paragraph brz-fsft-lg-0 brz-fwdth-lg-100 brz-vfw-lg-400 brz-lh-lg-1_8 brz-ls-lg-0 brz-fw-lg-400 brz-fss-lg-px brz-fs-lg-16 brz-ft-google brz-ff-palanquin brz-tp-xs-paragraph brz-fsft-xs-0 brz-fwdth-xs-100 brz-vfw-xs-400 brz-lh-xs-1_5 brz-ls-xs-0 brz-fw-xs-300 brz-fss-xs-px brz-fs-xs-14 ql-align-justify brz-fs-sm-15 brz-fss-sm-px brz-fw-sm-400 brz-ls-sm-0 brz-lh-sm-1_5 brz-vfw-sm-400 brz-fwdth-sm-100 brz-fsft-sm-0 brz-tp-sm-paragraph brz-mt-lg-0 brz-css-1wkli4b\" data-generated-css=\"brz-css-xc0EL\" data-uniq-id=\"xlzT2\"><span style=\"color: rgb(0, 0, 0);\">From a forgotten place, Caresto Castle is once again becoming a benchmark for research, conservation and cultural promotion. The road ahead is still long, but the path is set: the story of Caresto is not just that of a medieval castle, but a symbol of how the past can be recovered and enhanced to build the future.<\/span><\/p>\n<\/div>\n<\/div>\n<\/div>\n<\/div>\n<\/div>\n<\/div>\n<\/div>\n<\/div>\n<\/div>\n<\/section>\n<section id=\"sVMctnLytIZh_sVMctnLytIZh\" class=\"brz-section brz-css-d-ynf0il brz-css-bhvgr7\">\n<div class=\"brz-section__content brz-section--boxed brz-css-d-oh3bvl brz-css-93abau\" data-brz-custom-id=\"pkHYazRWeD5D\">\n<div class=\"brz-bg\">\n<div class=\"brz-bg-color\"><\/div>\n<\/div>\n<div class=\"brz-container brz-css-d-x9rvyp brz-css-g2ghal\">\n<div class=\"brz-row__container brz-css-d-w3a52u brz-css-110szlf\" data-brz-custom-id=\"gnOK5lx_66zM\">\n<div class=\"brz-row brz-css-d-1n95ksq brz-css-r-1xc399q brz-css-lrlsfp\">\n<div class=\"brz-columns brz-css-d-j7y22h brz-css-zjzlz0\" data-brz-custom-id=\"fFHL45QKXihW\">\n<div class=\"brz-column__items brz-css-d-v5w42e brz-css-rcswg5\">\n<div id=\"\" class=\"brz-css-d-1wonu5h brz-css-b17gql brz-wrapper\">\n<div class=\"brz-rich-text brz-rich-text__custom brz-css-d-1ehz5mr brz-css-1cq71ty\" data-brz-custom-id=\"ui714bu_DXIX\">\n<div data-brz-translate-text=\"1\">\n<h3 class=\"brz-tp-lg-heading3 ql-align-justify brz-mb-lg-0 brz-fsft-lg-0 brz-fwdth-lg-100 brz-vfw-lg-400 brz-lh-lg-1_3 brz-ls-lg-0 brz-fw-lg-400 brz-fss-lg-px brz-fs-lg-30 brz-ft-google brz-ff-prata brz-fsft-sm-0 brz-fwdth-sm-100 brz-vfw-sm-400 brz-lh-sm-1_3 brz-ls-sm-0_5 brz-fw-sm-400 brz-fss-sm-px brz-fs-sm-24 brz-mt-sm-0 brz-mt-lg-10 brz-text-lg-left brz-mb-xs-0 brz-tp-sm-heading3 brz-tp-xs-heading3 brz-css-1il05p8\" data-generated-css=\"brz-css-ePycI\" data-uniq-id=\"y6shD\"><span style=\"color: rgb(0, 0, 0);\">THE BOOK<\/span><\/h3>\n<\/div>\n<\/div>\n<\/div>\n<div id=\"\" class=\"brz-css-d-1wonu5h brz-css-t3rjtt brz-wrapper\">\n<div class=\"brz-rich-text brz-rich-text__custom brz-css-d-1ehz5mr brz-css-1a0ybga\" data-brz-custom-id=\"eXa6PvPBkZNy\">\n<div data-brz-translate-text=\"1\">\n<p data-generated-css=\"brz-css-qi_dy\" data-uniq-id=\"pcinm\" class=\"ql-align-justify brz-mb-lg-0 brz-mt-sm-0 brz-text-lg-left brz-mb-xs-0 brz-mt-lg-0 brz-tp-lg-empty brz-ff-gEvZvXzQfP2A brz-ft-upload brz-fs-lg-24 brz-fss-lg-px brz-fw-lg-400 brz-ls-lg-0 brz-lh-lg-1_3 brz-vfw-lg-400 brz-fwdth-lg-100 brz-fsft-lg-0 brz-tp-sm-empty brz-fs-sm-20 brz-fss-sm-px brz-fw-sm-400 brz-ls-sm-0 brz-lh-sm-1_3 brz-vfw-sm-400 brz-fwdth-sm-100 brz-fsft-sm-0 brz-tp-xs-empty brz-fs-xs-18 brz-fss-xs-px brz-fw-xs-400 brz-ls-xs-0 brz-lh-xs-1_3 brz-vfw-xs-400 brz-fwdth-xs-100 brz-fsft-xs-0 brz-css-y27jyr\"><a class=\"link--external\" style=\"color: rgb(0, 0, 0);\" href=\"https:\/\/www.amazon.it\/castello-Caresto-testimone-storia-dellUmbria\/dp\/B0GTV75MPR\" data-brz-link-type=\"external\" target=\"_blank\" rel=\"noreferrer noopener\">Il castello di Caresto: un testimone della storia di Gubbio e dell&#8217;Umbria<\/a><\/p>\n<\/div>\n<\/div>\n<\/div>\n<div id=\"\" class=\"brz-css-d-1wonu5h brz-css-mrt1gr brz-wrapper\">\n<div class=\"brz-rich-text brz-rich-text__custom brz-css-d-1ehz5mr brz-css-1si2kr5\" data-brz-custom-id=\"h2GOOKDMH0AW\">\n<div data-brz-translate-text=\"1\">\n<h5 class=\"brz-tp-sm-heading5 brz-mt-lg-0 brz-tp-lg-heading5 ql-align-justify brz-mb-lg-0 brz-fsft-lg-0 brz-fwdth-lg-100 brz-vfw-lg-400 brz-lh-lg-1_3 brz-ls-lg-0 brz-fw-lg-400 brz-fss-lg-px brz-fs-lg-30 brz-ft-google brz-ff-prata brz-fsft-sm-0 brz-fwdth-sm-100 brz-vfw-sm-400 brz-lh-sm-1_3 brz-ls-sm-0_5 brz-fw-sm-400 brz-fss-sm-px brz-fs-sm-24 brz-mt-sm-0 brz-text-lg-left brz-mb-xs-0 brz-fs-xs-16 brz-fss-xs-px brz-fw-xs-500 brz-ls-xs-0 brz-lh-xs-1_4 brz-vfw-xs-400 brz-fwdth-xs-100 brz-fsft-xs-0 brz-tp-xs-heading5 brz-css-pv0qmx\" data-generated-css=\"brz-css-lJxKN\" data-uniq-id=\"g3dK0\"><span style=\"color: rgb(0, 0, 0);\">by Giorgio Uberti and Roberto Anelli<\/span><\/h5>\n<h5 class=\"brz-tp-sm-heading5 brz-mt-lg-0 brz-tp-lg-heading5 ql-align-justify brz-mb-lg-0 brz-fsft-lg-0 brz-fwdth-lg-100 brz-vfw-lg-400 brz-lh-lg-1_3 brz-ls-lg-0 brz-fw-lg-400 brz-fss-lg-px brz-fs-lg-30 brz-ft-google brz-ff-prata brz-fsft-sm-0 brz-fwdth-sm-100 brz-vfw-sm-400 brz-lh-sm-1_3 brz-ls-sm-0_5 brz-fw-sm-400 brz-fss-sm-px brz-fs-sm-24 brz-mt-sm-0 brz-text-lg-left brz-mb-xs-0 brz-fs-xs-16 brz-fss-xs-px brz-fw-xs-500 brz-ls-xs-0 brz-lh-xs-1_4 brz-vfw-xs-400 brz-fwdth-xs-100 brz-fsft-xs-0 brz-tp-xs-heading5 brz-css-pv0qmx\" data-generated-css=\"brz-css-udbPF\" data-uniq-id=\"q6I7S\"><span style=\"color: rgb(0, 0, 0);\">(2026)<\/span><\/h5>\n<\/div>\n<\/div>\n<\/div>\n<div id=\"\" class=\"brz-css-d-1wonu5h brz-css-f3kydk brz-wrapper\">\n<div class=\"brz-rich-text brz-rich-text__custom brz-css-d-1ehz5mr brz-css-1vjgzd9\" data-brz-custom-id=\"q_dgcpgeTqEl\">\n<div data-brz-translate-text=\"1\">\n<p class=\"brz-tp-sm-paragraph brz-tp-lg-paragraph brz-fsft-lg-0 brz-fwdth-lg-100 brz-vfw-lg-400 brz-lh-lg-1_8 brz-ls-lg-0 brz-fw-lg-400 brz-fss-lg-px brz-fs-lg-16 brz-ft-google brz-ff-palanquin brz-tp-xs-paragraph brz-fsft-xs-0 brz-fwdth-xs-100 brz-vfw-xs-400 brz-lh-xs-1_5 brz-ls-xs-0 brz-fw-xs-300 brz-fss-xs-px brz-fs-xs-14 ql-align-justify brz-fs-sm-15 brz-fss-sm-px brz-fw-sm-400 brz-ls-sm-0 brz-lh-sm-1_5 brz-vfw-sm-400 brz-fwdth-sm-100 brz-fsft-sm-0 brz-mt-lg-0 brz-css-1wkli4b\" data-generated-css=\"brz-css-yK2kA\" data-uniq-id=\"wO0BA\"><span style=\"color: rgb(0, 0, 0);\">This volume is the result of extensive archival research, paired with diligent fieldwork, aiming to reconstruct the history of Caresto and its community from its earliest documentary records onwards.<\/span><\/p>\n<p class=\"brz-tp-sm-paragraph brz-tp-lg-paragraph brz-fsft-lg-0 brz-fwdth-lg-100 brz-vfw-lg-400 brz-lh-lg-1_8 brz-ls-lg-0 brz-fw-lg-400 brz-fss-lg-px brz-fs-lg-16 brz-ft-google brz-ff-palanquin brz-tp-xs-paragraph brz-fsft-xs-0 brz-fwdth-xs-100 brz-vfw-xs-400 brz-lh-xs-1_5 brz-ls-xs-0 brz-fw-xs-300 brz-fss-xs-px brz-fs-xs-14 ql-align-justify brz-fs-sm-15 brz-fss-sm-px brz-fw-sm-400 brz-ls-sm-0 brz-lh-sm-1_5 brz-vfw-sm-400 brz-fwdth-sm-100 brz-fsft-sm-0 brz-mt-lg-0 brz-css-1wkli4b\" data-generated-css=\"brz-css-flqwp\" data-uniq-id=\"eJdjA\"><span style=\"color: rgb(0, 0, 0);\">The investigation fits into the broader framework of the Umbrian encastellation phenomenon, offering a detailed analysis of the relationships between the castle and its surrounding context.<\/span><\/p>\n<p class=\"brz-tp-sm-paragraph brz-tp-lg-paragraph brz-fsft-lg-0 brz-fwdth-lg-100 brz-vfw-lg-400 brz-lh-lg-1_8 brz-ls-lg-0 brz-fw-lg-400 brz-fss-lg-px brz-fs-lg-16 brz-ft-google brz-ff-palanquin brz-tp-xs-paragraph brz-fsft-xs-0 brz-fwdth-xs-100 brz-vfw-xs-400 brz-lh-xs-1_5 brz-ls-xs-0 brz-fw-xs-300 brz-fss-xs-px brz-fs-xs-14 ql-align-justify brz-fs-sm-15 brz-fss-sm-px brz-fw-sm-400 brz-ls-sm-0 brz-lh-sm-1_5 brz-vfw-sm-400 brz-fwdth-sm-100 brz-fsft-sm-0 brz-mt-lg-0 brz-css-1wkli4b\" data-generated-css=\"brz-css-iJZGp\" data-uniq-id=\"yoCUf\"><span style=\"color: rgb(0, 0, 0);\">Through the analysis of sources and material evidence, the profile of a significant settlement emerges, shedding light on the settlement, social and territorial dynamics of medieval Umbria, within a continuous dialogue between local history and wider historical processes.<\/span><\/p>\n<\/div>\n<\/div>\n<\/div>\n<div class=\"brz-wrapper-clone brz-flex-xs-wrap brz-css-d-x0dcve brz-css-1wub4w9\" data-brz-custom-id=\"wCOHpk9uxvG6\"><a class=\"brz-a brz-btn brz-css-d-1syz9i2 brz-css-1vof05x brz-css-d-13c78oe brz-css-9zzfrw\" target=\"_blank\" rel=\"noopener noreferrer\" href=\"https:\/\/www.amazon.it\/castello-Caresto-testimone-storia-dellUmbria\/dp\/B0GTV75MPR\" data-brz-link-type=\"external\" data-brz-custom-id=\"giyQ5ZuCkEqa\"><svg class=\"brz-icon-svg brz-css-d-o4rfik brz-css-1ajs0ks\"><use href=\"\/wp-content\/plugins\/brizy\/public\/editor-build\/prod\/editor\/icons\/fa\/amazon.svg#fa_icon\"><\/use><\/svg><span data-brz-translate-text=\"1\" class=\"brz-span brz-text__editor\">Order now at<\/span><\/a><\/div>\n<div id=\"\" class=\"brz-css-d-1wonu5h brz-css-1ww3z3u brz-wrapper\">\n<div class=\"brz-rich-text brz-rich-text__custom brz-css-d-1ehz5mr brz-css-1f0jvc2\" data-brz-custom-id=\"zT4IxQtlaOsa\">\n<div data-brz-translate-text=\"1\">\n<p class=\"brz-tp-xs-paragraph brz-fsft-xs-0 brz-fwdth-xs-100 brz-vfw-xs-400 brz-lh-xs-1_5 brz-ls-xs-0 brz-fw-xs-300 brz-fss-xs-px brz-fs-xs-14 ql-align-justify brz-fs-sm-15 brz-fss-sm-px brz-fw-sm-400 brz-ls-sm-0 brz-lh-sm-1_5 brz-vfw-sm-400 brz-fwdth-sm-100 brz-fsft-sm-0 brz-tp-sm-paragraph brz-mt-lg-0 brz-tp-lg-empty brz-ff-pH0KaDemT59E brz-ft-upload brz-fs-lg-16 brz-fss-lg-px brz-fw-lg-400 brz-ls-lg-0 brz-lh-lg-1_8 brz-vfw-lg-400 brz-fwdth-lg-100 brz-fsft-lg-0 brz-css-1uwwmtz\" data-generated-css=\"brz-css-ittmg\" data-uniq-id=\"bGp14\"><strong class=\"brz-bold-true\">Roberto Anelli<\/strong> <em class=\"brz-italic-true\">(Gubbio, 2002)<\/em>, laureato in Scienze Storiche e del Patrimonio Culturale all&#8217;Universit\u00e0 di Siena, \u00e8 attivamente impegnato nel settore.<\/p>\n<p class=\"brz-tp-xs-paragraph brz-fsft-xs-0 brz-fwdth-xs-100 brz-vfw-xs-400 brz-lh-xs-1_5 brz-ls-xs-0 brz-fw-xs-300 brz-fss-xs-px brz-fs-xs-14 ql-align-justify brz-fs-sm-15 brz-fss-sm-px brz-fw-sm-400 brz-ls-sm-0 brz-lh-sm-1_5 brz-vfw-sm-400 brz-fwdth-sm-100 brz-fsft-sm-0 brz-tp-sm-paragraph brz-mt-lg-0 brz-tp-lg-empty brz-ff-pH0KaDemT59E brz-ft-upload brz-fs-lg-16 brz-fss-lg-px brz-fw-lg-400 brz-ls-lg-0 brz-lh-lg-1_8 brz-vfw-lg-400 brz-fwdth-lg-100 brz-fsft-lg-0 brz-css-1uwwmtz\" data-generated-css=\"brz-css-xtUV2\" data-uniq-id=\"yrIJx\">Lavora presso il MUAM &#8211; Museo Arti e Mestieri di Gubbio, dove ha ideato il progetto <em class=\"brz-italic-true\">ArcheoLab<\/em>project, which introduces young children to Gubbio\u2019s archaeological heritage through a <em class=\"brz-italic-true\">learning by doing<\/em>approach, combining experimental archaeology and applied arts.<\/p>\n<\/div>\n<\/div>\n<\/div>\n<div id=\"\" class=\"brz-css-d-1wonu5h brz-css-1qs9lx2 brz-wrapper\">\n<div class=\"brz-rich-text brz-rich-text__custom brz-css-d-1ehz5mr brz-css-1955wru\" data-brz-custom-id=\"fUVl8wMQtLou\">\n<div data-brz-translate-text=\"1\">\n<p class=\"brz-fsft-lg-0 brz-fwdth-lg-100 brz-vfw-lg-400 brz-lh-lg-1_8 brz-ls-lg-0 brz-fw-lg-400 brz-fss-lg-px brz-fs-lg-16 brz-ft-upload brz-ff-pH0KaDemT59E brz-tp-lg-empty brz-mt-lg-0 brz-tp-sm-paragraph brz-fsft-sm-0 brz-fwdth-sm-100 brz-vfw-sm-400 brz-lh-sm-1_5 brz-ls-sm-0 brz-fw-sm-400 brz-fss-sm-px brz-fs-sm-15 ql-align-justify brz-fs-xs-14 brz-fss-xs-px brz-fw-xs-300 brz-ls-xs-0 brz-lh-xs-1_5 brz-vfw-xs-400 brz-fwdth-xs-100 brz-fsft-xs-0 brz-tp-xs-paragraph brz-css-1uwwmtz\" data-uniq-id=\"wuRBD\" data-generated-css=\"brz-css-r8_wc\"><a class=\"brz-bold-true link--external\" style=\"color: rgb(0, 0, 0);\" href=\"https:\/\/www.giorgiouberti.com\/\" data-brz-link-type=\"external\" target=\"_blank\" rel=\"noreferrer noopener\"><strong>Giorgio Uberti<\/strong><\/a> <em class=\"brz-italic-true\">(Milan, 1986)<\/em>, laurea triennale in Scienze dei Fenomeni Sociali (2010) e laurea magistrale in Scienze Sociali Applicate (2013) presso l&#8217;Universit\u00e0 Cattolica del Sacro Cuore di Milano. Master di secondo livello in Public History (2016) presso l&#8217;Universit\u00e0 di Modena e Reggio Emilia.<\/p>\n<p class=\"brz-fsft-lg-0 brz-fwdth-lg-100 brz-vfw-lg-400 brz-lh-lg-1_8 brz-ls-lg-0 brz-fw-lg-400 brz-fss-lg-px brz-fs-lg-16 brz-ft-upload brz-ff-pH0KaDemT59E brz-tp-lg-empty brz-mt-lg-0 brz-tp-sm-paragraph brz-fsft-sm-0 brz-fwdth-sm-100 brz-vfw-sm-400 brz-lh-sm-1_5 brz-ls-sm-0 brz-fw-sm-400 brz-fss-sm-px brz-fs-sm-15 ql-align-justify brz-fs-xs-14 brz-fss-xs-px brz-fw-xs-300 brz-ls-xs-0 brz-lh-xs-1_5 brz-vfw-xs-400 brz-fwdth-xs-100 brz-fsft-xs-0 brz-tp-xs-paragraph brz-css-1uwwmtz\" data-uniq-id=\"ybp2d\" data-generated-css=\"brz-css-c4H7s\">He is a freelancer specialising in historical research aimed at the creation and dissemination of cultural content.<\/p>\n<\/div>\n<\/div>\n<\/div>\n<\/div>\n<\/div>\n<div class=\"brz-columns brz-css-d-j7y22h brz-css-1f5peve\" data-brz-custom-id=\"ejd1VGg2sawS\">\n<div class=\"brz-column__items brz-css-d-v5w42e brz-css-69qtlz\">\n<div id=\"\" class=\"brz-css-d-1wonu5h brz-css-t6h0q2 brz-wrapper\">\n<div class=\"brz-image brz-css-d-1kwp24l brz-css-1rybaxn\" data-brz-custom-id=\"vgbWlpwPsImc\"><a class=\"brz-a\" target=\"_blank\" rel=\"noopener noreferrer\" href=\"https:\/\/www.amazon.it\/castello-Caresto-testimone-storia-dellUmbria\/dp\/B0GTV75MPR\" data-brz-link-type=\"external\"><picture class=\"brz-picture brz-d-block brz-p-relative brz-css-d-8qovl1 brz-css-1lvkawd\"><source srcset=\"https:\/\/www.castellodicaresto.it\/wp-content\/uploads\/2026\/05\/Copertina-Libro-Caresto.jpg 1x, https:\/\/www.castellodicaresto.it\/wp-content\/uploads\/2026\/05\/Copertina-Libro-Caresto.jpg 2x\" media=\"(min-width: 992px)\"><source srcset=\"https:\/\/www.castellodicaresto.it\/wp-content\/uploads\/2026\/05\/Copertina-Libro-Caresto.jpg 1x, https:\/\/www.castellodicaresto.it\/wp-content\/uploads\/2026\/05\/Copertina-Libro-Caresto.jpg 2x\" media=\"(min-width: 768px)\"><img decoding=\"async\" class=\"brz-img\" srcset=\"https:\/\/www.castellodicaresto.it\/wp-content\/uploads\/2026\/05\/Copertina-Libro-Caresto.jpg 1x, https:\/\/www.castellodicaresto.it\/wp-content\/uploads\/2026\/05\/Copertina-Libro-Caresto.jpg 2x\" src=\"https:\/\/www.castellodicaresto.it\/wp-content\/uploads\/2026\/05\/Copertina-Libro-Caresto.jpg\" loading=\"lazy\" alt=\"Copertina Libro Caresto Roberto Anelli Giorgio Uberti\" title=\"Copertina Libro Caresto Roberto Anelli Giorgio Uberti\" draggable=\"false\"><\/picture><\/a><\/div>\n<\/div>\n<\/div>\n<\/div>\n<\/div>\n<\/div>\n<\/div>\n<\/div>\n<\/section><\/div>\n<p><!-- version:1784880337 --><\/p>","protected":false},"excerpt":{"rendered":"<p>IL PROGETTO Le premesse ed il libro su Caresto Prefazione istituzionale Vittorio Fiorucci, sindaco di Gubbio Lo studio di un [&hellip;]<\/p>\n","protected":false},"author":2,"featured_media":533,"parent":0,"menu_order":0,"comment_status":"closed","ping_status":"closed","template":"brizy-blank-template.php","meta":{"site-sidebar-layout":"default","site-content-layout":"","ast-site-content-layout":"default","site-content-style":"default","site-sidebar-style":"default","ast-global-header-display":"","ast-banner-title-visibility":"","ast-main-header-display":"","ast-hfb-above-header-display":"","ast-hfb-below-header-display":"","ast-hfb-mobile-header-display":"","site-post-title":"","ast-breadcrumbs-content":"","ast-featured-img":"","footer-sml-layout":"","ast-disable-related-posts":"","theme-transparent-header-meta":"default","adv-header-id-meta":"","stick-header-meta":"","header-above-stick-meta":"","header-main-stick-meta":"","header-below-stick-meta":"","astra-migrate-meta-layouts":"set","ast-page-background-enabled":"default","ast-page-background-meta":{"desktop":{"background-color":"var(--ast-global-color-5)","background-image":"","background-repeat":"repeat","background-position":"center center","background-size":"auto","background-attachment":"scroll","background-type":"","background-media":"","overlay-type":"","overlay-color":"","overlay-opacity":"","overlay-gradient":""},"tablet":{"background-color":"","background-image":"","background-repeat":"repeat","background-position":"center center","background-size":"auto","background-attachment":"scroll","background-type":"","background-media":"","overlay-type":"","overlay-color":"","overlay-opacity":"","overlay-gradient":""},"mobile":{"background-color":"","background-image":"","background-repeat":"repeat","background-position":"center center","background-size":"auto","background-attachment":"scroll","background-type":"","background-media":"","overlay-type":"","overlay-color":"","overlay-opacity":"","overlay-gradient":""}},"ast-content-background-meta":{"desktop":{"background-color":"var(--ast-global-color-4)","background-image":"","background-repeat":"repeat","background-position":"center center","background-size":"auto","background-attachment":"scroll","background-type":"","background-media":"","overlay-type":"","overlay-color":"","overlay-opacity":"","overlay-gradient":""},"tablet":{"background-color":"var(--ast-global-color-4)","background-image":"","background-repeat":"repeat","background-position":"center center","background-size":"auto","background-attachment":"scroll","background-type":"","background-media":"","overlay-type":"","overlay-color":"","overlay-opacity":"","overlay-gradient":""},"mobile":{"background-color":"var(--ast-global-color-4)","background-image":"","background-repeat":"repeat","background-position":"center center","background-size":"auto","background-attachment":"scroll","background-type":"","background-media":"","overlay-type":"","overlay-color":"","overlay-opacity":"","overlay-gradient":""}},"footnotes":"","_wp_rev_ctl_limit":""},"class_list":["post-2295","page","type-page","status-publish","has-post-thumbnail","hentry"],"yoast_head":"<!-- This site is optimized with the Yoast SEO plugin v28.3 - https:\/\/yoast.com\/product\/yoast-seo-wordpress\/ -->\n<title>IL PROGETTO - Castello di Caresto<\/title>\n<meta name=\"description\" content=\"Il cuore dell\u2019Umbria si arricchisce di un progetto ambizioso: la riscoperta e la valorizzazione del Castello di Caresto\" \/>\n<meta name=\"robots\" content=\"index, follow, max-snippet:-1, max-image-preview:large, max-video-preview:-1\" \/>\n<link rel=\"canonical\" href=\"https:\/\/www.castellodicaresto.it\/en\/progetto\/\" \/>\n<meta property=\"og:locale\" content=\"en_GB\" \/>\n<meta property=\"og:type\" content=\"article\" \/>\n<meta property=\"og:title\" content=\"IL PROGETTO - Castello di Caresto\" \/>\n<meta property=\"og:description\" content=\"Il cuore dell\u2019Umbria si arricchisce di un progetto ambizioso: la riscoperta e la valorizzazione del Castello di Caresto\" \/>\n<meta property=\"og:url\" content=\"https:\/\/www.castellodicaresto.it\/en\/progetto\/\" \/>\n<meta property=\"og:site_name\" content=\"Castello di Caresto\" \/>\n<meta property=\"article:modified_time\" content=\"2026-07-24T08:05:37+00:00\" \/>\n<meta property=\"og:image\" content=\"https:\/\/www.castellodicaresto.it\/wp-content\/uploads\/2025\/12\/castello-caresto-tramonto.jpg\" \/>\n\t<meta property=\"og:image:width\" content=\"1920\" \/>\n\t<meta property=\"og:image:height\" content=\"1080\" \/>\n\t<meta property=\"og:image:type\" content=\"image\/jpeg\" \/>\n<meta name=\"twitter:card\" content=\"summary_large_image\" \/>\n<meta name=\"twitter:label1\" content=\"Estimated reading time\" \/>\n\t<meta name=\"twitter:data1\" content=\"8 minutes\" \/>\n<script type=\"application\/ld+json\" class=\"yoast-schema-graph\">{\"@context\":\"https:\\\/\\\/schema.org\",\"@graph\":[{\"@type\":\"WebPage\",\"@id\":\"https:\\\/\\\/www.castellodicaresto.it\\\/progetto\\\/\",\"url\":\"https:\\\/\\\/www.castellodicaresto.it\\\/progetto\\\/\",\"name\":\"IL PROGETTO - Castello di Caresto\",\"isPartOf\":{\"@id\":\"https:\\\/\\\/www.castellodicaresto.it\\\/#website\"},\"primaryImageOfPage\":{\"@id\":\"https:\\\/\\\/www.castellodicaresto.it\\\/progetto\\\/#primaryimage\"},\"image\":{\"@id\":\"https:\\\/\\\/www.castellodicaresto.it\\\/progetto\\\/#primaryimage\"},\"thumbnailUrl\":\"https:\\\/\\\/www.castellodicaresto.it\\\/wp-content\\\/uploads\\\/2025\\\/12\\\/castello-caresto-tramonto.jpg\",\"datePublished\":\"2026-05-06T20:08:25+00:00\",\"dateModified\":\"2026-07-24T08:05:37+00:00\",\"description\":\"Il cuore dell\u2019Umbria si arricchisce di un progetto ambizioso: la riscoperta e la valorizzazione del Castello di Caresto\",\"breadcrumb\":{\"@id\":\"https:\\\/\\\/www.castellodicaresto.it\\\/progetto\\\/#breadcrumb\"},\"inLanguage\":\"en-GB\",\"potentialAction\":[{\"@type\":\"ReadAction\",\"target\":[\"https:\\\/\\\/www.castellodicaresto.it\\\/progetto\\\/\"]}]},{\"@type\":\"ImageObject\",\"inLanguage\":\"en-GB\",\"@id\":\"https:\\\/\\\/www.castellodicaresto.it\\\/progetto\\\/#primaryimage\",\"url\":\"https:\\\/\\\/www.castellodicaresto.it\\\/wp-content\\\/uploads\\\/2025\\\/12\\\/castello-caresto-tramonto.jpg\",\"contentUrl\":\"https:\\\/\\\/www.castellodicaresto.it\\\/wp-content\\\/uploads\\\/2025\\\/12\\\/castello-caresto-tramonto.jpg\",\"width\":1920,\"height\":1080,\"caption\":\"castello di caresto al tramonto\"},{\"@type\":\"BreadcrumbList\",\"@id\":\"https:\\\/\\\/www.castellodicaresto.it\\\/progetto\\\/#breadcrumb\",\"itemListElement\":[{\"@type\":\"ListItem\",\"position\":1,\"name\":\"Home\",\"item\":\"https:\\\/\\\/www.castellodicaresto.it\\\/\"},{\"@type\":\"ListItem\",\"position\":2,\"name\":\"PROGETTO\"}]},{\"@type\":\"WebSite\",\"@id\":\"https:\\\/\\\/www.castellodicaresto.it\\\/#website\",\"url\":\"https:\\\/\\\/www.castellodicaresto.it\\\/\",\"name\":\"Castello di Caresto\",\"description\":\"Sito uffficiale\",\"potentialAction\":[{\"@type\":\"SearchAction\",\"target\":{\"@type\":\"EntryPoint\",\"urlTemplate\":\"https:\\\/\\\/www.castellodicaresto.it\\\/?s={search_term_string}\"},\"query-input\":{\"@type\":\"PropertyValueSpecification\",\"valueRequired\":true,\"valueName\":\"search_term_string\"}}],\"inLanguage\":\"en-GB\"}]}<\/script>\n<!-- \/ Yoast SEO plugin. -->","yoast_head_json":{"title":"IL PROGETTO - Castello di Caresto","description":"Il cuore dell\u2019Umbria si arricchisce di un progetto ambizioso: la riscoperta e la valorizzazione del Castello di Caresto","robots":{"index":"index","follow":"follow","max-snippet":"max-snippet:-1","max-image-preview":"max-image-preview:large","max-video-preview":"max-video-preview:-1"},"canonical":"https:\/\/www.castellodicaresto.it\/en\/progetto\/","og_locale":"en_GB","og_type":"article","og_title":"IL PROGETTO - Castello di Caresto","og_description":"Il cuore dell\u2019Umbria si arricchisce di un progetto ambizioso: la riscoperta e la valorizzazione del Castello di Caresto","og_url":"https:\/\/www.castellodicaresto.it\/en\/progetto\/","og_site_name":"Castello di Caresto","article_modified_time":"2026-07-24T08:05:37+00:00","og_image":[{"width":1920,"height":1080,"url":"https:\/\/www.castellodicaresto.it\/wp-content\/uploads\/2025\/12\/castello-caresto-tramonto.jpg","type":"image\/jpeg"}],"twitter_card":"summary_large_image","twitter_misc":{"Estimated reading time":"8 minutes"},"schema":{"@context":"https:\/\/schema.org","@graph":[{"@type":"WebPage","@id":"https:\/\/www.castellodicaresto.it\/progetto\/","url":"https:\/\/www.castellodicaresto.it\/progetto\/","name":"IL PROGETTO - Castello di Caresto","isPartOf":{"@id":"https:\/\/www.castellodicaresto.it\/#website"},"primaryImageOfPage":{"@id":"https:\/\/www.castellodicaresto.it\/progetto\/#primaryimage"},"image":{"@id":"https:\/\/www.castellodicaresto.it\/progetto\/#primaryimage"},"thumbnailUrl":"https:\/\/www.castellodicaresto.it\/wp-content\/uploads\/2025\/12\/castello-caresto-tramonto.jpg","datePublished":"2026-05-06T20:08:25+00:00","dateModified":"2026-07-24T08:05:37+00:00","description":"Il cuore dell\u2019Umbria si arricchisce di un progetto ambizioso: la riscoperta e la valorizzazione del Castello di Caresto","breadcrumb":{"@id":"https:\/\/www.castellodicaresto.it\/progetto\/#breadcrumb"},"inLanguage":"en-GB","potentialAction":[{"@type":"ReadAction","target":["https:\/\/www.castellodicaresto.it\/progetto\/"]}]},{"@type":"ImageObject","inLanguage":"en-GB","@id":"https:\/\/www.castellodicaresto.it\/progetto\/#primaryimage","url":"https:\/\/www.castellodicaresto.it\/wp-content\/uploads\/2025\/12\/castello-caresto-tramonto.jpg","contentUrl":"https:\/\/www.castellodicaresto.it\/wp-content\/uploads\/2025\/12\/castello-caresto-tramonto.jpg","width":1920,"height":1080,"caption":"castello di caresto al tramonto"},{"@type":"BreadcrumbList","@id":"https:\/\/www.castellodicaresto.it\/progetto\/#breadcrumb","itemListElement":[{"@type":"ListItem","position":1,"name":"Home","item":"https:\/\/www.castellodicaresto.it\/"},{"@type":"ListItem","position":2,"name":"PROGETTO"}]},{"@type":"WebSite","@id":"https:\/\/www.castellodicaresto.it\/#website","url":"https:\/\/www.castellodicaresto.it\/","name":"Caresto Castle","description":"Sito uffficiale","potentialAction":[{"@type":"SearchAction","target":{"@type":"EntryPoint","urlTemplate":"https:\/\/www.castellodicaresto.it\/?s={search_term_string}"},"query-input":{"@type":"PropertyValueSpecification","valueRequired":true,"valueName":"search_term_string"}}],"inLanguage":"en-GB"}]}},"brizy_media":[{"id":19,"url":"https:\/\/www.castellodicaresto.it\/wp-content\/uploads\/2025\/12\/Caresto-Mappa-Antica.jpg","name":"Caresto-Mappa-Antica.jpg","meta":{"brizy_attachment_uid":"wp-71eebb88bce3a68aabeb3d6c7615b15c.jpg","brizy_post_uid":["c7247a28098d4cef24da5d95cea8f794","7ce5ebf17fd13906de03d4a9a94ded76"]}},{"id":509,"url":"https:\/\/www.castellodicaresto.it\/wp-content\/uploads\/2025\/12\/CHIESA_STATUA2.jpg","name":"CHIESA_STATUA2.jpg","meta":{"brizy_attachment_uid":"wp-3178bac4caeae0d02948a1efe0000897.jpg","brizy_post_uid":["7ce5ebf17fd13906de03d4a9a94ded76"]}},{"id":525,"url":"https:\/\/www.castellodicaresto.it\/wp-content\/uploads\/2025\/12\/fiume-chiascio-caresto.jpg","name":"fiume-chiascio-caresto.jpg","meta":{"brizy_attachment_uid":"wp-667c4eb8b5dfe76e2dc0a83b6757d9d7.jpg","brizy_post_uid":["7ce5ebf17fd13906de03d4a9a94ded76"]}},{"id":529,"url":"https:\/\/www.castellodicaresto.it\/wp-content\/uploads\/2025\/12\/LogoCaresto.png","name":"LogoCaresto.png","meta":{"brizy_attachment_uid":"wp-34dba039a860f0e54498d7f4f0e0ed9b.png","brizy_post_uid":["7ce5ebf17fd13906de03d4a9a94ded76","06a08b4489f0cd1aa825bb854e8b0bd1"]}},{"id":533,"url":"https:\/\/www.castellodicaresto.it\/wp-content\/uploads\/2025\/12\/castello-caresto-tramonto.jpg","name":"castello-caresto-tramonto.jpg","meta":{"brizy_attachment_uid":"wp-37dc1fd5714f0fe4a9c2a667fd7bac6e.jpg","brizy_post_uid":["7ce5ebf17fd13906de03d4a9a94ded76"]}},{"id":540,"url":"https:\/\/www.castellodicaresto.it\/wp-content\/uploads\/2025\/12\/castello-caresto.jpg","name":"castello-caresto.jpg","meta":{"brizy_attachment_uid":"wp-87a7858a421a6334d0ec99c16d70a4c7.jpg","brizy_post_uid":["7ce5ebf17fd13906de03d4a9a94ded76"]}},{"id":854,"url":"https:\/\/www.castellodicaresto.it\/wp-content\/uploads\/2026\/03\/Mappa-Georgi-Caresto-1573.jpg","name":"Mappa-Georgi-Caresto-1573.jpg","meta":{"brizy_attachment_uid":"wp-55380d39e6f8bc69d2d78e0423d127aa.jpg","brizy_post_uid":["7ce5ebf17fd13906de03d4a9a94ded76"]}},{"id":998,"url":"https:\/\/www.castellodicaresto.it\/wp-content\/uploads\/2026\/04\/LogoCarestoW.png","name":"LogoCarestoW.png","meta":{"brizy_attachment_uid":"wp-d83e1b012c54b7345aefd19a1ffb4dda.png","brizy_post_uid":["7ce5ebf17fd13906de03d4a9a94ded76","06a08b4489f0cd1aa825bb854e8b0bd1","03ca2963059e14ad8681b9a4cfd47746"]}},{"id":1232,"url":"https:\/\/www.castellodicaresto.it\/wp-content\/uploads\/2026\/04\/Caresto-1768-Catasto.jpg","name":"Caresto-1768-Catasto.jpg","meta":{"brizy_attachment_uid":"wp-e8a8865721790c68eccfcf51cbf9ee6a.jpg","brizy_post_uid":["7ce5ebf17fd13906de03d4a9a94ded76"]}},{"id":1246,"url":"https:\/\/www.castellodicaresto.it\/wp-content\/uploads\/2026\/04\/Caresto-territorio-Giorgio-Uberti.jpg","name":"Caresto-territorio-Giorgio-Uberti.jpg","meta":{"brizy_attachment_uid":"wp-eab2986f74c74144b25f0773d2652b98.jpg","brizy_post_uid":["7ce5ebf17fd13906de03d4a9a94ded76"]}},{"id":1247,"url":"https:\/\/www.castellodicaresto.it\/wp-content\/uploads\/2026\/04\/Villa-Caresto-Giorgio-Uberti.jpg","name":"Villa-Caresto-Giorgio-Uberti.jpg","meta":{"brizy_attachment_uid":"wp-57c08e57976112d4e39277b58a6718ec.jpg","brizy_post_uid":["7ce5ebf17fd13906de03d4a9a94ded76"]}},{"id":1248,"url":"https:\/\/www.castellodicaresto.it\/wp-content\/uploads\/2026\/04\/Caresto-1770-Giorgio-Uberti.jpg","name":"Caresto-1770-Giorgio-Uberti.jpg","meta":{"brizy_attachment_uid":"wp-d514f970d819a76e9f2a869a8da51142.jpg","brizy_post_uid":["7ce5ebf17fd13906de03d4a9a94ded76"]}},{"id":1334,"url":"https:\/\/www.castellodicaresto.it\/wp-content\/uploads\/2026\/04\/Caresto-Intero-2003.jpg","name":"Caresto-Intero-2003.jpg","meta":{"brizy_attachment_uid":"wp-857e33dd2ad7581de6a27bdcf9fdd0ca.jpg","brizy_post_uid":["7ce5ebf17fd13906de03d4a9a94ded76"]}},{"id":1528,"url":"https:\/\/www.castellodicaresto.it\/wp-content\/uploads\/2026\/04\/Caresto-ADS-Fondo-Comunale-1345-Wide.jpg","name":"Caresto-ADS-Fondo-Comunale-1345-Wide.jpg","meta":{"brizy_attachment_uid":"wp-31d94a9bfaa82d7926339dc30130ca5c.jpg","brizy_post_uid":["7ce5ebf17fd13906de03d4a9a94ded76"]}},{"id":1529,"url":"https:\/\/www.castellodicaresto.it\/wp-content\/uploads\/2026\/04\/Caresto-ADS-Fondo-Comunale-1345.jpg","name":"Caresto-ADS-Fondo-Comunale-1345.jpg","meta":{"brizy_attachment_uid":"wp-10ef47a8c8f1154e7535a9c876f0a47e.jpg","brizy_post_uid":["7ce5ebf17fd13906de03d4a9a94ded76"]}},{"id":1539,"url":"https:\/\/www.castellodicaresto.it\/wp-content\/uploads\/2026\/04\/Caresto-ADS-Fondo-Armanni-1312-9.jpg","name":"Caresto-ADS-Fondo-Armanni-1312-9.jpg","meta":{"brizy_attachment_uid":"wp-aa64af44fb9925b535d925d6ea2cf5c4.jpg","brizy_post_uid":["7ce5ebf17fd13906de03d4a9a94ded76"]}},{"id":1590,"url":"https:\/\/www.castellodicaresto.it\/wp-content\/uploads\/2026\/04\/Caresto-ADS-Savelli-1570.jpg","name":"Caresto-ADS-Savelli-1570.jpg","meta":{"brizy_attachment_uid":"wp-6d66e8b66d0bf0d0aa7a6a13547aa311.jpg","brizy_post_uid":["7ce5ebf17fd13906de03d4a9a94ded76"]}},{"id":1666,"url":"https:\/\/www.castellodicaresto.it\/wp-content\/uploads\/2026\/04\/Caresto-Venezia-1582.jpg","name":"Caresto-Venezia-1582.jpg","meta":{"brizy_attachment_uid":"wp-4cd78f9b678ab1b9a3e38b8d261d80b2.jpg","brizy_post_uid":["7ce5ebf17fd13906de03d4a9a94ded76"]}},{"id":1678,"url":"https:\/\/www.castellodicaresto.it\/wp-content\/uploads\/2026\/04\/Caresto-ADS-Carpegna-1635.jpg","name":"Caresto-ADS-Carpegna-1635.jpg","meta":{"brizy_attachment_uid":"wp-ecb637d10474ca04a6f58bd7a17f61e6.jpg","brizy_post_uid":["7ce5ebf17fd13906de03d4a9a94ded76"]}},{"id":1684,"url":"https:\/\/www.castellodicaresto.it\/wp-content\/uploads\/2026\/04\/Caresto-ADS-Monaldi-1642.jpg","name":"Caresto-ADS-Monaldi-1642.jpg","meta":{"brizy_attachment_uid":"wp-e3f73ae0a0ab29841d5130883fb993cc.jpg","brizy_post_uid":["7ce5ebf17fd13906de03d4a9a94ded76"]}},{"id":1709,"url":"https:\/\/www.castellodicaresto.it\/wp-content\/uploads\/2026\/04\/Caresto-ADS-Brogliardo-1766.jpg","name":"Caresto-ADS-Brogliardo-1766.jpg","meta":{"brizy_attachment_uid":"wp-ab207e31e212333f790bc9db9b6d288b.jpg","brizy_post_uid":["7ce5ebf17fd13906de03d4a9a94ded76"]}},{"id":1716,"url":"https:\/\/www.castellodicaresto.it\/wp-content\/uploads\/2026\/04\/Caresto-ADS-Ghelli-1770.jpg","name":"Caresto-ADS-Ghelli-1770.jpg","meta":{"brizy_attachment_uid":"wp-9d30fe193b2180834c8cce093e94e648.jpg","brizy_post_uid":["7ce5ebf17fd13906de03d4a9a94ded76"]}},{"id":1746,"url":"https:\/\/www.castellodicaresto.it\/wp-content\/uploads\/2026\/04\/Caresto-ADS-Pecci-1851.jpg","name":"Caresto-ADS-Pecci-1851.jpg","meta":{"brizy_attachment_uid":"wp-63cccdb57648beabada5fc82c1e4a6a5.jpg","brizy_post_uid":["7ce5ebf17fd13906de03d4a9a94ded76"]}},{"id":1814,"url":"https:\/\/www.castellodicaresto.it\/wp-content\/uploads\/2026\/04\/Gubbio-logo.png","name":"Gubbio-logo.png","meta":{"brizy_attachment_uid":"wp-e600e2049dabdb416f8485165eb378b3.png","brizy_post_uid":["7ce5ebf17fd13906de03d4a9a94ded76"]}},{"id":1855,"url":"https:\/\/www.castellodicaresto.it\/wp-content\/uploads\/2026\/04\/Gubbio.png","name":"Gubbio.png","meta":{"brizy_attachment_uid":"wp-5383c15615a74b694d8dd3e33ec2eded.png","brizy_post_uid":["7ce5ebf17fd13906de03d4a9a94ded76"]}},{"id":2119,"url":"https:\/\/www.castellodicaresto.it\/wp-content\/uploads\/2026\/04\/Taxus-baccata.jpg","name":"Taxus-baccata.jpg","meta":{"brizy_attachment_uid":"wp-bc74f803cc760f3d1c97ddcf5c236f12.jpg","brizy_post_uid":["7ce5ebf17fd13906de03d4a9a94ded76"]}},{"id":2120,"url":"https:\/\/www.castellodicaresto.it\/wp-content\/uploads\/2026\/04\/Templari.jpg","name":"Templari.jpg","meta":{"brizy_attachment_uid":"wp-7ddb5966dee302d8587da4beb70fd00e.jpg","brizy_post_uid":["7ce5ebf17fd13906de03d4a9a94ded76"]}},{"id":2121,"url":"https:\/\/www.castellodicaresto.it\/wp-content\/uploads\/2026\/04\/Vello.jpg","name":"Vello.jpg","meta":{"brizy_attachment_uid":"wp-b1184565361502bdd44b79be2ea31778.jpg","brizy_post_uid":["7ce5ebf17fd13906de03d4a9a94ded76"]}},{"id":2122,"url":"https:\/\/www.castellodicaresto.it\/wp-content\/uploads\/2026\/04\/Liguri.jpg","name":"Liguri.jpg","meta":{"brizy_attachment_uid":"wp-ac07a2387712c0f7ffee9d9515e599cc.jpg","brizy_post_uid":["7ce5ebf17fd13906de03d4a9a94ded76"]}},{"id":2167,"url":"https:\/\/www.castellodicaresto.it\/wp-content\/uploads\/2026\/04\/Caresto-gallerie.jpg","name":"Caresto-gallerie.jpg","meta":{"brizy_attachment_uid":"wp-c1d13211e619187fc222e26e0336a938.jpg","brizy_post_uid":["7ce5ebf17fd13906de03d4a9a94ded76"]}},{"id":2354,"url":"https:\/\/www.castellodicaresto.it\/wp-content\/uploads\/2026\/05\/CHIESA_CAMPANILE.jpg","name":"CHIESA_CAMPANILE.jpg","meta":{"brizy_attachment_uid":"wp-565b0a201585aa6a8f1fa71881c7c06e.jpg","brizy_post_uid":["7ce5ebf17fd13906de03d4a9a94ded76"]}},{"id":2498,"url":"https:\/\/www.castellodicaresto.it\/wp-content\/uploads\/2026\/05\/Italia-longobarda-616.jpg","name":"Italia-longobarda-616.jpg","meta":{"brizy_attachment_uid":"wp-7357ecab8675045f721a88dd577a6c6d.jpg","brizy_post_uid":["7ce5ebf17fd13906de03d4a9a94ded76"]}},{"id":2499,"url":"https:\/\/www.castellodicaresto.it\/wp-content\/uploads\/2026\/05\/Dopo-la-pace-di-Lodi-1454.jpg","name":"Dopo-la-pace-di-Lodi-1454.jpg","meta":{"brizy_attachment_uid":"wp-ca4c71ff794d6ab84aabcc5ba97ae0c1.jpg","brizy_post_uid":["7ce5ebf17fd13906de03d4a9a94ded76"]}},{"id":2500,"url":"https:\/\/www.castellodicaresto.it\/wp-content\/uploads\/2026\/05\/Divisione-amministrativa-1812.jpg","name":"Divisione-amministrativa-1812.jpg","meta":{"brizy_attachment_uid":"wp-552957bc21964229c0cc040544afdafb.jpg","brizy_post_uid":["7ce5ebf17fd13906de03d4a9a94ded76"]}},{"id":2842,"url":"https:\/\/www.castellodicaresto.it\/wp-content\/uploads\/2026\/05\/Casa-Caresto.jpg","name":"Casa-Caresto.jpg","meta":{"brizy_attachment_uid":"wp-5eec8b91f3ee9b3ef8b2496236c2a5c9.jpg","brizy_post_uid":["7ce5ebf17fd13906de03d4a9a94ded76"]}},{"id":2843,"url":"https:\/\/www.castellodicaresto.it\/wp-content\/uploads\/2026\/05\/Cassero-Caresto-2.jpg","name":"Cassero-Caresto-2.jpg","meta":{"brizy_attachment_uid":"wp-0a1cf505715b4abd4ed36ad1514f8336.jpg","brizy_post_uid":["7ce5ebf17fd13906de03d4a9a94ded76"]}},{"id":2844,"url":"https:\/\/www.castellodicaresto.it\/wp-content\/uploads\/2026\/05\/Cassero-Caresto.jpg","name":"Cassero-Caresto.jpg","meta":{"brizy_attachment_uid":"wp-174330d29eb2b4f0d4e65ed9a94b89d5.jpg","brizy_post_uid":["7ce5ebf17fd13906de03d4a9a94ded76"]}},{"id":2845,"url":"https:\/\/www.castellodicaresto.it\/wp-content\/uploads\/2026\/05\/Chiesa-Caresto.jpg","name":"Chiesa-Caresto.jpg","meta":{"brizy_attachment_uid":"wp-a5f2c21bcdba65b5f14e33c660e716a3.jpg","brizy_post_uid":["7ce5ebf17fd13906de03d4a9a94ded76"]}},{"id":2846,"url":"https:\/\/www.castellodicaresto.it\/wp-content\/uploads\/2026\/05\/Forno-Caresto.jpg","name":"Forno-Caresto.jpg","meta":{"brizy_attachment_uid":"wp-c07e435ccb1aed5ef1a718083ed588a0.jpg","brizy_post_uid":["7ce5ebf17fd13906de03d4a9a94ded76"]}},{"id":2847,"url":"https:\/\/www.castellodicaresto.it\/wp-content\/uploads\/2026\/05\/Fosse-Caresto.jpg","name":"Fosse-Caresto.jpg","meta":{"brizy_attachment_uid":"wp-8d5b0f684058202603a09010dc1e379c.jpg","brizy_post_uid":["7ce5ebf17fd13906de03d4a9a94ded76"]}},{"id":2848,"url":"https:\/\/www.castellodicaresto.it\/wp-content\/uploads\/2026\/05\/Mura-Caresto.jpg","name":"Mura-Caresto.jpg","meta":{"brizy_attachment_uid":"wp-7f7355a1c6969e25792db2601bb6dbb8.jpg","brizy_post_uid":["7ce5ebf17fd13906de03d4a9a94ded76"]}},{"id":2849,"url":"https:\/\/www.castellodicaresto.it\/wp-content\/uploads\/2026\/05\/Statue-Caresto.jpg","name":"Statue-Caresto.jpg","meta":{"brizy_attachment_uid":"wp-77edd3338be355dd83a3aa09d7ccaadd.jpg","brizy_post_uid":["7ce5ebf17fd13906de03d4a9a94ded76"]}},{"id":2850,"url":"https:\/\/www.castellodicaresto.it\/wp-content\/uploads\/2026\/05\/Totale-Castello-Caresto.jpg","name":"Totale-Castello-Caresto.jpg","meta":{"brizy_attachment_uid":"wp-4e16bb7d6522b846c28a30a61d35ed22.jpg","brizy_post_uid":["7ce5ebf17fd13906de03d4a9a94ded76"]}},{"id":2927,"url":"https:\/\/www.castellodicaresto.it\/wp-content\/uploads\/2026\/05\/Valle-Chiascio.jpg","name":"Valle-Chiascio.jpg","meta":{"brizy_attachment_uid":"wp-cd212de333936051c0384a9220095ba7.jpg","brizy_post_uid":["7ce5ebf17fd13906de03d4a9a94ded76"]}},{"id":2993,"url":"https:\/\/www.castellodicaresto.it\/wp-content\/uploads\/2026\/05\/Campanile-Caresto.jpg","name":"Campanile-Caresto.jpg","meta":{"brizy_attachment_uid":"wp-2d7ac7faba10a5087651b0596ddfe81b.jpg","brizy_post_uid":["7ce5ebf17fd13906de03d4a9a94ded76"]}},{"id":3138,"url":"https:\/\/www.castellodicaresto.it\/wp-content\/uploads\/2026\/05\/Cassero-Caresto-IGM.jpg","name":"Cassero-Caresto-IGM.jpg","meta":{"brizy_attachment_uid":"wp-94a0ebbadedc73cf53c05a91f7e8f88f.jpg","brizy_post_uid":["7ce5ebf17fd13906de03d4a9a94ded76"]}},{"id":3164,"url":"https:\/\/www.castellodicaresto.it\/wp-content\/uploads\/2026\/05\/Capriate-Caresto-2003.jpg","name":"Capriate-Caresto-2003.jpg","meta":{"brizy_attachment_uid":"wp-3cb1e57df09ea0a86a41d7ffc5eb7776.jpg","brizy_post_uid":["7ce5ebf17fd13906de03d4a9a94ded76"]}},{"id":3165,"url":"https:\/\/www.castellodicaresto.it\/wp-content\/uploads\/2026\/05\/Affresco-Caresto-2003.jpg","name":"Affresco-Caresto-2003.jpg","meta":{"brizy_attachment_uid":"wp-84cdd2ad18919f7ac95bf950e312939a.jpg","brizy_post_uid":["7ce5ebf17fd13906de03d4a9a94ded76"]}},{"id":3166,"url":"https:\/\/www.castellodicaresto.it\/wp-content\/uploads\/2026\/05\/Casa-Curato-Caresto-2003.jpg","name":"Casa-Curato-Caresto-2003.jpg","meta":{"brizy_attachment_uid":"wp-aaa71cf8c509f1b08f7b101623455d34.jpg","brizy_post_uid":["7ce5ebf17fd13906de03d4a9a94ded76"]}},{"id":3167,"url":"https:\/\/www.castellodicaresto.it\/wp-content\/uploads\/2026\/05\/Castello-Intero-Caresto.jpg","name":"Castello-Intero-Caresto.jpg","meta":{"brizy_attachment_uid":"wp-dc68f3f1d054122afd946066d2ef3a7e.jpg","brizy_post_uid":["7ce5ebf17fd13906de03d4a9a94ded76"]}},{"id":3168,"url":"https:\/\/www.castellodicaresto.it\/wp-content\/uploads\/2026\/05\/Interno-Chiesa-Caresto-2003.jpg","name":"Interno-Chiesa-Caresto-2003.jpg","meta":{"brizy_attachment_uid":"wp-94393570b82d11f4be9866460064932d.jpg","brizy_post_uid":["7ce5ebf17fd13906de03d4a9a94ded76"]}},{"id":3169,"url":"https:\/\/www.castellodicaresto.it\/wp-content\/uploads\/2026\/05\/Casa-Curato-Caresto-2003-bis.jpg","name":"Casa-Curato-Caresto-2003-bis.jpg","meta":{"brizy_attachment_uid":"wp-97a7c4e631ee766b74cd00f6b99e006b.jpg","brizy_post_uid":["7ce5ebf17fd13906de03d4a9a94ded76"]}},{"id":3170,"url":"https:\/\/www.castellodicaresto.it\/wp-content\/uploads\/2026\/05\/Cassero-Caresto-3.jpg","name":"Cassero-Caresto-3.jpg","meta":{"brizy_attachment_uid":"wp-df2af021c0aef932e4249ea9a3fed3dc.jpg","brizy_post_uid":["7ce5ebf17fd13906de03d4a9a94ded76"]}},{"id":4150,"url":"https:\/\/www.castellodicaresto.it\/wp-content\/uploads\/2025\/12\/cropped-LogoCaresto.png","name":"cropped-LogoCaresto.png","meta":{"brizy_attachment_uid":"wp-dc875b075c1bfb30fcef5f26fae4439b.png","brizy_post_uid":["03ca2963059e14ad8681b9a4cfd47746","7ce5ebf17fd13906de03d4a9a94ded76"]}},{"id":4167,"url":"https:\/\/www.castellodicaresto.it\/wp-content\/uploads\/2026\/05\/Copertina-Libro-Caresto.jpg","name":"Copertina-Libro-Caresto.jpg","meta":{"brizy_attachment_uid":"wp-8294bd674d0efeea67b6fdc768cafee1.jpg","brizy_post_uid":["7ce5ebf17fd13906de03d4a9a94ded76"]}}],"_links":{"self":[{"href":"https:\/\/www.castellodicaresto.it\/en\/wp-json\/wp\/v2\/pages\/2295","targetHints":{"allow":["GET"]}}],"collection":[{"href":"https:\/\/www.castellodicaresto.it\/en\/wp-json\/wp\/v2\/pages"}],"about":[{"href":"https:\/\/www.castellodicaresto.it\/en\/wp-json\/wp\/v2\/types\/page"}],"author":[{"embeddable":true,"href":"https:\/\/www.castellodicaresto.it\/en\/wp-json\/wp\/v2\/users\/2"}],"replies":[{"embeddable":true,"href":"https:\/\/www.castellodicaresto.it\/en\/wp-json\/wp\/v2\/comments?post=2295"}],"version-history":[{"count":5,"href":"https:\/\/www.castellodicaresto.it\/en\/wp-json\/wp\/v2\/pages\/2295\/revisions"}],"predecessor-version":[{"id":4913,"href":"https:\/\/www.castellodicaresto.it\/en\/wp-json\/wp\/v2\/pages\/2295\/revisions\/4913"}],"wp:featuredmedia":[{"embeddable":true,"href":"https:\/\/www.castellodicaresto.it\/en\/wp-json\/wp\/v2\/media\/533"}],"wp:attachment":[{"href":"https:\/\/www.castellodicaresto.it\/en\/wp-json\/wp\/v2\/media?parent=2295"}],"curies":[{"name":"wp","href":"https:\/\/api.w.org\/{rel}","templated":true}]}}